{"id":20168,"date":"2023-04-11T17:25:35","date_gmt":"2023-04-11T15:25:35","guid":{"rendered":"https:\/\/design.awards.verallia.fr\/?page_id=20168"},"modified":"2024-07-15T11:26:31","modified_gmt":"2024-07-15T09:26:31","slug":"press-room","status":"publish","type":"page","link":"https:\/\/design.awards.verallia.fr\/en\/press-room\/","title":{"rendered":"Press room"},"content":{"rendered":"\t\t<div data-elementor-type=\"wp-page\" data-elementor-id=\"20168\" class=\"elementor elementor-20168 elementor-53\" data-elementor-post-type=\"page\">\n\t\t\t\t<div class=\"elementor-element elementor-element-c5462ea e-flex e-con-boxed e-con e-parent\" data-id=\"c5462ea\" data-element_type=\"container\" data-e-type=\"container\" data-settings=\"{&quot;background_background&quot;:&quot;classic&quot;}\">\n\t\t\t\t\t<div class=\"e-con-inner\">\n\t\t\t\t<div class=\"elementor-element elementor-element-8348726 elementor-widget elementor-widget-heading\" data-id=\"8348726\" data-element_type=\"widget\" data-e-type=\"widget\" data-widget_type=\"heading.default\">\n\t\t\t\t<div class=\"elementor-widget-container\">\n\t\t\t\t\t<h2 class=\"elementor-heading-title elementor-size-default\">Press room<\/h2>\t\t\t\t<\/div>\n\t\t\t\t<\/div>\n\t\t<div class=\"elementor-element elementor-element-38b3c4f e-flex e-con-boxed e-con e-parent\" data-id=\"38b3c4f\" data-element_type=\"container\" data-e-type=\"container\">\n\t\t\t\t\t<div class=\"e-con-inner\">\n\t\t\t\t<div class=\"elementor-element elementor-element-63eed9b elementor-widget__width-initial elementor-widget elementor-widget-image\" data-id=\"63eed9b\" data-element_type=\"widget\" data-e-type=\"widget\" data-widget_type=\"image.default\">\n\t\t\t\t<div class=\"elementor-widget-container\">\n\t\t\t\t\t\t\t\t\t\t\t\t\t\t\t<img decoding=\"async\" src=\"https:\/\/design.awards.verallia.fr\/wp-content\/uploads\/2024\/07\/reserve-1.png\" title=\"\" alt=\"agence de presse Verallia Design Awards\" loading=\"lazy\" \/>\t\t\t\t\t\t\t\t\t\t\t\t\t\t\t<\/div>\n\t\t\t\t<\/div>\n\t\t<div class=\"elementor-element elementor-element-3efe1cc e-flex e-con-boxed e-con e-parent\" data-id=\"3efe1cc\" data-element_type=\"container\" data-e-type=\"container\">\n\t\t\t\t\t<div class=\"e-con-inner\">\n\t\t\t\t<div class=\"elementor-element elementor-element-8aa5c9a elementor-widget elementor-widget-heading\" data-id=\"8aa5c9a\" data-element_type=\"widget\" data-e-type=\"widget\" data-widget_type=\"heading.default\">\n\t\t\t\t<div class=\"elementor-widget-container\">\n\t\t\t\t\t<h2 class=\"elementor-heading-title elementor-size-default\">Agence Comfluence<\/h2>\t\t\t\t<\/div>\n\t\t\t\t<\/div>\n\t\t\t\t<div class=\"elementor-element elementor-element-c28b62e elementor-widget elementor-widget-text-editor\" data-id=\"c28b62e\" data-element_type=\"widget\" data-e-type=\"widget\" data-widget_type=\"text-editor.default\">\n\t\t\t\t<div class=\"elementor-widget-container\">\n\t\t\t\t\t\t\t\t\t<p><strong>Sara Natij &amp; Laurie Dambrine<\/strong><\/p><p>17 boulevard Malesherbes, 75008 Paris<\/p><p>verallia@comfluence.fr<\/p><p>07 68 68 83 22<\/p>\t\t\t\t\t\t\t\t<\/div>\n\t\t\t\t<\/div>\n\t\t\t\t\t<\/div>\n\t\t\t\t<\/div>\n\t\t\t\t\t<\/div>\n\t\t\t\t<\/div>\n\t\t\t\t\t<\/div>\n\t\t\t\t<\/div>\n\t\t<div class=\"elementor-element elementor-element-c8351d2 e-flex e-con-boxed e-con e-parent\" data-id=\"c8351d2\" data-element_type=\"container\" data-e-type=\"container\">\n\t\t\t\t\t<div class=\"e-con-inner\">\n\t\t\t\t<div class=\"elementor-element elementor-element-2a1fb0f elementor-widget elementor-widget-heading\" data-id=\"2a1fb0f\" data-element_type=\"widget\" data-e-type=\"widget\" data-widget_type=\"heading.default\">\n\t\t\t\t<div class=\"elementor-widget-container\">\n\t\t\t\t\t<h2 class=\"elementor-heading-title elementor-size-default\">Press releases<\/h2>\t\t\t\t<\/div>\n\t\t\t\t<\/div>\n\t\t\t\t<div class=\"elementor-element elementor-element-f8438e3 elementor-widget elementor-widget-ucaddon_post_grid\" data-id=\"f8438e3\" data-element_type=\"widget\" data-e-type=\"widget\" data-widget_type=\"ucaddon_post_grid.default\">\n\t\t\t\t<div class=\"elementor-widget-container\">\n\t\t\t\t\t\n<!-- start Post Grid -->\n\t\t<link id='font-awesome-css' href='https:\/\/design.awards.verallia.fr\/wp-content\/plugins\/unlimited-elements-for-elementor-premium\/assets_libraries\/font-awesome6\/fontawesome-all.min.css' type='text\/css' rel='stylesheet' >\n\t\t<link id='font-awesome-4-shim-css' href='https:\/\/design.awards.verallia.fr\/wp-content\/plugins\/unlimited-elements-for-elementor-premium\/assets_libraries\/font-awesome6\/fontawesome-v4-shims.min.css' type='text\/css' rel='stylesheet' >\n\n<style>\/* widget: Post Grid *\/\n\n\n\n#uc_post_grid_elementor_f8438e3.uc_post_grid_style_one .uc_post_grid_style_one_wrap {\n   display:grid;\n}\n\n\n\n#uc_post_grid_elementor_f8438e3 .uc_post_grid_style_one_item\n{\n  overflow:hidden;\n  position:relative;\n}\n\n#uc_post_grid_elementor_f8438e3 .uc_post_image\n{\n  transition:0.3s;\n  position:relative;\n  overflow:hidden;\n}\n\n#uc_post_grid_elementor_f8438e3 .uc_post_image img\n{\n  width:100%;\n  display:block;\n  transition:0.3s;\n}\n\n\n\t#uc_post_grid_elementor_f8438e3 .ue-item:hover .uc_post_image img\n    {\n      transform:scale(1.1,1.1);\n    }\n\t\n\n\n\n\n\n\n#uc_post_grid_elementor_f8438e3 .uc_post_image_overlay\n{\n  position:absolute;\n  top:0px;\n  left:0px;\n  height:100%;\n  width:100%;\n  transition:0.3s;\n}\n\n#uc_post_grid_elementor_f8438e3 .uc_more_btn{\n\n  display:inline-block;\n  text-align:center;\n  text-decoration:none;\n  transition:0.3s;\n}\n\n.ue-grid-item-category a\n{\n  display:inline-block;\n  font-size:10px;\n  \n}\n\n.uc_post_title\n{\n  font-size:21px;\n}\n\n\n#uc_post_grid_elementor_f8438e3 .ue_post_grid_item\n{\n  display:flex;\n  flex-direction:column;\n}\n\n#uc_post_grid_elementor_f8438e3.uc_post_grid_style_one .uc_content{\n flex-grow:1;\n}\n\n#uc_post_grid_elementor_f8438e3.uc_post_grid_style_one .uc_content > div\n{\n  height:100%;\n  display:flex;\n  flex-direction:column;\n}\n\n#uc_post_grid_elementor_f8438e3 .uc_post_button\n{\n  margin-top:auto;\n}\n\n\n\n\n\n\n\n\n\n\n\n\n\n\n\n\n\n\n\n\n\n\n\n\n#uc_post_grid_elementor_f8438e3 .ue-meta-data\n{\n  \n  display:flex;\n\n  flex-wrap: wrap;\n  line-height:1em;\n}\n\n#uc_post_grid_elementor_f8438e3 .ue-grid-item-meta-data\n{\n      display:inline-flex;\n      align-items:center;\n}\n\n#uc_post_grid_elementor_f8438e3 .ue-grid-item-meta-data a{\n  color:inherit;\n}\n\n.ue-grid-item-meta-data\n{\n  font-size:12px;\n}\n\n#uc_post_grid_elementor_f8438e3 .ue-grid-item-meta-data-icon\n{\n  line-height:1em;\n}\n\n#uc_post_grid_elementor_f8438e3 .ue-grid-item-meta-data-icon svg\n{\n  width:1em;\n  height:1em;\n}\n\n#uc_post_grid_elementor_f8438e3 .ue-debug-meta\n{\n  padding:10px;\n  border:1px solid red;\n  position:relative;\n  line-height:1.5em;\n  font-size:11px;\n  width:100%;\n}\n\n<\/style>\n\n<div class=\"uc_post_grid_style_one uc-filterable-grid \" id=\"uc_post_grid_elementor_f8438e3\"  data-ajax='true'  data-filterbehave='ajax'  querydata='{&quot;count_posts&quot;:6,&quot;total_posts&quot;:10,&quot;page&quot;:1,&quot;num_pages&quot;:2}' >\n\t\t<div class=\"uc_post_grid_style_one_wrap ue_post_grid uc-items-wrapper\">\n\t\t\t<div class=\"uc_post_grid_style_one_item ue_post_grid_item ue-item \">\n  \n   <a class=\"uc_post_grid_style_one_image\" href=\"https:\/\/design.awards.verallia.fr\/en\/communique\/the-boldness-of-glass-design-celebrated-with-our-2025-winners\/\" target=\"_self\">\n   <div class=\"uc_post_image\">\n   <img decoding=\"async\" src=\"https:\/\/design.awards.verallia.fr\/wp-content\/plugins\/elementor\/assets\/images\/placeholder.png\" >\n   <div class=\"uc_post_image_overlay\"><\/div>\n   <\/div>\n  <\/a>\n   \n <div class=\"uc_content\">\n    <div>\n      \n           \n    \n  \n      \n      \n    <div class=\"uc_post_title\"><a href=\"https:\/\/design.awards.verallia.fr\/en\/communique\/the-boldness-of-glass-design-celebrated-with-our-2025-winners\/\" target=\"_self\"><div>The boldness of glass design celebrated with our 2025 winners<\/div><\/a><\/div>\t\n    \n     \n     \n          <div class=\"ue-meta-data\">\n            <div class=\"ue-grid-item-meta-data\"><span class=\"ue-grid-item-meta-data-icon\"><i class=''><\/i><\/span>  01\/07\/2025<\/div>            \n                        \n        \n\t\t\t\n\n\n            \n                        \n                        \n                        \n                        \n            \t\t\t\n              \n            \n          <\/div>\n     \n      \n      \n      \n     <div class=\"uc_post_text\">For the 16th edition of the Verallia Design Awards, students tackled the theme\u00a0Funky and Committed Glass\u2014a...<\/div>    <div class=\"uc_post_button\"><a class=\"uc_more_btn \" href=\"https:\/\/design.awards.verallia.fr\/en\/communique\/the-boldness-of-glass-design-celebrated-with-our-2025-winners\/\" target=\"_self\" href='https:\/\/design.awards.verallia.fr\/en\/communique\/the-boldness-of-glass-design-celebrated-with-our-2025-winners\/'>Read more<\/a><\/div> \t<\/div>\n  <\/div>\n<\/div>\n<div class=\"uc_post_grid_style_one_item ue_post_grid_item ue-item \">\n  \n   <a class=\"uc_post_grid_style_one_image\" href=\"https:\/\/design.awards.verallia.fr\/en\/communique\/verallia-design-awards-2025-funky-and-committed-glass-in-the-service-of-sustainability\/\" target=\"_self\">\n   <div class=\"uc_post_image\">\n   <img decoding=\"async\" src=\"https:\/\/design.awards.verallia.fr\/wp-content\/plugins\/elementor\/assets\/images\/placeholder.png\" >\n   <div class=\"uc_post_image_overlay\"><\/div>\n   <\/div>\n  <\/a>\n   \n <div class=\"uc_content\">\n    <div>\n      \n           \n    \n  \n      \n      \n    <div class=\"uc_post_title\"><a href=\"https:\/\/design.awards.verallia.fr\/en\/communique\/verallia-design-awards-2025-funky-and-committed-glass-in-the-service-of-sustainability\/\" target=\"_self\"><div>Verallia Design Awards 2025: Funky and committed glass in the service of sustainability.<\/div><\/a><\/div>\t\n    \n     \n     \n          <div class=\"ue-meta-data\">\n            <div class=\"ue-grid-item-meta-data\"><span class=\"ue-grid-item-meta-data-icon\"><i class=''><\/i><\/span>  06\/02\/2025<\/div>            \n                        \n        \n\t\t\t\n\n\n            \n                        \n                        \n                        \n                        \n            \t\t\t\n              \n            \n          <\/div>\n     \n      \n      \n      \n     <div class=\"uc_post_text\">Verallia France unveils the 16th edition of the Verallia Design Awards, under the sponsorship of the...<\/div>    <div class=\"uc_post_button\"><a class=\"uc_more_btn \" href=\"https:\/\/design.awards.verallia.fr\/en\/communique\/verallia-design-awards-2025-funky-and-committed-glass-in-the-service-of-sustainability\/\" target=\"_self\" href='https:\/\/design.awards.verallia.fr\/en\/communique\/verallia-design-awards-2025-funky-and-committed-glass-in-the-service-of-sustainability\/'>Read more<\/a><\/div> \t<\/div>\n  <\/div>\n<\/div>\n<div class=\"uc_post_grid_style_one_item ue_post_grid_item ue-item \">\n  \n   <a class=\"uc_post_grid_style_one_image\" href=\"https:\/\/design.awards.verallia.fr\/en\/communique\/congratulations-to-the-winners-of-the-verallia-design-awards-2024\/\" target=\"_self\">\n   <div class=\"uc_post_image\">\n   <img decoding=\"async\" src=\"https:\/\/design.awards.verallia.fr\/wp-content\/plugins\/elementor\/assets\/images\/placeholder.png\" >\n   <div class=\"uc_post_image_overlay\"><\/div>\n   <\/div>\n  <\/a>\n   \n <div class=\"uc_content\">\n    <div>\n      \n           \n    \n  \n      \n      \n    <div class=\"uc_post_title\"><a href=\"https:\/\/design.awards.verallia.fr\/en\/communique\/congratulations-to-the-winners-of-the-verallia-design-awards-2024\/\" target=\"_self\"><div>Congratulations to the Winners of the Verallia Design Awards 2024<\/div><\/a><\/div>\t\n    \n     \n     \n          <div class=\"ue-meta-data\">\n            <div class=\"ue-grid-item-meta-data\"><span class=\"ue-grid-item-meta-data-icon\"><i class=''><\/i><\/span>  02\/07\/2024<\/div>            \n                        \n        \n\t\t\t\n\n\n            \n                        \n                        \n                        \n                        \n            \t\t\t\n              \n            \n          <\/div>\n     \n      \n      \n      \n     <div class=\"uc_post_text\">On the occasion of the 15th edition of the Verallia Design Awards, 60 projects were selected from 240...<\/div>    <div class=\"uc_post_button\"><a class=\"uc_more_btn \" href=\"https:\/\/design.awards.verallia.fr\/en\/communique\/congratulations-to-the-winners-of-the-verallia-design-awards-2024\/\" target=\"_self\" href='https:\/\/design.awards.verallia.fr\/en\/communique\/congratulations-to-the-winners-of-the-verallia-design-awards-2024\/'>Read more<\/a><\/div> \t<\/div>\n  <\/div>\n<\/div>\n<div class=\"uc_post_grid_style_one_item ue_post_grid_item ue-item \">\n  \n   <a class=\"uc_post_grid_style_one_image\" href=\"https:\/\/design.awards.verallia.fr\/en\/communique\/verallia-design-awards-2024-reinventing-glass-between-tradition-and-modernity\/\" target=\"_self\">\n   <div class=\"uc_post_image\">\n   <img decoding=\"async\" src=\"https:\/\/design.awards.verallia.fr\/wp-content\/plugins\/elementor\/assets\/images\/placeholder.png\" >\n   <div class=\"uc_post_image_overlay\"><\/div>\n   <\/div>\n  <\/a>\n   \n <div class=\"uc_content\">\n    <div>\n      \n           \n    \n  \n      \n      \n    <div class=\"uc_post_title\"><a href=\"https:\/\/design.awards.verallia.fr\/en\/communique\/verallia-design-awards-2024-reinventing-glass-between-tradition-and-modernity\/\" target=\"_self\"><div>Verallia Design Awards 2024: Reinventing Glass Between Tradition and Modernity<\/div><\/a><\/div>\t\n    \n     \n     \n          <div class=\"ue-meta-data\">\n            <div class=\"ue-grid-item-meta-data\"><span class=\"ue-grid-item-meta-data-icon\"><i class=''><\/i><\/span>  13\/02\/2024<\/div>            \n                        \n        \n\t\t\t\n\n\n            \n                        \n                        \n                        \n                        \n            \t\t\t\n              \n            \n          <\/div>\n     \n      \n      \n      \n     <div class=\"uc_post_text\">Verallia France enthusiastically announces the 15th edition of the Verallia Design Awards, a glass design...<\/div>    <div class=\"uc_post_button\"><a class=\"uc_more_btn \" href=\"https:\/\/design.awards.verallia.fr\/en\/communique\/verallia-design-awards-2024-reinventing-glass-between-tradition-and-modernity\/\" target=\"_self\" href='https:\/\/design.awards.verallia.fr\/en\/communique\/verallia-design-awards-2024-reinventing-glass-between-tradition-and-modernity\/'>Read more<\/a><\/div> \t<\/div>\n  <\/div>\n<\/div>\n<div class=\"uc_post_grid_style_one_item ue_post_grid_item ue-item \">\n  \n   <a class=\"uc_post_grid_style_one_image\" href=\"https:\/\/design.awards.verallia.fr\/en\/communique\/14th-verallia-design-awards-prize-giving-ceremony\/\" target=\"_self\">\n   <div class=\"uc_post_image\">\n   <img fetchpriority=\"high\" decoding=\"async\" src=\"https:\/\/design.awards.verallia.fr\/wp-content\/uploads\/2023\/08\/prix2023designvda.png\"  src=\"https:\/\/design.awards.verallia.fr\/wp-content\/uploads\/2023\/08\/prix2023designvda.png\" alt=\"Prix2023designVDA\" width=\"571\" height=\"530\">\n   <div class=\"uc_post_image_overlay\"><\/div>\n   <\/div>\n  <\/a>\n   \n <div class=\"uc_content\">\n    <div>\n      \n           \n    \n  \n      \n      \n    <div class=\"uc_post_title\"><a href=\"https:\/\/design.awards.verallia.fr\/en\/communique\/14th-verallia-design-awards-prize-giving-ceremony\/\" target=\"_self\"><div>14th Verallia Design Awards prize-giving ceremony<\/div><\/a><\/div>\t\n    \n     \n     \n          <div class=\"ue-meta-data\">\n            <div class=\"ue-grid-item-meta-data\"><span class=\"ue-grid-item-meta-data-icon\"><i class=''><\/i><\/span>  17\/08\/2023<\/div>            \n                        \n        \n\t\t\t\n\n\n            \n                        \n                        \n                        \n                        \n            \t\t\t\n              \n            \n          <\/div>\n     \n      \n      \n      \n     <div class=\"uc_post_text\">Verallia unveils the 6 projects rewarded in the 14th edition.<\/div>    <div class=\"uc_post_button\"><a class=\"uc_more_btn \" href=\"https:\/\/design.awards.verallia.fr\/en\/communique\/14th-verallia-design-awards-prize-giving-ceremony\/\" target=\"_self\" href='https:\/\/design.awards.verallia.fr\/en\/communique\/14th-verallia-design-awards-prize-giving-ceremony\/'>Read more<\/a><\/div> \t<\/div>\n  <\/div>\n<\/div>\n<div class=\"uc_post_grid_style_one_item ue_post_grid_item ue-item \">\n  \n   <a class=\"uc_post_grid_style_one_image\" href=\"https:\/\/design.awards.verallia.fr\/en\/communique\/the-2023-edition-explores-the-experience-offered-by-glass-to-live-the-moment-to-the-full\/\" target=\"_self\">\n   <div class=\"uc_post_image\">\n   <img decoding=\"async\" src=\"https:\/\/design.awards.verallia.fr\/wp-content\/uploads\/2022\/12\/PictoDesign2023-768x373.png\"  src=\"https:\/\/design.awards.verallia.fr\/wp-content\/uploads\/2022\/12\/PictoDesign2023-768x373.png\" alt=\"Picto de l&#039;\u00e9dition 2023\" width=\"768\" height=\"373\">\n   <div class=\"uc_post_image_overlay\"><\/div>\n   <\/div>\n  <\/a>\n   \n <div class=\"uc_content\">\n    <div>\n      \n           \n    \n  \n      \n      \n    <div class=\"uc_post_title\"><a href=\"https:\/\/design.awards.verallia.fr\/en\/communique\/the-2023-edition-explores-the-experience-offered-by-glass-to-live-the-moment-to-the-full\/\" target=\"_self\"><div>The 2023 edition explores the experience offered by glass to live the moment to the full.<\/div><\/a><\/div>\t\n    \n     \n     \n          <div class=\"ue-meta-data\">\n            <div class=\"ue-grid-item-meta-data\"><span class=\"ue-grid-item-meta-data-icon\"><i class=''><\/i><\/span>  06\/12\/2022<\/div>            \n                        \n        \n\t\t\t\n\n\n            \n                        \n                        \n                        \n                        \n            \t\t\t\n              \n            \n          <\/div>\n     \n      \n      \n      \n     <div class=\"uc_post_text\">Every year since 2009, Verallia France, Europe&#8217;s No. 1 producer and a subsidiary of the world&#8217;s...<\/div>    <div class=\"uc_post_button\"><a class=\"uc_more_btn \" href=\"https:\/\/design.awards.verallia.fr\/en\/communique\/the-2023-edition-explores-the-experience-offered-by-glass-to-live-the-moment-to-the-full\/\" target=\"_self\" href='https:\/\/design.awards.verallia.fr\/en\/communique\/the-2023-edition-explores-the-experience-offered-by-glass-to-live-the-moment-to-the-full\/'>Read more<\/a><\/div> \t<\/div>\n  <\/div>\n<\/div>\n\n\t\t<\/div>\n\t<\/div>\n\n\n\n  <div id=\"uc_post_grid_elementor_f8438e3_empty_message\" class=\"ue-no-posts-found\"  style=\"display:none\" >There are no press releases to display<\/div>\n\n\n<!-- end Post Grid -->\t\t\t\t<\/div>\n\t\t\t\t<\/div>\n\t\t\t\t<div class=\"elementor-element elementor-element-9f23309 elementor-widget elementor-widget-ucaddon_archive_pagination\" data-id=\"9f23309\" data-element_type=\"widget\" data-e-type=\"widget\" data-widget_type=\"ucaddon_archive_pagination.default\">\n\t\t\t\t<div class=\"elementor-widget-container\">\n\t\t\t\t\t\n<!-- start Post Pagination -->\n\n<style>\/* widget: Post Pagination *\/\n\n#uc_archive_pagination_elementor_9f23309 nav\n{\n  padding:0px;\n  margin:0px;\n}\n\n#uc_archive_pagination_elementor_9f23309 \n{\n  display:flex;\n  flex-wrap: wrap;\n  justify-content:center;\n}\n\n#uc_archive_pagination_elementor_9f23309 .nav-links\n{\n  display:flex;\n  justify-content:center;\n}\n\n#uc_archive_pagination_elementor_9f23309 .nav-links > *\n{\n}\n\n#uc_archive_pagination_elementor_9f23309 .page-numbers\n{\n  display:flex;\n  \n  align-items:center;\n  justify-content:center;\n  transition:0.3s;\n  line-height:1em;\n}\n\n\n#uc_archive_pagination_elementor_9f23309 a.page-numbers, #uc_archive_pagination_elementor_9f23309 .dots\n{\n  color:#EAEAEA;\n  background-color:;\n}\n\n#uc_archive_pagination_elementor_9f23309 a.page-numbers:hover\n{\n  color:#008181;\n  background-color:;\n}\n\n#uc_archive_pagination_elementor_9f23309 .page-numbers.current,\n#uc_archive_pagination_elementor_9f23309 .page-numbers.current:hover\n{\n  background-color:;\n  color:#006363;\n}\n\n\n#uc_archive_pagination_elementor_9f23309 .page-numbers.prev, #uc_archive_pagination_elementor_9f23309 .page-numbers.next\n{\n  padding-left:15px;\n  padding-right:15px;\n}\n\n\n\n#uc_archive_pagination_elementor_9f23309 .prev:before {\n   font-family: \"Font Awesome 5 Free\";\n   content: \"\\f053\";\n   display: inline-block;\n   vertical-align: middle;\n   font-weight: 900;\n   padding-right:10px;}\n\n#uc_archive_pagination_elementor_9f23309 .next:after {\n   font-family: \"Font Awesome 5 Free\";\n   content: \"\\f054\";\n   display: inline-block;\n   vertical-align: middle;\n   font-weight: 900;\n   padding-left:10px;}\n\n#uc_archive_pagination_elementor_9f23309.uc-ajax-loading{\n\topacity:1 !important;\n}\n\n#uc_archive_pagination_elementor_9f23309.uc-ajax-loading .current{\n\tposition:relative;\n    overflow:hidden;\n}\n\n\n\n<\/style>\n\n<div id=\"uc_archive_pagination_elementor_9f23309\" class=\"archive_pagination uc-filter-pagination\">\n<span aria-current=\"page\" class=\"page-numbers current\">1<\/span>\n<a class=\"page-numbers\" href=\"https:\/\/design.awards.verallia.fr\/en\/press-room\/2\/\" data-e-disable-page-transition=\"true\">2<\/a>\n<\/div>\n<!-- end Post Pagination -->\t\t\t\t<\/div>\n\t\t\t\t<\/div>\n\t\t\t\t\t<\/div>\n\t\t\t\t<\/div>\n\t\t\t\t<\/div>\n\t\t","protected":false},"excerpt":{"rendered":"<p>Press room Agence Comfluence Sara Natij &amp; Laurie Dambrine 17 boulevard Malesherbes, 75008 Paris verallia@comfluence.fr 07 68 68 83 22 Press releases F\u00e9licitation aux laur\u00e9ats des Verallia Design Awards 2024 02\/07\/2024 A l\u2019occasion de la 15\u00e8me \u00e9dition des Verallia Design Awards, 60 projets ont \u00e9t\u00e9 s\u00e9lectionn\u00e9s parmi les&#8230; Read more Verallia Design Awards 2024 : [&hellip;]<\/p>\n","protected":false},"author":1,"featured_media":0,"parent":0,"menu_order":0,"comment_status":"closed","ping_status":"closed","template":"","meta":{"_acf_changed":false,"footnotes":""},"class_list":["post-20168","page","type-page","status-publish","hentry"],"acf":[],"yoast_head":"<!-- This site is optimized with the Yoast SEO plugin v27.3 - https:\/\/yoast.com\/product\/yoast-seo-wordpress\/ -->\n<title>Press room - Verallia Design Awards<\/title>\n<meta name=\"description\" content=\"Download our press kit and consult the Verallia Design Awards press releases.\" \/>\n<meta name=\"robots\" content=\"index, follow, max-snippet:-1, max-image-preview:large, max-video-preview:-1\" \/>\n<link rel=\"canonical\" href=\"https:\/\/design.awards.verallia.fr\/en\/press-room\/\" \/>\n<meta property=\"og:locale\" content=\"en_US\" \/>\n<meta property=\"og:type\" content=\"article\" \/>\n<meta property=\"og:title\" content=\"Press room - Verallia Design Awards\" \/>\n<meta property=\"og:description\" content=\"Download our press kit and consult the Verallia Design Awards press releases.\" \/>\n<meta property=\"og:url\" content=\"https:\/\/design.awards.verallia.fr\/en\/press-room\/\" \/>\n<meta property=\"og:site_name\" content=\"Verallia Design Awards\" \/>\n<meta property=\"article:modified_time\" content=\"2024-07-15T09:26:31+00:00\" \/>\n<meta property=\"og:image\" content=\"https:\/\/design.awards.verallia.fr\/wp-content\/uploads\/2024\/07\/reserve-1-300x212.png\" \/>\n<meta name=\"twitter:card\" content=\"summary_large_image\" \/>\n<meta name=\"twitter:label1\" content=\"Est. reading time\" \/>\n\t<meta name=\"twitter:data1\" content=\"3 minutes\" \/>\n<script type=\"application\/ld+json\" class=\"yoast-schema-graph\">{\"@context\":\"https:\\\/\\\/schema.org\",\"@graph\":[{\"@type\":\"WebPage\",\"@id\":\"https:\\\/\\\/design.awards.verallia.fr\\\/en\\\/press-room\\\/\",\"url\":\"https:\\\/\\\/design.awards.verallia.fr\\\/en\\\/press-room\\\/\",\"name\":\"Press room - Verallia Design Awards\",\"isPartOf\":{\"@id\":\"https:\\\/\\\/design.awards.verallia.fr\\\/en\\\/#website\"},\"primaryImageOfPage\":{\"@id\":\"https:\\\/\\\/design.awards.verallia.fr\\\/en\\\/press-room\\\/#primaryimage\"},\"image\":{\"@id\":\"https:\\\/\\\/design.awards.verallia.fr\\\/en\\\/press-room\\\/#primaryimage\"},\"thumbnailUrl\":\"https:\\\/\\\/design.awards.verallia.fr\\\/wp-content\\\/uploads\\\/2024\\\/07\\\/reserve-1-300x212.png\",\"datePublished\":\"2023-04-11T15:25:35+00:00\",\"dateModified\":\"2024-07-15T09:26:31+00:00\",\"description\":\"Download our press kit and consult the Verallia Design Awards press releases.\",\"breadcrumb\":{\"@id\":\"https:\\\/\\\/design.awards.verallia.fr\\\/en\\\/press-room\\\/#breadcrumb\"},\"inLanguage\":\"en-US\",\"potentialAction\":[{\"@type\":\"ReadAction\",\"target\":[\"https:\\\/\\\/design.awards.verallia.fr\\\/en\\\/press-room\\\/\"]}]},{\"@type\":\"ImageObject\",\"inLanguage\":\"en-US\",\"@id\":\"https:\\\/\\\/design.awards.verallia.fr\\\/en\\\/press-room\\\/#primaryimage\",\"url\":\"https:\\\/\\\/design.awards.verallia.fr\\\/wp-content\\\/uploads\\\/2024\\\/07\\\/reserve-1-300x212.png\",\"contentUrl\":\"https:\\\/\\\/design.awards.verallia.fr\\\/wp-content\\\/uploads\\\/2024\\\/07\\\/reserve-1-300x212.png\"},{\"@type\":\"BreadcrumbList\",\"@id\":\"https:\\\/\\\/design.awards.verallia.fr\\\/en\\\/press-room\\\/#breadcrumb\",\"itemListElement\":[{\"@type\":\"ListItem\",\"position\":1,\"name\":\"Accueil\",\"item\":\"https:\\\/\\\/design.awards.verallia.fr\\\/en\\\/\"},{\"@type\":\"ListItem\",\"position\":2,\"name\":\"Press room\"}]},{\"@type\":\"WebSite\",\"@id\":\"https:\\\/\\\/design.awards.verallia.fr\\\/en\\\/#website\",\"url\":\"https:\\\/\\\/design.awards.verallia.fr\\\/en\\\/\",\"name\":\"Verallia Design Awards\",\"description\":\"Verallia Design Award, le concours de design du packaging en verre\",\"publisher\":{\"@id\":\"https:\\\/\\\/design.awards.verallia.fr\\\/en\\\/#organization\"},\"potentialAction\":[{\"@type\":\"SearchAction\",\"target\":{\"@type\":\"EntryPoint\",\"urlTemplate\":\"https:\\\/\\\/design.awards.verallia.fr\\\/en\\\/?s={search_term_string}\"},\"query-input\":{\"@type\":\"PropertyValueSpecification\",\"valueRequired\":true,\"valueName\":\"search_term_string\"}}],\"inLanguage\":\"en-US\"},{\"@type\":\"Organization\",\"@id\":\"https:\\\/\\\/design.awards.verallia.fr\\\/en\\\/#organization\",\"name\":\"Verallia Design Awards\",\"url\":\"https:\\\/\\\/design.awards.verallia.fr\\\/en\\\/\",\"logo\":{\"@type\":\"ImageObject\",\"inLanguage\":\"en-US\",\"@id\":\"https:\\\/\\\/design.awards.verallia.fr\\\/en\\\/#\\\/schema\\\/logo\\\/image\\\/\",\"url\":\"https:\\\/\\\/design.awards.verallia.fr\\\/wp-content\\\/uploads\\\/2023\\\/05\\\/logo-small.png\",\"contentUrl\":\"https:\\\/\\\/design.awards.verallia.fr\\\/wp-content\\\/uploads\\\/2023\\\/05\\\/logo-small.png\",\"width\":198,\"height\":117,\"caption\":\"Verallia Design Awards\"},\"image\":{\"@id\":\"https:\\\/\\\/design.awards.verallia.fr\\\/en\\\/#\\\/schema\\\/logo\\\/image\\\/\"}}]}<\/script>\n<!-- \/ Yoast SEO plugin. -->","yoast_head_json":{"title":"Press room - Verallia Design Awards","description":"Download our press kit and consult the Verallia Design Awards press releases.","robots":{"index":"index","follow":"follow","max-snippet":"max-snippet:-1","max-image-preview":"max-image-preview:large","max-video-preview":"max-video-preview:-1"},"canonical":"https:\/\/design.awards.verallia.fr\/en\/press-room\/","og_locale":"en_US","og_type":"article","og_title":"Press room - Verallia Design Awards","og_description":"Download our press kit and consult the Verallia Design Awards press releases.","og_url":"https:\/\/design.awards.verallia.fr\/en\/press-room\/","og_site_name":"Verallia Design Awards","article_modified_time":"2024-07-15T09:26:31+00:00","og_image":[{"url":"https:\/\/design.awards.verallia.fr\/wp-content\/uploads\/2024\/07\/reserve-1-300x212.png","type":"","width":"","height":""}],"twitter_card":"summary_large_image","twitter_misc":{"Est. reading time":"3 minutes"},"schema":{"@context":"https:\/\/schema.org","@graph":[{"@type":"WebPage","@id":"https:\/\/design.awards.verallia.fr\/en\/press-room\/","url":"https:\/\/design.awards.verallia.fr\/en\/press-room\/","name":"Press room - Verallia Design Awards","isPartOf":{"@id":"https:\/\/design.awards.verallia.fr\/en\/#website"},"primaryImageOfPage":{"@id":"https:\/\/design.awards.verallia.fr\/en\/press-room\/#primaryimage"},"image":{"@id":"https:\/\/design.awards.verallia.fr\/en\/press-room\/#primaryimage"},"thumbnailUrl":"https:\/\/design.awards.verallia.fr\/wp-content\/uploads\/2024\/07\/reserve-1-300x212.png","datePublished":"2023-04-11T15:25:35+00:00","dateModified":"2024-07-15T09:26:31+00:00","description":"Download our press kit and consult the Verallia Design Awards press releases.","breadcrumb":{"@id":"https:\/\/design.awards.verallia.fr\/en\/press-room\/#breadcrumb"},"inLanguage":"en-US","potentialAction":[{"@type":"ReadAction","target":["https:\/\/design.awards.verallia.fr\/en\/press-room\/"]}]},{"@type":"ImageObject","inLanguage":"en-US","@id":"https:\/\/design.awards.verallia.fr\/en\/press-room\/#primaryimage","url":"https:\/\/design.awards.verallia.fr\/wp-content\/uploads\/2024\/07\/reserve-1-300x212.png","contentUrl":"https:\/\/design.awards.verallia.fr\/wp-content\/uploads\/2024\/07\/reserve-1-300x212.png"},{"@type":"BreadcrumbList","@id":"https:\/\/design.awards.verallia.fr\/en\/press-room\/#breadcrumb","itemListElement":[{"@type":"ListItem","position":1,"name":"Accueil","item":"https:\/\/design.awards.verallia.fr\/en\/"},{"@type":"ListItem","position":2,"name":"Press room"}]},{"@type":"WebSite","@id":"https:\/\/design.awards.verallia.fr\/en\/#website","url":"https:\/\/design.awards.verallia.fr\/en\/","name":"Verallia Design Awards","description":"Verallia Design Award, le concours de design du packaging en verre","publisher":{"@id":"https:\/\/design.awards.verallia.fr\/en\/#organization"},"potentialAction":[{"@type":"SearchAction","target":{"@type":"EntryPoint","urlTemplate":"https:\/\/design.awards.verallia.fr\/en\/?s={search_term_string}"},"query-input":{"@type":"PropertyValueSpecification","valueRequired":true,"valueName":"search_term_string"}}],"inLanguage":"en-US"},{"@type":"Organization","@id":"https:\/\/design.awards.verallia.fr\/en\/#organization","name":"Verallia Design Awards","url":"https:\/\/design.awards.verallia.fr\/en\/","logo":{"@type":"ImageObject","inLanguage":"en-US","@id":"https:\/\/design.awards.verallia.fr\/en\/#\/schema\/logo\/image\/","url":"https:\/\/design.awards.verallia.fr\/wp-content\/uploads\/2023\/05\/logo-small.png","contentUrl":"https:\/\/design.awards.verallia.fr\/wp-content\/uploads\/2023\/05\/logo-small.png","width":198,"height":117,"caption":"Verallia Design Awards"},"image":{"@id":"https:\/\/design.awards.verallia.fr\/en\/#\/schema\/logo\/image\/"}}]}},"_links":{"self":[{"href":"https:\/\/design.awards.verallia.fr\/en\/wp-json\/wp\/v2\/pages\/20168","targetHints":{"allow":["GET"]}}],"collection":[{"href":"https:\/\/design.awards.verallia.fr\/en\/wp-json\/wp\/v2\/pages"}],"about":[{"href":"https:\/\/design.awards.verallia.fr\/en\/wp-json\/wp\/v2\/types\/page"}],"author":[{"embeddable":true,"href":"https:\/\/design.awards.verallia.fr\/en\/wp-json\/wp\/v2\/users\/1"}],"replies":[{"embeddable":true,"href":"https:\/\/design.awards.verallia.fr\/en\/wp-json\/wp\/v2\/comments?post=20168"}],"version-history":[{"count":2,"href":"https:\/\/design.awards.verallia.fr\/en\/wp-json\/wp\/v2\/pages\/20168\/revisions"}],"predecessor-version":[{"id":29903,"href":"https:\/\/design.awards.verallia.fr\/en\/wp-json\/wp\/v2\/pages\/20168\/revisions\/29903"}],"wp:attachment":[{"href":"https:\/\/design.awards.verallia.fr\/en\/wp-json\/wp\/v2\/media?parent=20168"}],"curies":[{"name":"wp","href":"https:\/\/api.w.org\/{rel}","templated":true}]}}