{"id":41,"date":"2023-04-11T17:20:10","date_gmt":"2023-04-11T15:20:10","guid":{"rendered":"https:\/\/design.awards.verallia.fr\/?page_id=41"},"modified":"2024-05-29T10:18:24","modified_gmt":"2024-05-29T08:18:24","slug":"edition-2019","status":"publish","type":"page","link":"https:\/\/design.awards.verallia.fr\/fr\/editions-precedentes-du-concours\/edition-2019\/","title":{"rendered":"2019"},"content":{"rendered":"\t\t<div data-elementor-type=\"wp-page\" data-elementor-id=\"41\" class=\"elementor elementor-41\" data-elementor-post-type=\"page\">\n\t\t\t\t<div class=\"elementor-element elementor-element-60ed59e e-flex e-con-boxed e-con e-parent\" data-id=\"60ed59e\" data-element_type=\"container\" data-e-type=\"container\">\n\t\t\t\t\t<div class=\"e-con-inner\">\n\t\t\t\t<div class=\"elementor-element elementor-element-e13fd04 elementor-blockquote--skin-clean elementor-blockquote--align-center elementor-widget__width-initial elementor-widget elementor-widget-blockquote\" data-id=\"e13fd04\" data-element_type=\"widget\" data-e-type=\"widget\" data-widget_type=\"blockquote.default\">\n\t\t\t\t<div class=\"elementor-widget-container\">\n\t\t\t\t\t\t\t<blockquote class=\"elementor-blockquote\">\n\t\t\t<p class=\"elementor-blockquote__content\">\n\t\t\t\t\u201cLe verre de la f\u00eate\u201d\t\t\t<\/p>\n\t\t\t\t\t<\/blockquote>\n\t\t\t\t\t\t<\/div>\n\t\t\t\t<\/div>\n\t\t\t\t\t<\/div>\n\t\t\t\t<\/div>\n\t\t<div class=\"elementor-element elementor-element-72cf7cf e-flex e-con-boxed e-con e-parent\" data-id=\"72cf7cf\" data-element_type=\"container\" data-e-type=\"container\">\n\t\t\t\t\t<div class=\"e-con-inner\">\n\t\t<div class=\"elementor-element elementor-element-f304799 e-flex e-con-boxed e-con e-child\" data-id=\"f304799\" data-element_type=\"container\" data-e-type=\"container\">\n\t\t\t\t\t<div class=\"e-con-inner\">\n\t\t\t\t<div class=\"elementor-element elementor-element-a62b2a4 elementor-widget elementor-widget-heading\" data-id=\"a62b2a4\" data-element_type=\"widget\" data-e-type=\"widget\" data-widget_type=\"heading.default\">\n\t\t\t\t<div class=\"elementor-widget-container\">\n\t\t\t\t\t<h2 class=\"elementor-heading-title elementor-size-default\">Retour sur l'univers de l'\u00e9dition 2019 du concours<\/h2>\t\t\t\t<\/div>\n\t\t\t\t<\/div>\n\t\t\t\t<div class=\"elementor-element elementor-element-a39791e elementor-widget elementor-widget-text-editor\" data-id=\"a39791e\" data-element_type=\"widget\" data-e-type=\"widget\" data-widget_type=\"text-editor.default\">\n\t\t\t\t<div class=\"elementor-widget-container\">\n\t\t\t\t\t\t\t\t\t<p>Imaginer un emballage en verre sur le th\u00e8me de la f\u00eate.<br \/><br \/>La c\u00e9l\u00e9bration d\u2019un \u00e9v\u00e9nement \u2013 qu\u2019il s\u2019agisse d\u2019une r\u00e9ussite, d\u2019un anniversaire, d\u2019un mariage, d\u2019un dipl\u00f4me, d\u2019un exploit sportif, d\u2019une f\u00eate familiale, etc. \u2013 s\u2019accompagne de boissons ou de produits alimentaires valorisant ce moment d\u2019exception. ?<\/p>\t\t\t\t\t\t\t\t<\/div>\n\t\t\t\t<\/div>\n\t\t\t\t\t<\/div>\n\t\t\t\t<\/div>\n\t\t<div class=\"elementor-element elementor-element-8a16191 e-flex e-con-boxed e-con e-child\" data-id=\"8a16191\" data-element_type=\"container\" data-e-type=\"container\">\n\t\t\t\t\t<div class=\"e-con-inner\">\n\t\t\t\t<div class=\"elementor-element elementor-element-dc6713e anim-3 elementor-widget elementor-widget-image\" data-id=\"dc6713e\" data-element_type=\"widget\" data-e-type=\"widget\" data-widget_type=\"image.default\">\n\t\t\t\t<div class=\"elementor-widget-container\">\n\t\t\t\t\t\t\t\t\t\t\t\t\t\t\t<img fetchpriority=\"high\" decoding=\"async\" width=\"571\" height=\"530\" src=\"https:\/\/design.awards.verallia.fr\/wp-content\/uploads\/2023\/05\/Trophee2019-Design.jpg\" class=\"attachment-large size-large wp-image-23097\" alt=\"Prix troph\u00e9e 2019\" srcset=\"https:\/\/design.awards.verallia.fr\/wp-content\/uploads\/2023\/05\/Trophee2019-Design.jpg 571w, https:\/\/design.awards.verallia.fr\/wp-content\/uploads\/2023\/05\/Trophee2019-Design-300x278.jpg 300w\" sizes=\"(max-width: 571px) 100vw, 571px\" \/>\t\t\t\t\t\t\t\t\t\t\t\t\t\t\t<\/div>\n\t\t\t\t<\/div>\n\t\t\t\t\t<\/div>\n\t\t\t\t<\/div>\n\t\t\t\t\t<\/div>\n\t\t\t\t<\/div>\n\t\t<div class=\"elementor-element elementor-element-b8fa5ec e-flex e-con-boxed e-con e-parent\" data-id=\"b8fa5ec\" data-element_type=\"container\" data-e-type=\"container\">\n\t\t\t\t\t<div class=\"e-con-inner\">\n\t\t\t\t<div class=\"elementor-element elementor-element-0e07545 elementor-widget elementor-widget-heading\" data-id=\"0e07545\" data-element_type=\"widget\" data-e-type=\"widget\" data-widget_type=\"heading.default\">\n\t\t\t\t<div class=\"elementor-widget-container\">\n\t\t\t\t\t<h2 class=\"elementor-heading-title elementor-size-default\">Les laur\u00e9ats<\/h2>\t\t\t\t<\/div>\n\t\t\t\t<\/div>\n\t\t\t\t\t<\/div>\n\t\t\t\t<\/div>\n\t\t<div class=\"elementor-element elementor-element-6a54298 e-con-full e-flex e-con e-parent\" data-id=\"6a54298\" data-element_type=\"container\" data-e-type=\"container\">\n\t\t\t\t<div class=\"elementor-element elementor-element-b60a5cf laureats elementor-widget elementor-widget-ucaddon_card_carousel\" data-id=\"b60a5cf\" data-element_type=\"widget\" data-e-type=\"widget\" data-widget_type=\"ucaddon_card_carousel.default\">\n\t\t\t\t<div class=\"elementor-widget-container\">\n\t\t\t\t\t\n<!-- start Card Carousel -->\n\t\t<link id='font-awesome-css' href='https:\/\/design.awards.verallia.fr\/wp-content\/plugins\/unlimited-elements-for-elementor-premium\/assets_libraries\/font-awesome6\/fontawesome-all.min.css' type='text\/css' rel='stylesheet' >\n\t\t<link id='font-awesome-4-shim-css' href='https:\/\/design.awards.verallia.fr\/wp-content\/plugins\/unlimited-elements-for-elementor-premium\/assets_libraries\/font-awesome6\/fontawesome-v4-shims.min.css' type='text\/css' rel='stylesheet' >\n\t\t<link id='owl-carousel-css' href='https:\/\/design.awards.verallia.fr\/wp-content\/plugins\/unlimited-elements-for-elementor-premium\/assets_libraries\/owl-carousel-new\/assets\/owl.carousel.css' type='text\/css' rel='stylesheet' >\n\n<style>\/* widget: Card Carousel *\/\n\n#uc_card_carousel_elementor_b60a5cf-wrapper\n{\n  min-height:1px;\n}\n#uc_card_carousel_elementor_b60a5cf *{\n\t-webkit-box-sizing: border-box;\n\t-moz-box-sizing: border-box;\n\tbox-sizing: border-box;\n}\n\n#uc_card_carousel_elementor_b60a5cf .ue-carousel-item\n{\n  overflow:hidden;\n  transition:0.3s;\n}\n\n#uc_card_carousel_elementor_b60a5cf .uc_classic_carousel_container_holder\n{\n\tdisplay:block;\n\tposition:relative;\n\twidth:100%;\n    box-sizing: border-box;\n}\n.card_carousel_title\n{\n\tfont-size:21px;\n}\n\n.uc_classic_carousel .uc_classic_carousel_border\n{\n\tdisplay:block;\n    margin:0 auto;\n}\n.uc_classic_carousel  .uc_classic_carousel_placeholder\n{\n  transition: all 0.5s ease-in-out;\n}\n.uc_classic_carousel  .uc_classic_carousel_placeholder img\n{\n\twidth:100%;\n    \n    display:inline-flex;\n}\n.uc_classic_carousel  .uc_classic_carousel_placeholder .image_rollover\n{\n\twidth:100%;\n    \n    display:inline-flex;\n    opacity: 0;\n  position:absolute;\n  left:0;\n  transition: opacity 0.5s ease-in-out;\n}\n.uc_classic_carousel  .uc_classic_carousel_placeholder:hover .image_rollover\n{\n    opacity: 1;\n}\n.uc_classic_carousel  .uc_classic_carousel_placeholder:hover\n{\n  \n}\n.uc_classic_carousel .uc_classic_carousel_content\n{\n  display: flex;\n flex-flow: column nowrap;\n}\n\n.uc_classic_carousel .ue_button\n{\n  margin-top:auto;\n\n}\n\n.uc_classic_carousel .uc_classic_carousel_content .uc_more_btn {\n\tdisplay:inline-block;\n\ttext-decoration:none;\n\ttransition: all 0.5s ease;\n}\n\n\n#uc_card_carousel_elementor_b60a5cf .owl-dots {\noverflow:hidden;\ntext-align:left;\n}\n\n#uc_card_carousel_elementor_b60a5cf .owl-dot {\nborder-radius:50%;\ndisplay:inline-block;\n}\n\n#uc_card_carousel_elementor_b60a5cf .owl-nav .owl-prev{\n    position:absolute;\n    display:inline-block;\n    text-align:center;\n}\n#uc_card_carousel_elementor_b60a5cf .owl-nav .owl-next{\n  position:absolute;\n  display:inline-block;\n  text-align:center;\n}\n\n#uc_card_carousel_elementor_b60a5cf .owl-nav .disabled\n{\n    display: none;  \n}\n\n\n#uc_card_carousel_elementor_b60a5cf .ue-item-icon\n{\n  line-height:1em;\n  display:inline-flex;\n  justify-content:center;\n  align-items:center;\n  \n}\n\n#uc_card_carousel_elementor_b60a5cf .ue-item-icon svg\n{\n  height:1em;\n  width:1em;\n}\n\n#uc_card_carousel_elementor_b60a5cf .ue-item-icon-wrapper\n{\n  display:flex;\n}\n\n\n\n\n<\/style>\n\n<div class=\"uc_classic_carousel\" id=\"uc_card_carousel_elementor_b60a5cf-wrapper\">\n        <div class=\"uc_carousel owl-carousel uc-items-wrapper  \" id=\"uc_card_carousel_elementor_b60a5cf\"  >\n          \t<div class=\"uc_classic_carousel_container_holder ue-item elementor-repeater-item-deae732\">\n  <div class=\"ue-carousel-item\">\n      <div class=\"uc_classic_carousel_placeholder\">\n          <img decoding=\"async\"  class=\"image_rollout\" src=\"https:\/\/design.awards.verallia.fr\/wp-content\/uploads\/2023\/05\/Projetlaureat2019-5.jpg\"  src=\"https:\/\/design.awards.verallia.fr\/wp-content\/uploads\/2023\/05\/Projetlaureat2019-5.jpg\" alt=\"Bouteille design 2019 prim\u00e9s au Verallia design awards\" width=\"500\" height=\"500\">\n      <img decoding=\"async\" class=\"image_rollover\" src=\"https:\/\/design.awards.verallia.fr\/wp-content\/uploads\/2023\/08\/jarence-2.png\"  src=\"https:\/\/design.awards.verallia.fr\/wp-content\/uploads\/2023\/08\/jarence-2.png\" alt=\"Jarence-2\" width=\"400\" height=\"384\">      <\/div>\n    <div class=\"uc_classic_carousel_content\" style=\"direction:ltr;\">\n    \n    \n        \n          \t\n      <div  class=\"card_carousel_title\">JARENCE<\/div>\n          \t\n    \n      \n    <p class=\"card_carousel_text\">Malo SAHORES<br>Vins<br><a href=\"https:\/\/www.behance.net\/malosahorea722\" target=\"_blank\"><i class=\"fas fa-globe\"><\/i><\/a><\/p>    \n    \n    \t\n    \n    \n    \t\n  <\/div>\n  <\/div>\n<\/div>\n<div class=\"uc_classic_carousel_container_holder ue-item elementor-repeater-item-991c812\">\n  <div class=\"ue-carousel-item\">\n      <div class=\"uc_classic_carousel_placeholder\">\n          <img loading=\"lazy\" decoding=\"async\"  class=\"image_rollout\" src=\"https:\/\/design.awards.verallia.fr\/wp-content\/uploads\/2023\/05\/ProjetLaureat2019-1.jpg\"  src=\"https:\/\/design.awards.verallia.fr\/wp-content\/uploads\/2023\/05\/ProjetLaureat2019-1.jpg\" alt=\"Bouteille design 2019 prim\u00e9s au Verallia design awards\" width=\"500\" height=\"500\">\n      <img loading=\"lazy\" decoding=\"async\" class=\"image_rollover\" src=\"https:\/\/design.awards.verallia.fr\/wp-content\/uploads\/2023\/08\/vodka-eclipse2.png\"  src=\"https:\/\/design.awards.verallia.fr\/wp-content\/uploads\/2023\/08\/vodka-eclipse2.png\" alt=\"Vodka-eclipse2\" width=\"400\" height=\"384\">      <\/div>\n    <div class=\"uc_classic_carousel_content\" style=\"direction:ltr;\">\n    \n    \n        \n          \t\n      <div  class=\"card_carousel_title\">VODKA ECLIPSE<\/div>\n          \t\n    \n      \n    <p class=\"card_carousel_text\">Thomas BROUSSE<br>Spiriteux<br>\n<a href=\"http:\/\/thomasbrousse.fr\/\" target=\"_blank\"><i class=\"fas fa-globe\"><\/i><\/a><\/p>    \n    \n    \t\n    \n    \n    \t\n  <\/div>\n  <\/div>\n<\/div>\n<div class=\"uc_classic_carousel_container_holder ue-item elementor-repeater-item-5f5390c\">\n  <div class=\"ue-carousel-item\">\n      <div class=\"uc_classic_carousel_placeholder\">\n          <img loading=\"lazy\" decoding=\"async\"  class=\"image_rollout\" src=\"https:\/\/design.awards.verallia.fr\/wp-content\/uploads\/2023\/05\/Projetlaureat2019-2.jpg\"  src=\"https:\/\/design.awards.verallia.fr\/wp-content\/uploads\/2023\/05\/Projetlaureat2019-2.jpg\" alt=\"Bouteille design 2019 prim\u00e9s au Verallia design awards\" width=\"500\" height=\"500\">\n      <img loading=\"lazy\" decoding=\"async\" class=\"image_rollover\" src=\"https:\/\/design.awards.verallia.fr\/wp-content\/uploads\/2023\/08\/notedehoublon.png\"  src=\"https:\/\/design.awards.verallia.fr\/wp-content\/uploads\/2023\/08\/notedehoublon.png\" alt=\"NoteDeHoublon\" width=\"400\" height=\"384\">      <\/div>\n    <div class=\"uc_classic_carousel_content\" style=\"direction:ltr;\">\n    \n    \n        \n          \t\n      <div  class=\"card_carousel_title\">NOTE DE HOUBLON<\/div>\n          \t\n    \n      \n    <p class=\"card_carousel_text\">Julien JIMONET<br>Coup de c\u0153ur du parrain<br>\n<a href=\"https:\/\/www.behance.net\/julienjimo8e51\" target=\"_blank\"><i class=\"fas fa-globe\"><\/i><\/a><\/p>    \n    \n    \t\n    \n    \n    \t\n  <\/div>\n  <\/div>\n<\/div>\n<div class=\"uc_classic_carousel_container_holder ue-item elementor-repeater-item-990e130\">\n  <div class=\"ue-carousel-item\">\n      <div class=\"uc_classic_carousel_placeholder\">\n          <img loading=\"lazy\" decoding=\"async\"  class=\"image_rollout\" src=\"https:\/\/design.awards.verallia.fr\/wp-content\/uploads\/2023\/05\/Projetlaureat2019-4.jpg\"  src=\"https:\/\/design.awards.verallia.fr\/wp-content\/uploads\/2023\/05\/Projetlaureat2019-4.jpg\" alt=\"Bouteille design 2019 prim\u00e9s au Verallia design awards\" width=\"500\" height=\"500\">\n      <img loading=\"lazy\" decoding=\"async\" class=\"image_rollover\" src=\"https:\/\/design.awards.verallia.fr\/wp-content\/uploads\/2023\/08\/verapearl.png\"  src=\"https:\/\/design.awards.verallia.fr\/wp-content\/uploads\/2023\/08\/verapearl.png\" alt=\"Verapearl\" width=\"400\" height=\"384\">      <\/div>\n    <div class=\"uc_classic_carousel_content\" style=\"direction:ltr;\">\n    \n    \n        \n          \t\n      <div  class=\"card_carousel_title\">VERAPEARL<\/div>\n          \t\n    \n      \n    <p class=\"card_carousel_text\">Chlo\u00e9 LANGE et  Cl\u00e9mence MINNE<br>Food<br>\n<a href=\"https:\/\/www.linkedin.com\/in\/cl%C3%A9mence-minne-43062318b\/\n\" target=\"_blank\"><i class=\"fab fa-linkedin-in\"><\/i><\/a><a href=\"https:\/\/www.linkedin.com\/in\/chlo%C3%A9-lange-52b823216\/\n\" target=\"_blank\"><i class=\"fab fa-linkedin-in\"><\/i><\/a><\/p>    \n    \n    \t\n    \n    \n    \t\n  <\/div>\n  <\/div>\n<\/div>\n<div class=\"uc_classic_carousel_container_holder ue-item elementor-repeater-item-e7e3255\">\n  <div class=\"ue-carousel-item\">\n      <div class=\"uc_classic_carousel_placeholder\">\n          <img loading=\"lazy\" decoding=\"async\"  class=\"image_rollout\" src=\"https:\/\/design.awards.verallia.fr\/wp-content\/uploads\/2023\/05\/Projetlaureat2019-3.jpg\"  src=\"https:\/\/design.awards.verallia.fr\/wp-content\/uploads\/2023\/05\/Projetlaureat2019-3.jpg\" alt=\"Bouteille design 2019 prim\u00e9s au Verallia design awards\" width=\"500\" height=\"500\">\n      <img loading=\"lazy\" decoding=\"async\" class=\"image_rollover\" src=\"https:\/\/design.awards.verallia.fr\/wp-content\/uploads\/2023\/08\/iris-2.png\"  src=\"https:\/\/design.awards.verallia.fr\/wp-content\/uploads\/2023\/08\/iris-2.png\" alt=\"Iris-2\" width=\"400\" height=\"384\">      <\/div>\n    <div class=\"uc_classic_carousel_content\" style=\"direction:ltr;\">\n    \n    \n        \n          \t\n      <div  class=\"card_carousel_title\">IRIS<\/div>\n          \t\n    \n      \n    <p class=\"card_carousel_text\">Pierre STREPPONI<br>Bi\u00e8res, eaux et boissons non alcoolis\u00e9es<br><a href=\"https:\/\/www.linkedin.com\/in\/pierre-strepponi-ba5029171\/\" target=\"_blank\"><i class=\"fab fa-linkedin-in\"><\/i><\/a><\/p>    \n    \n    \t\n    \n    \n    \t\n  <\/div>\n  <\/div>\n<\/div>\n<div class=\"uc_classic_carousel_container_holder ue-item elementor-repeater-item-fa9d4ac\">\n  <div class=\"ue-carousel-item\">\n      <div class=\"uc_classic_carousel_placeholder\">\n          <img loading=\"lazy\" decoding=\"async\"  class=\"image_rollout\" src=\"https:\/\/design.awards.verallia.fr\/wp-content\/uploads\/2023\/06\/laureat-2019-verallia-un-geste-qui-fait-la-difference.jpg\"  src=\"https:\/\/design.awards.verallia.fr\/wp-content\/uploads\/2023\/06\/laureat-2019-verallia-un-geste-qui-fait-la-difference.jpg\" alt=\"Boite \u00e0 outil, vid\u00e9o\" width=\"500\" height=\"266\">\n            <\/div>\n    <div class=\"uc_classic_carousel_content\" style=\"direction:ltr;\">\n    \n    \n        \n          \t\n      <div  class=\"card_carousel_title\">UN GESTE QUI FAIT LA DIFF\u00c9RENCE<\/div>\n          \t\n    \n      \n    <p class=\"card_carousel_text\">Chlo\u00e9 CASSOU DIT MAISONNAVE, <br>Nicolas CHELSTOWSKI, Julie DECULTIEUX, <br>Mathilde BORGIAS et Clara CROS<br>Prix Sp\u00e9cial \u00ab Sensibilisation au recyclage \u00bb<\/p>    \n    \n    \t\n    \n    \n    \t\n  <\/div>\n  <\/div>\n<\/div>\n\n      <\/div>\n<\/div>\n<!-- end Card Carousel -->\t\t\t\t<\/div>\n\t\t\t\t<\/div>\n\t\t\t\t<\/div>\n\t\t<div class=\"elementor-element elementor-element-d3cf9b9 elementor-hidden-widescreen elementor-hidden-desktop elementor-hidden-tablet elementor-hidden-mobile e-flex e-con-boxed e-con e-parent\" data-id=\"d3cf9b9\" data-element_type=\"container\" data-e-type=\"container\">\n\t\t\t\t\t<div class=\"e-con-inner\">\n\t\t\t\t<div class=\"elementor-element elementor-element-82d22f4 elementor-widget elementor-widget-heading\" data-id=\"82d22f4\" data-element_type=\"widget\" data-e-type=\"widget\" data-widget_type=\"heading.default\">\n\t\t\t\t<div class=\"elementor-widget-container\">\n\t\t\t\t\t<h2 class=\"elementor-heading-title elementor-size-default\">Parrainage du concours<\/h2>\t\t\t\t<\/div>\n\t\t\t\t<\/div>\n\t\t\t\t<div class=\"elementor-element elementor-element-d81d791 anim-1 elementor-widget elementor-widget-image\" data-id=\"d81d791\" data-element_type=\"widget\" data-e-type=\"widget\" data-widget_type=\"image.default\">\n\t\t\t\t<div class=\"elementor-widget-container\">\n\t\t\t\t\t\t\t\t\t\t\t\t\t\t\t<img loading=\"lazy\" decoding=\"async\" width=\"1000\" height=\"858\" src=\"https:\/\/design.awards.verallia.fr\/wp-content\/uploads\/2023\/05\/Parrain2019.jpg\" class=\"attachment-full size-full wp-image-23113\" alt=\"Photo du parrain 2019\" srcset=\"https:\/\/design.awards.verallia.fr\/wp-content\/uploads\/2023\/05\/Parrain2019.jpg 1000w, https:\/\/design.awards.verallia.fr\/wp-content\/uploads\/2023\/05\/Parrain2019-300x257.jpg 300w, https:\/\/design.awards.verallia.fr\/wp-content\/uploads\/2023\/05\/Parrain2019-768x659.jpg 768w\" sizes=\"(max-width: 1000px) 100vw, 1000px\" \/>\t\t\t\t\t\t\t\t\t\t\t\t\t\t\t<\/div>\n\t\t\t\t<\/div>\n\t\t<div class=\"elementor-element elementor-element-09494aa e-flex e-con-boxed e-con e-child\" data-id=\"09494aa\" data-element_type=\"container\" data-e-type=\"container\" data-settings=\"{&quot;background_background&quot;:&quot;classic&quot;}\">\n\t\t\t\t\t<div class=\"e-con-inner\">\n\t\t\t\t<div class=\"elementor-element elementor-element-3b7761d elementor-widget elementor-widget-heading\" data-id=\"3b7761d\" data-element_type=\"widget\" data-e-type=\"widget\" data-widget_type=\"heading.default\">\n\t\t\t\t<div class=\"elementor-widget-container\">\n\t\t\t\t\t<h3 class=\"elementor-heading-title elementor-size-default\">Victor Mercier<br>Cuisinier &amp; co-fondateur de Vibe's Project<\/h3>\t\t\t\t<\/div>\n\t\t\t\t<\/div>\n\t\t\t\t<div class=\"elementor-element elementor-element-facccd9 elementor-widget elementor-widget-text-editor\" data-id=\"facccd9\" data-element_type=\"widget\" data-e-type=\"widget\" data-widget_type=\"text-editor.default\">\n\t\t\t\t<div class=\"elementor-widget-container\">\n\t\t\t\t\t\t\t\t\t<p>Finaliste du concours Top Chef 2018 et co-fondateur du\u00a0Vibe\u2019s Project, Victor Mercier veut apporter une nouvelle\u00a0vision de la cuisine, plus respectueuse de l\u2019environnement et\u00a0de l\u2019humain.<\/p><p>Un d\u00e9fenseur de la gastronomie et du manger sain qui entre\u00a0parfaitement en \u00e9cho avec les engagements de Verallia.<\/p>\t\t\t\t\t\t\t\t<\/div>\n\t\t\t\t<\/div>\n\t\t\t\t<div class=\"elementor-element elementor-element-082c399 elementor-widget elementor-widget-button\" data-id=\"082c399\" data-element_type=\"widget\" data-e-type=\"widget\" data-widget_type=\"button.default\">\n\t\t\t\t<div class=\"elementor-widget-container\">\n\t\t\t\t\t\t\t\t\t<div class=\"elementor-button-wrapper\">\n\t\t\t\t\t<a class=\"elementor-button elementor-button-link elementor-size-sm\" href=\"https:\/\/www.instagram.com\/victmercier\/\" target=\"_blank\">\n\t\t\t\t\t\t<span class=\"elementor-button-content-wrapper\">\n\t\t\t\t\t\t\t\t\t<span class=\"elementor-button-text\">En savoir plus<\/span>\n\t\t\t\t\t<\/span>\n\t\t\t\t\t<\/a>\n\t\t\t\t<\/div>\n\t\t\t\t\t\t\t\t<\/div>\n\t\t\t\t<\/div>\n\t\t\t\t\t<\/div>\n\t\t\t\t<\/div>\n\t\t\t\t\t<\/div>\n\t\t\t\t<\/div>\n\t\t<div class=\"elementor-element elementor-element-8162da8 e-flex e-con-boxed e-con e-parent\" data-id=\"8162da8\" data-element_type=\"container\" data-e-type=\"container\">\n\t\t\t\t\t<div class=\"e-con-inner\">\n\t\t\t\t<div class=\"elementor-element elementor-element-8bb475d elementor-widget elementor-widget-image\" data-id=\"8bb475d\" data-element_type=\"widget\" data-e-type=\"widget\" data-widget_type=\"image.default\">\n\t\t\t\t<div class=\"elementor-widget-container\">\n\t\t\t\t\t\t\t\t\t\t\t\t\t\t\t<img loading=\"lazy\" decoding=\"async\" width=\"800\" height=\"469\" src=\"https:\/\/design.awards.verallia.fr\/wp-content\/uploads\/2023\/05\/Projetslaureats2019.jpg\" class=\"attachment-large size-large wp-image-23105\" alt=\"Photos des bouteilles design prim\u00e9s lors de l&#039;\u00e9dition 2019\" srcset=\"https:\/\/design.awards.verallia.fr\/wp-content\/uploads\/2023\/05\/Projetslaureats2019.jpg 1024w, https:\/\/design.awards.verallia.fr\/wp-content\/uploads\/2023\/05\/Projetslaureats2019-300x176.jpg 300w, https:\/\/design.awards.verallia.fr\/wp-content\/uploads\/2023\/05\/Projetslaureats2019-768x450.jpg 768w\" sizes=\"(max-width: 800px) 100vw, 800px\" \/>\t\t\t\t\t\t\t\t\t\t\t\t\t\t\t<\/div>\n\t\t\t\t<\/div>\n\t\t\t\t\t<\/div>\n\t\t\t\t<\/div>\n\t\t\t\t<\/div>\n\t\t","protected":false},"excerpt":{"rendered":"<p>\u201cLe verre de la f\u00eate\u201d Retour sur l&#8217;univers de l&#8217;\u00e9dition 2019 du concours Imaginer un emballage en verre sur le th\u00e8me de la f\u00eate. La c\u00e9l\u00e9bration d\u2019un \u00e9v\u00e9nement \u2013 qu\u2019il s\u2019agisse d\u2019une r\u00e9ussite, d\u2019un anniversaire, d\u2019un mariage, d\u2019un dipl\u00f4me, d\u2019un exploit sportif, d\u2019une f\u00eate familiale, etc. \u2013 s\u2019accompagne de boissons ou de produits alimentaires valorisant [&hellip;]<\/p>\n","protected":false},"author":1,"featured_media":0,"parent":21,"menu_order":2019,"comment_status":"closed","ping_status":"closed","template":"","meta":{"_acf_changed":false,"footnotes":""},"class_list":["post-41","page","type-page","status-publish","hentry"],"acf":[],"yoast_head":"<!-- This site is optimized with the Yoast SEO plugin v27.3 - https:\/\/yoast.com\/product\/yoast-seo-wordpress\/ -->\n<title>Edition 2019 - Verallia Design Awards<\/title>\n<meta name=\"description\" content=\"D\u00e9couvrez les laur\u00e9ats de l&#039;\u00e9dition 2019 des Verallia Design Awards, des emballages en verre festifs innovants c\u00e9l\u00e9brant les moments exceptionnels de f\u00eate.\" \/>\n<meta name=\"robots\" content=\"index, follow, max-snippet:-1, max-image-preview:large, max-video-preview:-1\" \/>\n<link rel=\"canonical\" href=\"https:\/\/design.awards.verallia.fr\/fr\/editions-precedentes-du-concours\/edition-2019\/\" \/>\n<meta property=\"og:locale\" content=\"fr_FR\" \/>\n<meta property=\"og:type\" content=\"article\" \/>\n<meta property=\"og:title\" content=\"Edition 2019 - Verallia Design Awards\" \/>\n<meta property=\"og:description\" content=\"D\u00e9couvrez les laur\u00e9ats de l&#039;\u00e9dition 2019 des Verallia Design Awards, des emballages en verre festifs innovants c\u00e9l\u00e9brant les moments exceptionnels de f\u00eate.\" \/>\n<meta property=\"og:url\" content=\"https:\/\/design.awards.verallia.fr\/fr\/editions-precedentes-du-concours\/edition-2019\/\" \/>\n<meta property=\"og:site_name\" content=\"Verallia Design Awards\" \/>\n<meta property=\"article:modified_time\" content=\"2024-05-29T08:18:24+00:00\" \/>\n<meta property=\"og:image\" content=\"https:\/\/design.awards.verallia.fr\/wp-content\/uploads\/2023\/05\/Trophee2019-Design.jpg\" \/>\n<meta name=\"twitter:card\" content=\"summary_large_image\" \/>\n<meta name=\"twitter:label1\" content=\"Dur\u00e9e de lecture estim\u00e9e\" \/>\n\t<meta name=\"twitter:data1\" content=\"4 minutes\" \/>\n<script type=\"application\/ld+json\" class=\"yoast-schema-graph\">{\"@context\":\"https:\\\/\\\/schema.org\",\"@graph\":[{\"@type\":\"WebPage\",\"@id\":\"https:\\\/\\\/design.awards.verallia.fr\\\/fr\\\/editions-precedentes-du-concours\\\/edition-2019\\\/\",\"url\":\"https:\\\/\\\/design.awards.verallia.fr\\\/fr\\\/editions-precedentes-du-concours\\\/edition-2019\\\/\",\"name\":\"Edition 2019 - Verallia Design Awards\",\"isPartOf\":{\"@id\":\"https:\\\/\\\/design.awards.verallia.fr\\\/fr\\\/#website\"},\"primaryImageOfPage\":{\"@id\":\"https:\\\/\\\/design.awards.verallia.fr\\\/fr\\\/editions-precedentes-du-concours\\\/edition-2019\\\/#primaryimage\"},\"image\":{\"@id\":\"https:\\\/\\\/design.awards.verallia.fr\\\/fr\\\/editions-precedentes-du-concours\\\/edition-2019\\\/#primaryimage\"},\"thumbnailUrl\":\"https:\\\/\\\/design.awards.verallia.fr\\\/wp-content\\\/uploads\\\/2023\\\/05\\\/Trophee2019-Design.jpg\",\"datePublished\":\"2023-04-11T15:20:10+00:00\",\"dateModified\":\"2024-05-29T08:18:24+00:00\",\"description\":\"D\u00e9couvrez les laur\u00e9ats de l'\u00e9dition 2019 des Verallia Design Awards, des emballages en verre festifs innovants c\u00e9l\u00e9brant les moments exceptionnels de f\u00eate.\",\"breadcrumb\":{\"@id\":\"https:\\\/\\\/design.awards.verallia.fr\\\/fr\\\/editions-precedentes-du-concours\\\/edition-2019\\\/#breadcrumb\"},\"inLanguage\":\"fr-FR\",\"potentialAction\":[{\"@type\":\"ReadAction\",\"target\":[\"https:\\\/\\\/design.awards.verallia.fr\\\/fr\\\/editions-precedentes-du-concours\\\/edition-2019\\\/\"]}]},{\"@type\":\"ImageObject\",\"inLanguage\":\"fr-FR\",\"@id\":\"https:\\\/\\\/design.awards.verallia.fr\\\/fr\\\/editions-precedentes-du-concours\\\/edition-2019\\\/#primaryimage\",\"url\":\"https:\\\/\\\/design.awards.verallia.fr\\\/wp-content\\\/uploads\\\/2023\\\/05\\\/Trophee2019-Design.jpg\",\"contentUrl\":\"https:\\\/\\\/design.awards.verallia.fr\\\/wp-content\\\/uploads\\\/2023\\\/05\\\/Trophee2019-Design.jpg\"},{\"@type\":\"BreadcrumbList\",\"@id\":\"https:\\\/\\\/design.awards.verallia.fr\\\/fr\\\/editions-precedentes-du-concours\\\/edition-2019\\\/#breadcrumb\",\"itemListElement\":[{\"@type\":\"ListItem\",\"position\":1,\"name\":\"Accueil\",\"item\":\"https:\\\/\\\/design.awards.verallia.fr\\\/fr\\\/\"},{\"@type\":\"ListItem\",\"position\":2,\"name\":\"Les \u00e9ditions pr\u00e9c\u00e9dentes\",\"item\":\"https:\\\/\\\/design.awards.verallia.fr\\\/fr\\\/editions-precedentes-du-concours\\\/\"},{\"@type\":\"ListItem\",\"position\":3,\"name\":\"2019\"}]},{\"@type\":\"WebSite\",\"@id\":\"https:\\\/\\\/design.awards.verallia.fr\\\/fr\\\/#website\",\"url\":\"https:\\\/\\\/design.awards.verallia.fr\\\/fr\\\/\",\"name\":\"Verallia Design Awards\",\"description\":\"Verallia Design Award, le concours de design du packaging en verre\",\"publisher\":{\"@id\":\"https:\\\/\\\/design.awards.verallia.fr\\\/fr\\\/#organization\"},\"potentialAction\":[{\"@type\":\"SearchAction\",\"target\":{\"@type\":\"EntryPoint\",\"urlTemplate\":\"https:\\\/\\\/design.awards.verallia.fr\\\/fr\\\/?s={search_term_string}\"},\"query-input\":{\"@type\":\"PropertyValueSpecification\",\"valueRequired\":true,\"valueName\":\"search_term_string\"}}],\"inLanguage\":\"fr-FR\"},{\"@type\":\"Organization\",\"@id\":\"https:\\\/\\\/design.awards.verallia.fr\\\/fr\\\/#organization\",\"name\":\"Verallia Design Awards\",\"url\":\"https:\\\/\\\/design.awards.verallia.fr\\\/fr\\\/\",\"logo\":{\"@type\":\"ImageObject\",\"inLanguage\":\"fr-FR\",\"@id\":\"https:\\\/\\\/design.awards.verallia.fr\\\/fr\\\/#\\\/schema\\\/logo\\\/image\\\/\",\"url\":\"https:\\\/\\\/design.awards.verallia.fr\\\/wp-content\\\/uploads\\\/2023\\\/05\\\/logo-small.png\",\"contentUrl\":\"https:\\\/\\\/design.awards.verallia.fr\\\/wp-content\\\/uploads\\\/2023\\\/05\\\/logo-small.png\",\"width\":198,\"height\":117,\"caption\":\"Verallia Design Awards\"},\"image\":{\"@id\":\"https:\\\/\\\/design.awards.verallia.fr\\\/fr\\\/#\\\/schema\\\/logo\\\/image\\\/\"}}]}<\/script>\n<!-- \/ Yoast SEO plugin. -->","yoast_head_json":{"title":"Edition 2019 - Verallia Design Awards","description":"D\u00e9couvrez les laur\u00e9ats de l'\u00e9dition 2019 des Verallia Design Awards, des emballages en verre festifs innovants c\u00e9l\u00e9brant les moments exceptionnels de f\u00eate.","robots":{"index":"index","follow":"follow","max-snippet":"max-snippet:-1","max-image-preview":"max-image-preview:large","max-video-preview":"max-video-preview:-1"},"canonical":"https:\/\/design.awards.verallia.fr\/fr\/editions-precedentes-du-concours\/edition-2019\/","og_locale":"fr_FR","og_type":"article","og_title":"Edition 2019 - Verallia Design Awards","og_description":"D\u00e9couvrez les laur\u00e9ats de l'\u00e9dition 2019 des Verallia Design Awards, des emballages en verre festifs innovants c\u00e9l\u00e9brant les moments exceptionnels de f\u00eate.","og_url":"https:\/\/design.awards.verallia.fr\/fr\/editions-precedentes-du-concours\/edition-2019\/","og_site_name":"Verallia Design Awards","article_modified_time":"2024-05-29T08:18:24+00:00","og_image":[{"url":"https:\/\/design.awards.verallia.fr\/wp-content\/uploads\/2023\/05\/Trophee2019-Design.jpg","type":"","width":"","height":""}],"twitter_card":"summary_large_image","twitter_misc":{"Dur\u00e9e de lecture estim\u00e9e":"4 minutes"},"schema":{"@context":"https:\/\/schema.org","@graph":[{"@type":"WebPage","@id":"https:\/\/design.awards.verallia.fr\/fr\/editions-precedentes-du-concours\/edition-2019\/","url":"https:\/\/design.awards.verallia.fr\/fr\/editions-precedentes-du-concours\/edition-2019\/","name":"Edition 2019 - Verallia Design Awards","isPartOf":{"@id":"https:\/\/design.awards.verallia.fr\/fr\/#website"},"primaryImageOfPage":{"@id":"https:\/\/design.awards.verallia.fr\/fr\/editions-precedentes-du-concours\/edition-2019\/#primaryimage"},"image":{"@id":"https:\/\/design.awards.verallia.fr\/fr\/editions-precedentes-du-concours\/edition-2019\/#primaryimage"},"thumbnailUrl":"https:\/\/design.awards.verallia.fr\/wp-content\/uploads\/2023\/05\/Trophee2019-Design.jpg","datePublished":"2023-04-11T15:20:10+00:00","dateModified":"2024-05-29T08:18:24+00:00","description":"D\u00e9couvrez les laur\u00e9ats de l'\u00e9dition 2019 des Verallia Design Awards, des emballages en verre festifs innovants c\u00e9l\u00e9brant les moments exceptionnels de f\u00eate.","breadcrumb":{"@id":"https:\/\/design.awards.verallia.fr\/fr\/editions-precedentes-du-concours\/edition-2019\/#breadcrumb"},"inLanguage":"fr-FR","potentialAction":[{"@type":"ReadAction","target":["https:\/\/design.awards.verallia.fr\/fr\/editions-precedentes-du-concours\/edition-2019\/"]}]},{"@type":"ImageObject","inLanguage":"fr-FR","@id":"https:\/\/design.awards.verallia.fr\/fr\/editions-precedentes-du-concours\/edition-2019\/#primaryimage","url":"https:\/\/design.awards.verallia.fr\/wp-content\/uploads\/2023\/05\/Trophee2019-Design.jpg","contentUrl":"https:\/\/design.awards.verallia.fr\/wp-content\/uploads\/2023\/05\/Trophee2019-Design.jpg"},{"@type":"BreadcrumbList","@id":"https:\/\/design.awards.verallia.fr\/fr\/editions-precedentes-du-concours\/edition-2019\/#breadcrumb","itemListElement":[{"@type":"ListItem","position":1,"name":"Accueil","item":"https:\/\/design.awards.verallia.fr\/fr\/"},{"@type":"ListItem","position":2,"name":"Les \u00e9ditions pr\u00e9c\u00e9dentes","item":"https:\/\/design.awards.verallia.fr\/fr\/editions-precedentes-du-concours\/"},{"@type":"ListItem","position":3,"name":"2019"}]},{"@type":"WebSite","@id":"https:\/\/design.awards.verallia.fr\/fr\/#website","url":"https:\/\/design.awards.verallia.fr\/fr\/","name":"Verallia Design Awards","description":"Verallia Design Award, le concours de design du packaging en verre","publisher":{"@id":"https:\/\/design.awards.verallia.fr\/fr\/#organization"},"potentialAction":[{"@type":"SearchAction","target":{"@type":"EntryPoint","urlTemplate":"https:\/\/design.awards.verallia.fr\/fr\/?s={search_term_string}"},"query-input":{"@type":"PropertyValueSpecification","valueRequired":true,"valueName":"search_term_string"}}],"inLanguage":"fr-FR"},{"@type":"Organization","@id":"https:\/\/design.awards.verallia.fr\/fr\/#organization","name":"Verallia Design Awards","url":"https:\/\/design.awards.verallia.fr\/fr\/","logo":{"@type":"ImageObject","inLanguage":"fr-FR","@id":"https:\/\/design.awards.verallia.fr\/fr\/#\/schema\/logo\/image\/","url":"https:\/\/design.awards.verallia.fr\/wp-content\/uploads\/2023\/05\/logo-small.png","contentUrl":"https:\/\/design.awards.verallia.fr\/wp-content\/uploads\/2023\/05\/logo-small.png","width":198,"height":117,"caption":"Verallia Design Awards"},"image":{"@id":"https:\/\/design.awards.verallia.fr\/fr\/#\/schema\/logo\/image\/"}}]}},"_links":{"self":[{"href":"https:\/\/design.awards.verallia.fr\/fr\/wp-json\/wp\/v2\/pages\/41","targetHints":{"allow":["GET"]}}],"collection":[{"href":"https:\/\/design.awards.verallia.fr\/fr\/wp-json\/wp\/v2\/pages"}],"about":[{"href":"https:\/\/design.awards.verallia.fr\/fr\/wp-json\/wp\/v2\/types\/page"}],"author":[{"embeddable":true,"href":"https:\/\/design.awards.verallia.fr\/fr\/wp-json\/wp\/v2\/users\/1"}],"replies":[{"embeddable":true,"href":"https:\/\/design.awards.verallia.fr\/fr\/wp-json\/wp\/v2\/comments?post=41"}],"version-history":[{"count":2,"href":"https:\/\/design.awards.verallia.fr\/fr\/wp-json\/wp\/v2\/pages\/41\/revisions"}],"predecessor-version":[{"id":31140,"href":"https:\/\/design.awards.verallia.fr\/fr\/wp-json\/wp\/v2\/pages\/41\/revisions\/31140"}],"up":[{"embeddable":true,"href":"https:\/\/design.awards.verallia.fr\/fr\/wp-json\/wp\/v2\/pages\/21"}],"wp:attachment":[{"href":"https:\/\/design.awards.verallia.fr\/fr\/wp-json\/wp\/v2\/media?parent=41"}],"curies":[{"name":"wp","href":"https:\/\/api.w.org\/{rel}","templated":true}]}}