{"id":43,"date":"2023-04-11T17:20:24","date_gmt":"2023-04-11T15:20:24","guid":{"rendered":"https:\/\/design.awards.verallia.fr\/?page_id=43"},"modified":"2023-09-07T15:23:37","modified_gmt":"2023-09-07T13:23:37","slug":"edition-2020","status":"publish","type":"page","link":"https:\/\/design.awards.verallia.fr\/fr\/editions-precedentes-du-concours\/edition-2020\/","title":{"rendered":"2020"},"content":{"rendered":"\t\t<div data-elementor-type=\"wp-page\" data-elementor-id=\"43\" class=\"elementor elementor-43\" data-elementor-post-type=\"page\">\n\t\t\t\t<div class=\"elementor-element elementor-element-8067bca e-flex e-con-boxed e-con e-parent\" data-id=\"8067bca\" data-element_type=\"container\" data-e-type=\"container\">\n\t\t\t\t\t<div class=\"e-con-inner\">\n\t\t\t\t<div class=\"elementor-element elementor-element-890565b elementor-blockquote--skin-clean elementor-blockquote--align-center elementor-widget__width-initial elementor-widget elementor-widget-blockquote\" data-id=\"890565b\" data-element_type=\"widget\" data-e-type=\"widget\" data-widget_type=\"blockquote.default\">\n\t\t\t\t<div class=\"elementor-widget-container\">\n\t\t\t\t\t\t\t<blockquote class=\"elementor-blockquote\">\n\t\t\t<p class=\"elementor-blockquote__content\">\n\t\t\t\t\u201cLe verre \u00e0 la fran\u00e7aise\u201d\t\t\t<\/p>\n\t\t\t\t\t<\/blockquote>\n\t\t\t\t\t\t<\/div>\n\t\t\t\t<\/div>\n\t\t\t\t\t<\/div>\n\t\t\t\t<\/div>\n\t\t<div class=\"elementor-element elementor-element-0b655a5 e-flex e-con-boxed e-con e-parent\" data-id=\"0b655a5\" data-element_type=\"container\" data-e-type=\"container\">\n\t\t\t\t\t<div class=\"e-con-inner\">\n\t\t<div class=\"elementor-element elementor-element-e28d4dc e-flex e-con-boxed e-con e-child\" data-id=\"e28d4dc\" data-element_type=\"container\" data-e-type=\"container\">\n\t\t\t\t\t<div class=\"e-con-inner\">\n\t\t\t\t<div class=\"elementor-element elementor-element-394e45a elementor-widget elementor-widget-heading\" data-id=\"394e45a\" data-element_type=\"widget\" data-e-type=\"widget\" data-widget_type=\"heading.default\">\n\t\t\t\t<div class=\"elementor-widget-container\">\n\t\t\t\t\t<h2 class=\"elementor-heading-title elementor-size-default\">Retour sur l'univers de l'\u00e9dition 2020 du concours<\/h2>\t\t\t\t<\/div>\n\t\t\t\t<\/div>\n\t\t\t\t<div class=\"elementor-element elementor-element-f5fae05 elementor-widget elementor-widget-text-editor\" data-id=\"f5fae05\" data-element_type=\"widget\" data-e-type=\"widget\" data-widget_type=\"text-editor.default\">\n\t\t\t\t<div class=\"elementor-widget-container\">\n\t\t\t\t\t\t\t\t\t<p>Spontan\u00e9ment associ\u00e9e \u00e0 des notions de qualit\u00e9, de s\u00e9curit\u00e9 et de proximit\u00e9, l\u2019origine fran\u00e7aise d\u2019un produit rassure les consommateurs. Dans l\u2019imaginaire collectif et particuli\u00e8rement dans certains pays \u00e9trangers, la France est synonyme de traditions, de luxe et de savoir-faire.<br \/><br \/>Vous imaginerez un emballage en verre qui permette \u00e0 un producteur fran\u00e7ais de communiquer au consommateur l&#8217;origine de son produit et la passion qui l\u2019a vu na\u00eetre. Qu\u2019il s\u2019agisse d\u2019un vin tranquille, d\u2019un vin effervescent ou d\u2019un spiritueux, le contenu que vous choisirez aura besoin d\u2019un emballage unique pour porter haut les couleurs de son terroir, de son pays, en France ou \u00e0 l\u2019\u00e9tranger &#8211; dans des rayons de supermarch\u00e9s o\u00f9 la comp\u00e9tition est rude !<br \/><br \/>Votre projet illustrera ce \u00ab made in France \u00bb de mani\u00e8re innovante, et s\u00e9duira par son esth\u00e9tisme, par ses r\u00e9f\u00e9rences ou les fonctionnalit\u00e9s qu\u2019il comprendra. En fonction de la cat\u00e9gorie que vous retiendrez parmi les 3 propos\u00e9es (Vins tranquilles &#8211; Vins effervescents \/ Champagne &#8211; Spiritueux), les enjeux de positionnement des produits fran\u00e7ais au regard du consommateur et par rapport \u00e0 l\u2019environnement concurrentiel seront diff\u00e9rents, et votre projet en tiendra compte.<\/p>\t\t\t\t\t\t\t\t<\/div>\n\t\t\t\t<\/div>\n\t\t\t\t\t<\/div>\n\t\t\t\t<\/div>\n\t\t<div class=\"elementor-element elementor-element-d48a5a3 e-flex e-con-boxed e-con e-child\" data-id=\"d48a5a3\" data-element_type=\"container\" data-e-type=\"container\">\n\t\t\t\t\t<div class=\"e-con-inner\">\n\t\t\t\t<div class=\"elementor-element elementor-element-e1dd458 anim-3 elementor-widget elementor-widget-image\" data-id=\"e1dd458\" data-element_type=\"widget\" data-e-type=\"widget\" data-widget_type=\"image.default\">\n\t\t\t\t<div class=\"elementor-widget-container\">\n\t\t\t\t\t\t\t\t\t\t\t\t\t\t\t<img fetchpriority=\"high\" decoding=\"async\" width=\"571\" height=\"530\" src=\"https:\/\/design.awards.verallia.fr\/wp-content\/uploads\/2023\/05\/PrixLaureat2020.jpg\" class=\"attachment-large size-large wp-image-23038\" alt=\"Prix du laur\u00e9at 2020\" srcset=\"https:\/\/design.awards.verallia.fr\/wp-content\/uploads\/2023\/05\/PrixLaureat2020.jpg 571w, https:\/\/design.awards.verallia.fr\/wp-content\/uploads\/2023\/05\/PrixLaureat2020-300x278.jpg 300w\" sizes=\"(max-width: 571px) 100vw, 571px\" \/>\t\t\t\t\t\t\t\t\t\t\t\t\t\t\t<\/div>\n\t\t\t\t<\/div>\n\t\t\t\t\t<\/div>\n\t\t\t\t<\/div>\n\t\t\t\t\t<\/div>\n\t\t\t\t<\/div>\n\t\t<div class=\"elementor-element elementor-element-47dfee3 e-flex e-con-boxed e-con e-parent\" data-id=\"47dfee3\" data-element_type=\"container\" data-e-type=\"container\">\n\t\t\t\t\t<div class=\"e-con-inner\">\n\t\t\t\t<div class=\"elementor-element elementor-element-dd4cbe0 elementor-widget elementor-widget-heading\" data-id=\"dd4cbe0\" data-element_type=\"widget\" data-e-type=\"widget\" data-widget_type=\"heading.default\">\n\t\t\t\t<div class=\"elementor-widget-container\">\n\t\t\t\t\t<h2 class=\"elementor-heading-title elementor-size-default\">Les laur\u00e9ats<\/h2>\t\t\t\t<\/div>\n\t\t\t\t<\/div>\n\t\t\t\t\t<\/div>\n\t\t\t\t<\/div>\n\t\t<div class=\"elementor-element elementor-element-2f33870 e-con-full e-flex e-con e-parent\" data-id=\"2f33870\" data-element_type=\"container\" data-e-type=\"container\">\n\t\t\t\t<div class=\"elementor-element elementor-element-51dad81 laureats elementor-widget elementor-widget-ucaddon_card_carousel\" data-id=\"51dad81\" data-element_type=\"widget\" data-e-type=\"widget\" data-widget_type=\"ucaddon_card_carousel.default\">\n\t\t\t\t<div class=\"elementor-widget-container\">\n\t\t\t\t\t\n<!-- start Card Carousel -->\n\t\t<link id='font-awesome-css' href='https:\/\/design.awards.verallia.fr\/wp-content\/plugins\/unlimited-elements-for-elementor-premium\/assets_libraries\/font-awesome6\/fontawesome-all.min.css' type='text\/css' rel='stylesheet' >\n\t\t<link id='font-awesome-4-shim-css' href='https:\/\/design.awards.verallia.fr\/wp-content\/plugins\/unlimited-elements-for-elementor-premium\/assets_libraries\/font-awesome6\/fontawesome-v4-shims.min.css' type='text\/css' rel='stylesheet' >\n\t\t<link id='owl-carousel-css' href='https:\/\/design.awards.verallia.fr\/wp-content\/plugins\/unlimited-elements-for-elementor-premium\/assets_libraries\/owl-carousel-new\/assets\/owl.carousel.css' type='text\/css' rel='stylesheet' >\n\n<style>\/* widget: Card Carousel *\/\n\n#uc_card_carousel_elementor_51dad81-wrapper\n{\n  min-height:1px;\n}\n#uc_card_carousel_elementor_51dad81 *{\n\t-webkit-box-sizing: border-box;\n\t-moz-box-sizing: border-box;\n\tbox-sizing: border-box;\n}\n\n#uc_card_carousel_elementor_51dad81 .ue-carousel-item\n{\n  overflow:hidden;\n  transition:0.3s;\n}\n\n#uc_card_carousel_elementor_51dad81 .uc_classic_carousel_container_holder\n{\n\tdisplay:block;\n\tposition:relative;\n\twidth:100%;\n    box-sizing: border-box;\n}\n.card_carousel_title\n{\n\tfont-size:21px;\n}\n\n.uc_classic_carousel .uc_classic_carousel_border\n{\n\tdisplay:block;\n    margin:0 auto;\n}\n.uc_classic_carousel  .uc_classic_carousel_placeholder\n{\n  transition: all 0.5s ease-in-out;\n}\n.uc_classic_carousel  .uc_classic_carousel_placeholder img\n{\n\twidth:100%;\n    \n    display:inline-flex;\n}\n.uc_classic_carousel  .uc_classic_carousel_placeholder .image_rollover\n{\n\twidth:100%;\n    \n    display:inline-flex;\n    opacity: 0;\n  position:absolute;\n  left:0;\n  transition: opacity 0.5s ease-in-out;\n}\n.uc_classic_carousel  .uc_classic_carousel_placeholder:hover .image_rollover\n{\n    opacity: 1;\n}\n.uc_classic_carousel  .uc_classic_carousel_placeholder:hover\n{\n  \n}\n.uc_classic_carousel .uc_classic_carousel_content\n{\n  display: flex;\n flex-flow: column nowrap;\n}\n\n.uc_classic_carousel .ue_button\n{\n  margin-top:auto;\n\n}\n\n.uc_classic_carousel .uc_classic_carousel_content .uc_more_btn {\n\tdisplay:inline-block;\n\ttext-decoration:none;\n\ttransition: all 0.5s ease;\n}\n\n\n#uc_card_carousel_elementor_51dad81 .owl-dots {\noverflow:hidden;\ntext-align:left;\n}\n\n#uc_card_carousel_elementor_51dad81 .owl-dot {\nborder-radius:50%;\ndisplay:inline-block;\n}\n\n#uc_card_carousel_elementor_51dad81 .owl-nav .owl-prev{\n    position:absolute;\n    display:inline-block;\n    text-align:center;\n}\n#uc_card_carousel_elementor_51dad81 .owl-nav .owl-next{\n  position:absolute;\n  display:inline-block;\n  text-align:center;\n}\n\n#uc_card_carousel_elementor_51dad81 .owl-nav .disabled\n{\n    display: none;  \n}\n\n\n#uc_card_carousel_elementor_51dad81 .ue-item-icon\n{\n  line-height:1em;\n  display:inline-flex;\n  justify-content:center;\n  align-items:center;\n  \n}\n\n#uc_card_carousel_elementor_51dad81 .ue-item-icon svg\n{\n  height:1em;\n  width:1em;\n}\n\n#uc_card_carousel_elementor_51dad81 .ue-item-icon-wrapper\n{\n  display:flex;\n}\n\n\n\n\n<\/style>\n\n<div class=\"uc_classic_carousel\" id=\"uc_card_carousel_elementor_51dad81-wrapper\">\n        <div class=\"uc_carousel owl-carousel uc-items-wrapper  \" id=\"uc_card_carousel_elementor_51dad81\"  >\n          \t<div class=\"uc_classic_carousel_container_holder ue-item elementor-repeater-item-d483121\">\n  <div class=\"ue-carousel-item\">\n      <div class=\"uc_classic_carousel_placeholder\">\n          <img decoding=\"async\"  class=\"image_rollout\" src=\"https:\/\/design.awards.verallia.fr\/wp-content\/uploads\/2023\/05\/ProjetLaureat2020.jpg\"  src=\"https:\/\/design.awards.verallia.fr\/wp-content\/uploads\/2023\/05\/ProjetLaureat2020.jpg\" alt=\"Bouteille design 2020 prim\u00e9s au Verallia design awards\" width=\"500\" height=\"500\">\n      <img decoding=\"async\" class=\"image_rollover\" src=\"https:\/\/design.awards.verallia.fr\/wp-content\/uploads\/2023\/08\/beaune-1.png\"  src=\"https:\/\/design.awards.verallia.fr\/wp-content\/uploads\/2023\/08\/beaune-1.png\" alt=\"Beaune-1\" width=\"400\" height=\"384\">      <\/div>\n    <div class=\"uc_classic_carousel_content\" style=\"direction:ltr;\">\n    \n    \n        \n          \t\n      <div  class=\"card_carousel_title\">BEAUNE<\/div>\n          \t\n    \n      \n    <p class=\"card_carousel_text\">L\u00e9onore DURAND<br>Vins tranquilles<br><a href=\"https:\/\/www.linkedin.com\/in\/l%C3%A9onore-durand-69a1a6269\/\" target=\"_blank\"><i class=\"fab fa-linkedin-in\"><\/i><\/a><\/p>    \n    \n    \t\n    \n    \n    \t\n  <\/div>\n  <\/div>\n<\/div>\n<div class=\"uc_classic_carousel_container_holder ue-item elementor-repeater-item-991c812\">\n  <div class=\"ue-carousel-item\">\n      <div class=\"uc_classic_carousel_placeholder\">\n          <img loading=\"lazy\" decoding=\"async\"  class=\"image_rollout\" src=\"https:\/\/design.awards.verallia.fr\/wp-content\/uploads\/2023\/05\/ProjetLaureat2020-1.jpg\"  src=\"https:\/\/design.awards.verallia.fr\/wp-content\/uploads\/2023\/05\/ProjetLaureat2020-1.jpg\" alt=\"Bouteille design 2020 prim\u00e9s au Verallia design awards\" width=\"500\" height=\"500\">\n      <img loading=\"lazy\" decoding=\"async\" class=\"image_rollover\" src=\"https:\/\/design.awards.verallia.fr\/wp-content\/uploads\/2023\/08\/cassano-1.png\"  src=\"https:\/\/design.awards.verallia.fr\/wp-content\/uploads\/2023\/08\/cassano-1.png\" alt=\"Cassano-1\" width=\"400\" height=\"384\">      <\/div>\n    <div class=\"uc_classic_carousel_content\" style=\"direction:ltr;\">\n    \n    \n        \n          \t\n      <div  class=\"card_carousel_title\">CASSANO<\/div>\n          \t\n    \n      \n    <p class=\"card_carousel_text\">Arthur FORESTIER<br>Spiritueux<br>\n<a href=\"https:\/\/arthurforestier.com\/\" target=\"_blank\"><i class=\"fas fa-globe\"><\/i><\/a><\/p>    \n    \n    \t\n    \n    \n    \t\n  <\/div>\n  <\/div>\n<\/div>\n<div class=\"uc_classic_carousel_container_holder ue-item elementor-repeater-item-5f5390c\">\n  <div class=\"ue-carousel-item\">\n      <div class=\"uc_classic_carousel_placeholder\">\n          <img loading=\"lazy\" decoding=\"async\"  class=\"image_rollout\" src=\"https:\/\/design.awards.verallia.fr\/wp-content\/uploads\/2023\/05\/Projetlaureat2020-2.jpg\"  src=\"https:\/\/design.awards.verallia.fr\/wp-content\/uploads\/2023\/05\/Projetlaureat2020-2.jpg\" alt=\"Bouteille design 2020 prim\u00e9s au Verallia design awards\" width=\"500\" height=\"500\">\n      <img loading=\"lazy\" decoding=\"async\" class=\"image_rollover\" src=\"https:\/\/design.awards.verallia.fr\/wp-content\/uploads\/2023\/08\/climats-1.png\"  src=\"https:\/\/design.awards.verallia.fr\/wp-content\/uploads\/2023\/08\/climats-1.png\" alt=\"Climats-1\" width=\"400\" height=\"384\">      <\/div>\n    <div class=\"uc_classic_carousel_content\" style=\"direction:ltr;\">\n    \n    \n        \n          \t\n      <div  class=\"card_carousel_title\">LE PATRIMOINE BOURGUIGNON<\/div>\n          \t\n    \n      \n    <p class=\"card_carousel_text\">Ana\u00efs LAROCHETTE<br>Coup de c\u0153ur de la Marraine<br><a href=\"https:\/\/www.linkedin.com\/in\/ana%C3%AFs-larochette-2b8167195\/\" target=\"_blank\"><i class=\"fab fa-linkedin-in\"><\/i><\/a><\/p>    \n    \n    \t\n    \n    \n    \t\n  <\/div>\n  <\/div>\n<\/div>\n<div class=\"uc_classic_carousel_container_holder ue-item elementor-repeater-item-deae732\">\n  <div class=\"ue-carousel-item\">\n      <div class=\"uc_classic_carousel_placeholder\">\n          <img loading=\"lazy\" decoding=\"async\"  class=\"image_rollout\" src=\"https:\/\/design.awards.verallia.fr\/wp-content\/uploads\/2023\/05\/ProjetLaureat2020-5.jpg\"  src=\"https:\/\/design.awards.verallia.fr\/wp-content\/uploads\/2023\/05\/ProjetLaureat2020-5.jpg\" alt=\"Bouteille design 2020 prim\u00e9s au Verallia design awards\" width=\"500\" height=\"500\">\n      <img loading=\"lazy\" decoding=\"async\" class=\"image_rollover\" src=\"https:\/\/design.awards.verallia.fr\/wp-content\/uploads\/2023\/08\/terasserose-1.png\"  src=\"https:\/\/design.awards.verallia.fr\/wp-content\/uploads\/2023\/08\/terasserose-1.png\" alt=\"TerasseROse-1\" width=\"400\" height=\"384\">      <\/div>\n    <div class=\"uc_classic_carousel_content\" style=\"direction:ltr;\">\n    \n    \n        \n          \t\n      <div  class=\"card_carousel_title\">TERRASSE ROS\u00c9E<\/div>\n          \t\n    \n      \n    <p class=\"card_carousel_text\">Marie DESMERGERS<br>Sp\u00e9cial<br><a href=\"https:\/\/www.linkedin.com\/in\/marie-desmergers-32966b116\/\" target=\"_blank\"><i class=\"fab fa-linkedin-in\"><\/i><\/a><\/p>    \n    \n    \t\n    \n    \n    \t\n  <\/div>\n  <\/div>\n<\/div>\n<div class=\"uc_classic_carousel_container_holder ue-item elementor-repeater-item-990e130\">\n  <div class=\"ue-carousel-item\">\n      <div class=\"uc_classic_carousel_placeholder\">\n          <img loading=\"lazy\" decoding=\"async\"  class=\"image_rollout\" src=\"https:\/\/design.awards.verallia.fr\/wp-content\/uploads\/2023\/05\/ProjetLaureat2020-4.jpg\"  src=\"https:\/\/design.awards.verallia.fr\/wp-content\/uploads\/2023\/05\/ProjetLaureat2020-4.jpg\" alt=\"Bouteille design 2020 prim\u00e9s au Verallia design awards\" width=\"500\" height=\"500\">\n      <img loading=\"lazy\" decoding=\"async\" class=\"image_rollover\" src=\"https:\/\/design.awards.verallia.fr\/wp-content\/uploads\/2023\/08\/laremoise.png\"  src=\"https:\/\/design.awards.verallia.fr\/wp-content\/uploads\/2023\/08\/laremoise.png\" alt=\"laremoise\" width=\"400\" height=\"384\">      <\/div>\n    <div class=\"uc_classic_carousel_content\" style=\"direction:ltr;\">\n    \n    \n        \n          \t\n      <div  class=\"card_carousel_title\">LA R\u00c9MOISE<\/div>\n          \t\n    \n      \n    <p class=\"card_carousel_text\">Sophie LETERME<br>Vins effervescents & Champagne<br><a href=\"https:\/\/www.linkedin.com\/in\/sophie-leterme-59a947158\/\" target=\"_blank\"><i class=\"fab fa-linkedin-in\"><\/i><\/a><\/p>    \n    \n    \t\n    \n    \n    \t\n  <\/div>\n  <\/div>\n<\/div>\n<div class=\"uc_classic_carousel_container_holder ue-item elementor-repeater-item-e7e3255\">\n  <div class=\"ue-carousel-item\">\n      <div class=\"uc_classic_carousel_placeholder\">\n          <img loading=\"lazy\" decoding=\"async\"  class=\"image_rollout\" src=\"https:\/\/design.awards.verallia.fr\/wp-content\/uploads\/2023\/05\/Projetlaureat2020-3.jpg\"  src=\"https:\/\/design.awards.verallia.fr\/wp-content\/uploads\/2023\/05\/Projetlaureat2020-3.jpg\" alt=\"Bouteille design 2020 prim\u00e9s au Verallia design awards\" width=\"500\" height=\"500\">\n      <img loading=\"lazy\" decoding=\"async\" class=\"image_rollover\" src=\"https:\/\/design.awards.verallia.fr\/wp-content\/uploads\/2023\/08\/essentiel-1.png\"  src=\"https:\/\/design.awards.verallia.fr\/wp-content\/uploads\/2023\/08\/essentiel-1.png\" alt=\"Essentiel-1\" width=\"400\" height=\"384\">      <\/div>\n    <div class=\"uc_classic_carousel_content\" style=\"direction:ltr;\">\n    \n    \n        \n          \t\n      <div  class=\"card_carousel_title\">ESSENTIEL<\/div>\n          \t\n    \n      \n    <p class=\"card_carousel_text\">Allan PAREZYS<br>Sp\u00e9cial <br><a href=\"https:\/\/www.linkedin.com\/in\/allan-p-544816147\/\" target=\"_blank\"><i class=\"fab fa-linkedin-in\"><\/i><\/a><\/p>    \n    \n    \t\n    \n    \n    \t\n  <\/div>\n  <\/div>\n<\/div>\n\n      <\/div>\n<\/div>\n<!-- end Card Carousel -->\t\t\t\t<\/div>\n\t\t\t\t<\/div>\n\t\t\t\t<\/div>\n\t\t<div class=\"elementor-element elementor-element-18f1d33 e-flex e-con-boxed e-con e-parent\" data-id=\"18f1d33\" data-element_type=\"container\" data-e-type=\"container\">\n\t\t\t\t\t<div class=\"e-con-inner\">\n\t\t\t\t<div class=\"elementor-element elementor-element-fd1914a elementor-widget elementor-widget-heading\" data-id=\"fd1914a\" data-element_type=\"widget\" data-e-type=\"widget\" data-widget_type=\"heading.default\">\n\t\t\t\t<div class=\"elementor-widget-container\">\n\t\t\t\t\t<h2 class=\"elementor-heading-title elementor-size-default\">Parrainage du concours<\/h2>\t\t\t\t<\/div>\n\t\t\t\t<\/div>\n\t\t\t\t<div class=\"elementor-element elementor-element-b6956ea anim-1 elementor-widget elementor-widget-image\" data-id=\"b6956ea\" data-element_type=\"widget\" data-e-type=\"widget\" data-widget_type=\"image.default\">\n\t\t\t\t<div class=\"elementor-widget-container\">\n\t\t\t\t\t\t\t\t\t\t\t\t\t\t\t<img loading=\"lazy\" decoding=\"async\" width=\"1000\" height=\"858\" src=\"https:\/\/design.awards.verallia.fr\/wp-content\/uploads\/2023\/05\/marraine2020.jpg\" class=\"attachment-full size-full wp-image-23061\" alt=\"Photo de la marraine du concours design 2020\" srcset=\"https:\/\/design.awards.verallia.fr\/wp-content\/uploads\/2023\/05\/marraine2020.jpg 1000w, https:\/\/design.awards.verallia.fr\/wp-content\/uploads\/2023\/05\/marraine2020-300x257.jpg 300w, https:\/\/design.awards.verallia.fr\/wp-content\/uploads\/2023\/05\/marraine2020-768x659.jpg 768w\" sizes=\"(max-width: 1000px) 100vw, 1000px\" \/>\t\t\t\t\t\t\t\t\t\t\t\t\t\t\t<\/div>\n\t\t\t\t<\/div>\n\t\t<div class=\"elementor-element elementor-element-b8cb8be e-flex e-con-boxed e-con e-child\" data-id=\"b8cb8be\" data-element_type=\"container\" data-e-type=\"container\" data-settings=\"{&quot;background_background&quot;:&quot;classic&quot;}\">\n\t\t\t\t\t<div class=\"e-con-inner\">\n\t\t\t\t<div class=\"elementor-element elementor-element-4cae8c8 elementor-widget elementor-widget-heading\" data-id=\"4cae8c8\" data-element_type=\"widget\" data-e-type=\"widget\" data-widget_type=\"heading.default\">\n\t\t\t\t<div class=\"elementor-widget-container\">\n\t\t\t\t\t<h3 class=\"elementor-heading-title elementor-size-default\">Eve GEORGE<br>Design &amp; verre souffl\u00e9<\/h3>\t\t\t\t<\/div>\n\t\t\t\t<\/div>\n\t\t\t\t<div class=\"elementor-element elementor-element-a7cb86a elementor-widget elementor-widget-text-editor\" data-id=\"a7cb86a\" data-element_type=\"widget\" data-e-type=\"widget\" data-widget_type=\"text-editor.default\">\n\t\t\t\t<div class=\"elementor-widget-container\">\n\t\t\t\t\t\t\t\t\t<p>Pass\u00e9e par l\u2019\u00e9cole Boulle puis l\u2019ENSCI les ateliers \u00e0 Paris, Eve George se sp\u00e9cialise ensuite dans le domaine de la cr\u00e9ation verri\u00e8re en devenant Compagnon Verrier Europ\u00e9en en soufflage de verre.<\/p><p>En 2012 elle cr\u00e9e avec Laurent George l\u2019Atelier George.<\/p><p>Son univers : les luminaires principalement, puis des objets d\u2019art de la table, accessoires d\u2019int\u00e9rieur et carreaux de verre.<\/p>\t\t\t\t\t\t\t\t<\/div>\n\t\t\t\t<\/div>\n\t\t\t\t<div class=\"elementor-element elementor-element-f352343 elementor-widget elementor-widget-button\" data-id=\"f352343\" data-element_type=\"widget\" data-e-type=\"widget\" data-widget_type=\"button.default\">\n\t\t\t\t<div class=\"elementor-widget-container\">\n\t\t\t\t\t\t\t\t\t<div class=\"elementor-button-wrapper\">\n\t\t\t\t\t<a class=\"elementor-button elementor-button-link elementor-size-sm\" href=\"https:\/\/www.atelier-george.fr\/\" target=\"_blank\">\n\t\t\t\t\t\t<span class=\"elementor-button-content-wrapper\">\n\t\t\t\t\t\t\t\t\t<span class=\"elementor-button-text\">En savoir plus<\/span>\n\t\t\t\t\t<\/span>\n\t\t\t\t\t<\/a>\n\t\t\t\t<\/div>\n\t\t\t\t\t\t\t\t<\/div>\n\t\t\t\t<\/div>\n\t\t\t\t\t<\/div>\n\t\t\t\t<\/div>\n\t\t\t\t\t<\/div>\n\t\t\t\t<\/div>\n\t\t<div class=\"elementor-element elementor-element-c889241 e-flex e-con-boxed e-con e-parent\" data-id=\"c889241\" data-element_type=\"container\" data-e-type=\"container\">\n\t\t\t\t\t<div class=\"e-con-inner\">\n\t\t\t\t<div class=\"elementor-element elementor-element-25658a0 elementor-widget elementor-widget-image\" data-id=\"25658a0\" data-element_type=\"widget\" data-e-type=\"widget\" data-widget_type=\"image.default\">\n\t\t\t\t<div class=\"elementor-widget-container\">\n\t\t\t\t\t\t\t\t\t\t\t\t\t\t\t<img loading=\"lazy\" decoding=\"async\" width=\"800\" height=\"469\" src=\"https:\/\/design.awards.verallia.fr\/wp-content\/uploads\/2023\/05\/Laureats2020.jpg\" class=\"attachment-large size-large wp-image-23050\" alt=\"Photo des laur\u00e9ats prim\u00e9s \u00e0 l&#039;\u00e9dition 2020\" srcset=\"https:\/\/design.awards.verallia.fr\/wp-content\/uploads\/2023\/05\/Laureats2020.jpg 1024w, https:\/\/design.awards.verallia.fr\/wp-content\/uploads\/2023\/05\/Laureats2020-300x176.jpg 300w, https:\/\/design.awards.verallia.fr\/wp-content\/uploads\/2023\/05\/Laureats2020-768x450.jpg 768w\" sizes=\"(max-width: 800px) 100vw, 800px\" \/>\t\t\t\t\t\t\t\t\t\t\t\t\t\t\t<\/div>\n\t\t\t\t<\/div>\n\t\t\t\t\t<\/div>\n\t\t\t\t<\/div>\n\t\t\t\t<\/div>\n\t\t","protected":false},"excerpt":{"rendered":"<p>\u201cLe verre \u00e0 la fran\u00e7aise\u201d Retour sur l&#8217;univers de l&#8217;\u00e9dition 2020 du concours Spontan\u00e9ment associ\u00e9e \u00e0 des notions de qualit\u00e9, de s\u00e9curit\u00e9 et de proximit\u00e9, l\u2019origine fran\u00e7aise d\u2019un produit rassure les consommateurs. Dans l\u2019imaginaire collectif et particuli\u00e8rement dans certains pays \u00e9trangers, la France est synonyme de traditions, de luxe et de savoir-faire. Vous imaginerez un [&hellip;]<\/p>\n","protected":false},"author":1,"featured_media":0,"parent":21,"menu_order":2020,"comment_status":"closed","ping_status":"closed","template":"","meta":{"_acf_changed":false,"footnotes":""},"class_list":["post-43","page","type-page","status-publish","hentry"],"acf":[],"yoast_head":"<!-- This site is optimized with the Yoast SEO plugin v27.3 - https:\/\/yoast.com\/product\/yoast-seo-wordpress\/ -->\n<title>Edition 2020 - Verallia Design Awards<\/title>\n<meta name=\"description\" content=\"Red\u00e9couvrez l&#039;\u00e9dition 2020 et plongez dans l&#039;univers du design en verre fran\u00e7ais, c\u00e9l\u00e9brant l&#039;origine, le savoir-faire et l&#039;esth\u00e9tisme.\" \/>\n<meta name=\"robots\" content=\"index, follow, max-snippet:-1, max-image-preview:large, max-video-preview:-1\" \/>\n<link rel=\"canonical\" href=\"https:\/\/design.awards.verallia.fr\/fr\/editions-precedentes-du-concours\/edition-2020\/\" \/>\n<meta property=\"og:locale\" content=\"fr_FR\" \/>\n<meta property=\"og:type\" content=\"article\" \/>\n<meta property=\"og:title\" content=\"Edition 2020 - Verallia Design Awards\" \/>\n<meta property=\"og:description\" content=\"Red\u00e9couvrez l&#039;\u00e9dition 2020 et plongez dans l&#039;univers du design en verre fran\u00e7ais, c\u00e9l\u00e9brant l&#039;origine, le savoir-faire et l&#039;esth\u00e9tisme.\" \/>\n<meta property=\"og:url\" content=\"https:\/\/design.awards.verallia.fr\/fr\/editions-precedentes-du-concours\/edition-2020\/\" \/>\n<meta property=\"og:site_name\" content=\"Verallia Design Awards\" \/>\n<meta property=\"article:modified_time\" content=\"2023-09-07T13:23:37+00:00\" \/>\n<meta property=\"og:image\" content=\"https:\/\/design.awards.verallia.fr\/wp-content\/uploads\/2023\/05\/PrixLaureat2020.jpg\" \/>\n<meta name=\"twitter:card\" content=\"summary_large_image\" \/>\n<meta name=\"twitter:label1\" content=\"Dur\u00e9e de lecture estim\u00e9e\" \/>\n\t<meta name=\"twitter:data1\" content=\"5 minutes\" \/>\n<script type=\"application\/ld+json\" class=\"yoast-schema-graph\">{\"@context\":\"https:\\\/\\\/schema.org\",\"@graph\":[{\"@type\":\"WebPage\",\"@id\":\"https:\\\/\\\/design.awards.verallia.fr\\\/fr\\\/editions-precedentes-du-concours\\\/edition-2020\\\/\",\"url\":\"https:\\\/\\\/design.awards.verallia.fr\\\/fr\\\/editions-precedentes-du-concours\\\/edition-2020\\\/\",\"name\":\"Edition 2020 - Verallia Design Awards\",\"isPartOf\":{\"@id\":\"https:\\\/\\\/design.awards.verallia.fr\\\/fr\\\/#website\"},\"primaryImageOfPage\":{\"@id\":\"https:\\\/\\\/design.awards.verallia.fr\\\/fr\\\/editions-precedentes-du-concours\\\/edition-2020\\\/#primaryimage\"},\"image\":{\"@id\":\"https:\\\/\\\/design.awards.verallia.fr\\\/fr\\\/editions-precedentes-du-concours\\\/edition-2020\\\/#primaryimage\"},\"thumbnailUrl\":\"https:\\\/\\\/design.awards.verallia.fr\\\/wp-content\\\/uploads\\\/2023\\\/05\\\/PrixLaureat2020.jpg\",\"datePublished\":\"2023-04-11T15:20:24+00:00\",\"dateModified\":\"2023-09-07T13:23:37+00:00\",\"description\":\"Red\u00e9couvrez l'\u00e9dition 2020 et plongez dans l'univers du design en verre fran\u00e7ais, c\u00e9l\u00e9brant l'origine, le savoir-faire et l'esth\u00e9tisme.\",\"breadcrumb\":{\"@id\":\"https:\\\/\\\/design.awards.verallia.fr\\\/fr\\\/editions-precedentes-du-concours\\\/edition-2020\\\/#breadcrumb\"},\"inLanguage\":\"fr-FR\",\"potentialAction\":[{\"@type\":\"ReadAction\",\"target\":[\"https:\\\/\\\/design.awards.verallia.fr\\\/fr\\\/editions-precedentes-du-concours\\\/edition-2020\\\/\"]}]},{\"@type\":\"ImageObject\",\"inLanguage\":\"fr-FR\",\"@id\":\"https:\\\/\\\/design.awards.verallia.fr\\\/fr\\\/editions-precedentes-du-concours\\\/edition-2020\\\/#primaryimage\",\"url\":\"https:\\\/\\\/design.awards.verallia.fr\\\/wp-content\\\/uploads\\\/2023\\\/05\\\/PrixLaureat2020.jpg\",\"contentUrl\":\"https:\\\/\\\/design.awards.verallia.fr\\\/wp-content\\\/uploads\\\/2023\\\/05\\\/PrixLaureat2020.jpg\"},{\"@type\":\"BreadcrumbList\",\"@id\":\"https:\\\/\\\/design.awards.verallia.fr\\\/fr\\\/editions-precedentes-du-concours\\\/edition-2020\\\/#breadcrumb\",\"itemListElement\":[{\"@type\":\"ListItem\",\"position\":1,\"name\":\"Accueil\",\"item\":\"https:\\\/\\\/design.awards.verallia.fr\\\/fr\\\/\"},{\"@type\":\"ListItem\",\"position\":2,\"name\":\"Les \u00e9ditions pr\u00e9c\u00e9dentes\",\"item\":\"https:\\\/\\\/design.awards.verallia.fr\\\/fr\\\/editions-precedentes-du-concours\\\/\"},{\"@type\":\"ListItem\",\"position\":3,\"name\":\"2020\"}]},{\"@type\":\"WebSite\",\"@id\":\"https:\\\/\\\/design.awards.verallia.fr\\\/fr\\\/#website\",\"url\":\"https:\\\/\\\/design.awards.verallia.fr\\\/fr\\\/\",\"name\":\"Verallia Design Awards\",\"description\":\"Verallia Design Award, le concours de design du packaging en verre\",\"publisher\":{\"@id\":\"https:\\\/\\\/design.awards.verallia.fr\\\/fr\\\/#organization\"},\"potentialAction\":[{\"@type\":\"SearchAction\",\"target\":{\"@type\":\"EntryPoint\",\"urlTemplate\":\"https:\\\/\\\/design.awards.verallia.fr\\\/fr\\\/?s={search_term_string}\"},\"query-input\":{\"@type\":\"PropertyValueSpecification\",\"valueRequired\":true,\"valueName\":\"search_term_string\"}}],\"inLanguage\":\"fr-FR\"},{\"@type\":\"Organization\",\"@id\":\"https:\\\/\\\/design.awards.verallia.fr\\\/fr\\\/#organization\",\"name\":\"Verallia Design Awards\",\"url\":\"https:\\\/\\\/design.awards.verallia.fr\\\/fr\\\/\",\"logo\":{\"@type\":\"ImageObject\",\"inLanguage\":\"fr-FR\",\"@id\":\"https:\\\/\\\/design.awards.verallia.fr\\\/fr\\\/#\\\/schema\\\/logo\\\/image\\\/\",\"url\":\"https:\\\/\\\/design.awards.verallia.fr\\\/wp-content\\\/uploads\\\/2023\\\/05\\\/logo-small.png\",\"contentUrl\":\"https:\\\/\\\/design.awards.verallia.fr\\\/wp-content\\\/uploads\\\/2023\\\/05\\\/logo-small.png\",\"width\":198,\"height\":117,\"caption\":\"Verallia Design Awards\"},\"image\":{\"@id\":\"https:\\\/\\\/design.awards.verallia.fr\\\/fr\\\/#\\\/schema\\\/logo\\\/image\\\/\"}}]}<\/script>\n<!-- \/ Yoast SEO plugin. -->","yoast_head_json":{"title":"Edition 2020 - Verallia Design Awards","description":"Red\u00e9couvrez l'\u00e9dition 2020 et plongez dans l'univers du design en verre fran\u00e7ais, c\u00e9l\u00e9brant l'origine, le savoir-faire et l'esth\u00e9tisme.","robots":{"index":"index","follow":"follow","max-snippet":"max-snippet:-1","max-image-preview":"max-image-preview:large","max-video-preview":"max-video-preview:-1"},"canonical":"https:\/\/design.awards.verallia.fr\/fr\/editions-precedentes-du-concours\/edition-2020\/","og_locale":"fr_FR","og_type":"article","og_title":"Edition 2020 - Verallia Design Awards","og_description":"Red\u00e9couvrez l'\u00e9dition 2020 et plongez dans l'univers du design en verre fran\u00e7ais, c\u00e9l\u00e9brant l'origine, le savoir-faire et l'esth\u00e9tisme.","og_url":"https:\/\/design.awards.verallia.fr\/fr\/editions-precedentes-du-concours\/edition-2020\/","og_site_name":"Verallia Design Awards","article_modified_time":"2023-09-07T13:23:37+00:00","og_image":[{"url":"https:\/\/design.awards.verallia.fr\/wp-content\/uploads\/2023\/05\/PrixLaureat2020.jpg","type":"","width":"","height":""}],"twitter_card":"summary_large_image","twitter_misc":{"Dur\u00e9e de lecture estim\u00e9e":"5 minutes"},"schema":{"@context":"https:\/\/schema.org","@graph":[{"@type":"WebPage","@id":"https:\/\/design.awards.verallia.fr\/fr\/editions-precedentes-du-concours\/edition-2020\/","url":"https:\/\/design.awards.verallia.fr\/fr\/editions-precedentes-du-concours\/edition-2020\/","name":"Edition 2020 - Verallia Design Awards","isPartOf":{"@id":"https:\/\/design.awards.verallia.fr\/fr\/#website"},"primaryImageOfPage":{"@id":"https:\/\/design.awards.verallia.fr\/fr\/editions-precedentes-du-concours\/edition-2020\/#primaryimage"},"image":{"@id":"https:\/\/design.awards.verallia.fr\/fr\/editions-precedentes-du-concours\/edition-2020\/#primaryimage"},"thumbnailUrl":"https:\/\/design.awards.verallia.fr\/wp-content\/uploads\/2023\/05\/PrixLaureat2020.jpg","datePublished":"2023-04-11T15:20:24+00:00","dateModified":"2023-09-07T13:23:37+00:00","description":"Red\u00e9couvrez l'\u00e9dition 2020 et plongez dans l'univers du design en verre fran\u00e7ais, c\u00e9l\u00e9brant l'origine, le savoir-faire et l'esth\u00e9tisme.","breadcrumb":{"@id":"https:\/\/design.awards.verallia.fr\/fr\/editions-precedentes-du-concours\/edition-2020\/#breadcrumb"},"inLanguage":"fr-FR","potentialAction":[{"@type":"ReadAction","target":["https:\/\/design.awards.verallia.fr\/fr\/editions-precedentes-du-concours\/edition-2020\/"]}]},{"@type":"ImageObject","inLanguage":"fr-FR","@id":"https:\/\/design.awards.verallia.fr\/fr\/editions-precedentes-du-concours\/edition-2020\/#primaryimage","url":"https:\/\/design.awards.verallia.fr\/wp-content\/uploads\/2023\/05\/PrixLaureat2020.jpg","contentUrl":"https:\/\/design.awards.verallia.fr\/wp-content\/uploads\/2023\/05\/PrixLaureat2020.jpg"},{"@type":"BreadcrumbList","@id":"https:\/\/design.awards.verallia.fr\/fr\/editions-precedentes-du-concours\/edition-2020\/#breadcrumb","itemListElement":[{"@type":"ListItem","position":1,"name":"Accueil","item":"https:\/\/design.awards.verallia.fr\/fr\/"},{"@type":"ListItem","position":2,"name":"Les \u00e9ditions pr\u00e9c\u00e9dentes","item":"https:\/\/design.awards.verallia.fr\/fr\/editions-precedentes-du-concours\/"},{"@type":"ListItem","position":3,"name":"2020"}]},{"@type":"WebSite","@id":"https:\/\/design.awards.verallia.fr\/fr\/#website","url":"https:\/\/design.awards.verallia.fr\/fr\/","name":"Verallia Design Awards","description":"Verallia Design Award, le concours de design du packaging en verre","publisher":{"@id":"https:\/\/design.awards.verallia.fr\/fr\/#organization"},"potentialAction":[{"@type":"SearchAction","target":{"@type":"EntryPoint","urlTemplate":"https:\/\/design.awards.verallia.fr\/fr\/?s={search_term_string}"},"query-input":{"@type":"PropertyValueSpecification","valueRequired":true,"valueName":"search_term_string"}}],"inLanguage":"fr-FR"},{"@type":"Organization","@id":"https:\/\/design.awards.verallia.fr\/fr\/#organization","name":"Verallia Design Awards","url":"https:\/\/design.awards.verallia.fr\/fr\/","logo":{"@type":"ImageObject","inLanguage":"fr-FR","@id":"https:\/\/design.awards.verallia.fr\/fr\/#\/schema\/logo\/image\/","url":"https:\/\/design.awards.verallia.fr\/wp-content\/uploads\/2023\/05\/logo-small.png","contentUrl":"https:\/\/design.awards.verallia.fr\/wp-content\/uploads\/2023\/05\/logo-small.png","width":198,"height":117,"caption":"Verallia Design Awards"},"image":{"@id":"https:\/\/design.awards.verallia.fr\/fr\/#\/schema\/logo\/image\/"}}]}},"_links":{"self":[{"href":"https:\/\/design.awards.verallia.fr\/fr\/wp-json\/wp\/v2\/pages\/43","targetHints":{"allow":["GET"]}}],"collection":[{"href":"https:\/\/design.awards.verallia.fr\/fr\/wp-json\/wp\/v2\/pages"}],"about":[{"href":"https:\/\/design.awards.verallia.fr\/fr\/wp-json\/wp\/v2\/types\/page"}],"author":[{"embeddable":true,"href":"https:\/\/design.awards.verallia.fr\/fr\/wp-json\/wp\/v2\/users\/1"}],"replies":[{"embeddable":true,"href":"https:\/\/design.awards.verallia.fr\/fr\/wp-json\/wp\/v2\/comments?post=43"}],"version-history":[{"count":5,"href":"https:\/\/design.awards.verallia.fr\/fr\/wp-json\/wp\/v2\/pages\/43\/revisions"}],"predecessor-version":[{"id":31143,"href":"https:\/\/design.awards.verallia.fr\/fr\/wp-json\/wp\/v2\/pages\/43\/revisions\/31143"}],"up":[{"embeddable":true,"href":"https:\/\/design.awards.verallia.fr\/fr\/wp-json\/wp\/v2\/pages\/21"}],"wp:attachment":[{"href":"https:\/\/design.awards.verallia.fr\/fr\/wp-json\/wp\/v2\/media?parent=43"}],"curies":[{"name":"wp","href":"https:\/\/api.w.org\/{rel}","templated":true}]}}