{"id":47,"date":"2023-04-11T17:21:14","date_gmt":"2023-04-11T15:21:14","guid":{"rendered":"https:\/\/design.awards.verallia.fr\/?page_id=47"},"modified":"2023-09-05T18:16:12","modified_gmt":"2023-09-05T16:16:12","slug":"edition-2022","status":"publish","type":"page","link":"https:\/\/design.awards.verallia.fr\/fr\/editions-precedentes-du-concours\/edition-2022\/","title":{"rendered":"2022"},"content":{"rendered":"\t\t<div data-elementor-type=\"wp-page\" data-elementor-id=\"47\" class=\"elementor elementor-47\" data-elementor-post-type=\"page\">\n\t\t\t\t<div class=\"elementor-element elementor-element-8c5ca9a e-flex e-con-boxed e-con e-parent\" data-id=\"8c5ca9a\" data-element_type=\"container\" data-e-type=\"container\">\n\t\t\t\t\t<div class=\"e-con-inner\">\n\t\t\t\t<div class=\"elementor-element elementor-element-e5051f6 elementor-blockquote--skin-clean elementor-blockquote--align-center elementor-widget__width-initial elementor-widget elementor-widget-blockquote\" data-id=\"e5051f6\" data-element_type=\"widget\" data-e-type=\"widget\" data-widget_type=\"blockquote.default\">\n\t\t\t\t<div class=\"elementor-widget-container\">\n\t\t\t\t\t\t\t<blockquote class=\"elementor-blockquote\">\n\t\t\t<p class=\"elementor-blockquote__content\">\n\t\t\t\t\u201cLe verre sans mod\u00e9ration\u201d\t\t\t<\/p>\n\t\t\t\t\t<\/blockquote>\n\t\t\t\t\t\t<\/div>\n\t\t\t\t<\/div>\n\t\t\t\t\t<\/div>\n\t\t\t\t<\/div>\n\t\t<div class=\"elementor-element elementor-element-ff2ccf1 e-flex e-con-boxed e-con e-parent\" data-id=\"ff2ccf1\" data-element_type=\"container\" data-e-type=\"container\">\n\t\t\t\t\t<div class=\"e-con-inner\">\n\t\t<div class=\"elementor-element elementor-element-e00507d e-flex e-con-boxed e-con e-child\" data-id=\"e00507d\" data-element_type=\"container\" data-e-type=\"container\">\n\t\t\t\t\t<div class=\"e-con-inner\">\n\t\t\t\t<div class=\"elementor-element elementor-element-9279ef0 elementor-widget elementor-widget-heading\" data-id=\"9279ef0\" data-element_type=\"widget\" data-e-type=\"widget\" data-widget_type=\"heading.default\">\n\t\t\t\t<div class=\"elementor-widget-container\">\n\t\t\t\t\t<h2 class=\"elementor-heading-title elementor-size-default\">Retour sur l'univers de l'\u00e9dition 2022 du concours<\/h2>\t\t\t\t<\/div>\n\t\t\t\t<\/div>\n\t\t\t\t<div class=\"elementor-element elementor-element-ac8833b elementor-widget elementor-widget-text-editor\" data-id=\"ac8833b\" data-element_type=\"widget\" data-e-type=\"widget\" data-widget_type=\"text-editor.default\">\n\t\t\t\t<div class=\"elementor-widget-container\">\n\t\t\t\t\t\t\t\t\t<p>A l\u2019heure o\u00f9 tout le monde s\u2019attelle au \u00ab Dry January \u00bb, de plus en plus d\u2019occasions de consommation invitent les consommateurs \u00e0 choisir des boissons ou des produits alimentaire en format individuel : que l\u2019on soit chez soi (\u2026quand les restaurants sont ferm\u00e9s, ou, plus joyeusement, quand des amis viennent prendre l\u2019ap\u00e9ritif!) ou \u00e0 l\u2019ext\u00e9rieur (lors d\u2019un \u00e9v\u00e9nement sportif ou culturel, dans un parc ou un bord de mer\u2026), on peut trouver \u00e0 ces formats individuels plusieurs avantages par rapport aux grands formats plus traditionnels. Par exemple, acheter une bouteille de 25cl au lieu d\u2019une 75cl, c\u2019est se donner l\u2019opportunit\u00e9 de tester de nouveaux produits, sans risque de gaspiller le contenu ou en ma\u00eetrisant son budget !<\/p><p>La recherche de recyclabilit\u00e9, de sant\u00e9 et de plaisir lors de la d\u00e9gustation porte de plus en plus de consommateurs \u00e0 adopter des emballages en verre, y compris pour ces portions individuelles.<\/p><p>Vous imaginerez une bouteille ou un pot en verre qui permet au consommateur d\u2019acc\u00e9der \u00e0 la juste portion sans sacrifier aux exigences de qualit\u00e9 et de plaisir qu\u2019offre le mat\u00e9riau verre. Votre projet proposera une forme innovante et esth\u00e9tique, qui r\u00e9pondra aux contraintes de la consommation individuelle par son ergonomie et ses fonctionnalit\u00e9s.<\/p><p>Cette th\u00e9matique vaut pour les 4 cat\u00e9gories : Vins tranquilles et effervescents \u2013 Spiritueux \u2013 Bi\u00e8res, eaux et boissons non alcoolis\u00e9es \u2013 Food.<\/p>\t\t\t\t\t\t\t\t<\/div>\n\t\t\t\t<\/div>\n\t\t\t\t\t<\/div>\n\t\t\t\t<\/div>\n\t\t<div class=\"elementor-element elementor-element-c30c309 e-flex e-con-boxed e-con e-child\" data-id=\"c30c309\" data-element_type=\"container\" data-e-type=\"container\">\n\t\t\t\t\t<div class=\"e-con-inner\">\n\t\t\t\t<div class=\"elementor-element elementor-element-d6f6ba6 anim-3 elementor-widget elementor-widget-image\" data-id=\"d6f6ba6\" data-element_type=\"widget\" data-e-type=\"widget\" data-widget_type=\"image.default\">\n\t\t\t\t<div class=\"elementor-widget-container\">\n\t\t\t\t\t\t\t\t\t\t\t\t\t\t\t<img fetchpriority=\"high\" decoding=\"async\" width=\"800\" height=\"800\" src=\"https:\/\/design.awards.verallia.fr\/wp-content\/uploads\/2023\/05\/Taupinprod-MDSC_7916-1024x1024.jpg\" class=\"attachment-large size-large wp-image-22986\" alt=\"Prix ultime du concours design 2022\" srcset=\"https:\/\/design.awards.verallia.fr\/wp-content\/uploads\/2023\/05\/Taupinprod-MDSC_7916-1024x1024.jpg 1024w, https:\/\/design.awards.verallia.fr\/wp-content\/uploads\/2023\/05\/Taupinprod-MDSC_7916-300x300.jpg 300w, https:\/\/design.awards.verallia.fr\/wp-content\/uploads\/2023\/05\/Taupinprod-MDSC_7916-150x150.jpg 150w, https:\/\/design.awards.verallia.fr\/wp-content\/uploads\/2023\/05\/Taupinprod-MDSC_7916-768x768.jpg 768w, https:\/\/design.awards.verallia.fr\/wp-content\/uploads\/2023\/05\/Taupinprod-MDSC_7916-1536x1536.jpg 1536w, https:\/\/design.awards.verallia.fr\/wp-content\/uploads\/2023\/05\/Taupinprod-MDSC_7916-2048x2048.jpg 2048w\" sizes=\"(max-width: 800px) 100vw, 800px\" \/>\t\t\t\t\t\t\t\t\t\t\t\t\t\t\t<\/div>\n\t\t\t\t<\/div>\n\t\t\t\t\t<\/div>\n\t\t\t\t<\/div>\n\t\t\t\t\t<\/div>\n\t\t\t\t<\/div>\n\t\t<div class=\"elementor-element elementor-element-3a89a65 e-flex e-con-boxed e-con e-parent\" data-id=\"3a89a65\" data-element_type=\"container\" data-e-type=\"container\">\n\t\t\t\t\t<div class=\"e-con-inner\">\n\t\t\t\t<div class=\"elementor-element elementor-element-854c2e7 elementor-widget elementor-widget-heading\" data-id=\"854c2e7\" data-element_type=\"widget\" data-e-type=\"widget\" data-widget_type=\"heading.default\">\n\t\t\t\t<div class=\"elementor-widget-container\">\n\t\t\t\t\t<h2 class=\"elementor-heading-title elementor-size-default\">Les laur\u00e9ats<\/h2>\t\t\t\t<\/div>\n\t\t\t\t<\/div>\n\t\t\t\t\t<\/div>\n\t\t\t\t<\/div>\n\t\t<div class=\"elementor-element elementor-element-586cd39 e-con-full e-flex e-con e-parent\" data-id=\"586cd39\" data-element_type=\"container\" data-e-type=\"container\">\n\t\t\t\t<div class=\"elementor-element elementor-element-8e4b730 laureats elementor-widget elementor-widget-ucaddon_card_carousel\" data-id=\"8e4b730\" data-element_type=\"widget\" data-e-type=\"widget\" data-widget_type=\"ucaddon_card_carousel.default\">\n\t\t\t\t<div class=\"elementor-widget-container\">\n\t\t\t\t\t\n<!-- start Card Carousel -->\n\t\t<link id='font-awesome-css' href='https:\/\/design.awards.verallia.fr\/wp-content\/plugins\/unlimited-elements-for-elementor-premium\/assets_libraries\/font-awesome6\/fontawesome-all.min.css' type='text\/css' rel='stylesheet' >\n\t\t<link id='font-awesome-4-shim-css' href='https:\/\/design.awards.verallia.fr\/wp-content\/plugins\/unlimited-elements-for-elementor-premium\/assets_libraries\/font-awesome6\/fontawesome-v4-shims.min.css' type='text\/css' rel='stylesheet' >\n\t\t<link id='owl-carousel-css' href='https:\/\/design.awards.verallia.fr\/wp-content\/plugins\/unlimited-elements-for-elementor-premium\/assets_libraries\/owl-carousel-new\/assets\/owl.carousel.css' type='text\/css' rel='stylesheet' >\n\n<style>\/* widget: Card Carousel *\/\n\n#uc_card_carousel_elementor_8e4b730-wrapper\n{\n  min-height:1px;\n}\n#uc_card_carousel_elementor_8e4b730 *{\n\t-webkit-box-sizing: border-box;\n\t-moz-box-sizing: border-box;\n\tbox-sizing: border-box;\n}\n\n#uc_card_carousel_elementor_8e4b730 .ue-carousel-item\n{\n  overflow:hidden;\n  transition:0.3s;\n}\n\n#uc_card_carousel_elementor_8e4b730 .uc_classic_carousel_container_holder\n{\n\tdisplay:block;\n\tposition:relative;\n\twidth:100%;\n    box-sizing: border-box;\n}\n.card_carousel_title\n{\n\tfont-size:21px;\n}\n\n.uc_classic_carousel .uc_classic_carousel_border\n{\n\tdisplay:block;\n    margin:0 auto;\n}\n.uc_classic_carousel  .uc_classic_carousel_placeholder\n{\n  transition: all 0.5s ease-in-out;\n}\n.uc_classic_carousel  .uc_classic_carousel_placeholder img\n{\n\twidth:100%;\n    \n    display:inline-flex;\n}\n.uc_classic_carousel  .uc_classic_carousel_placeholder .image_rollover\n{\n\twidth:100%;\n    \n    display:inline-flex;\n    opacity: 0;\n  position:absolute;\n  left:0;\n  transition: opacity 0.5s ease-in-out;\n}\n.uc_classic_carousel  .uc_classic_carousel_placeholder:hover .image_rollover\n{\n    opacity: 1;\n}\n.uc_classic_carousel  .uc_classic_carousel_placeholder:hover\n{\n  \n}\n.uc_classic_carousel .uc_classic_carousel_content\n{\n  display: flex;\n flex-flow: column nowrap;\n}\n\n.uc_classic_carousel .ue_button\n{\n  margin-top:auto;\n\n}\n\n.uc_classic_carousel .uc_classic_carousel_content .uc_more_btn {\n\tdisplay:inline-block;\n\ttext-decoration:none;\n\ttransition: all 0.5s ease;\n}\n\n\n#uc_card_carousel_elementor_8e4b730 .owl-dots {\noverflow:hidden;\ntext-align:left;\n}\n\n#uc_card_carousel_elementor_8e4b730 .owl-dot {\nborder-radius:50%;\ndisplay:inline-block;\n}\n\n#uc_card_carousel_elementor_8e4b730 .owl-nav .owl-prev{\n    position:absolute;\n    display:inline-block;\n    text-align:center;\n}\n#uc_card_carousel_elementor_8e4b730 .owl-nav .owl-next{\n  position:absolute;\n  display:inline-block;\n  text-align:center;\n}\n\n#uc_card_carousel_elementor_8e4b730 .owl-nav .disabled\n{\n    display: none;  \n}\n\n\n#uc_card_carousel_elementor_8e4b730 .ue-item-icon\n{\n  line-height:1em;\n  display:inline-flex;\n  justify-content:center;\n  align-items:center;\n  \n}\n\n#uc_card_carousel_elementor_8e4b730 .ue-item-icon svg\n{\n  height:1em;\n  width:1em;\n}\n\n#uc_card_carousel_elementor_8e4b730 .ue-item-icon-wrapper\n{\n  display:flex;\n}\n\n\n\n\n<\/style>\n\n<div class=\"uc_classic_carousel\" id=\"uc_card_carousel_elementor_8e4b730-wrapper\">\n        <div class=\"uc_carousel owl-carousel uc-items-wrapper  \" id=\"uc_card_carousel_elementor_8e4b730\"  >\n          \t<div class=\"uc_classic_carousel_container_holder ue-item elementor-repeater-item-991c812\">\n  <div class=\"ue-carousel-item\">\n      <div class=\"uc_classic_carousel_placeholder\">\n          <img decoding=\"async\"  class=\"image_rollout\" src=\"https:\/\/design.awards.verallia.fr\/wp-content\/uploads\/2023\/06\/ProjetLaureatVerre1.jpg\"  src=\"https:\/\/design.awards.verallia.fr\/wp-content\/uploads\/2023\/06\/ProjetLaureatVerre1.jpg\" alt=\"Bouteille design prim\u00e9 en 2022\" width=\"500\" height=\"500\">\n      <img decoding=\"async\" class=\"image_rollover\" src=\"https:\/\/design.awards.verallia.fr\/wp-content\/uploads\/2023\/05\/edition-2022-laureat-4.png\"  src=\"https:\/\/design.awards.verallia.fr\/wp-content\/uploads\/2023\/05\/edition-2022-laureat-4.png\" alt=\"Manon Choux\" width=\"400\" height=\"384\">      <\/div>\n    <div class=\"uc_classic_carousel_content\" style=\"direction:ltr;\">\n    \n    \n        \n          \t\n      <div  class=\"card_carousel_title\">Bottle Cape<\/div>\n          \t\n    \n      \n    <p class=\"card_carousel_text\">Manon Choux<br>Coup de c\u0153ur marraine Lucile VIAUD<\/p>    \n    \n    \t\n    \n    \n    \t\n  <\/div>\n  <\/div>\n<\/div>\n<div class=\"uc_classic_carousel_container_holder ue-item elementor-repeater-item-deae732\">\n  <div class=\"ue-carousel-item\">\n      <div class=\"uc_classic_carousel_placeholder\">\n          <img loading=\"lazy\" decoding=\"async\"  class=\"image_rollout\" src=\"https:\/\/design.awards.verallia.fr\/wp-content\/uploads\/2023\/06\/ProjetLaureat2022-6.jpg\"  src=\"https:\/\/design.awards.verallia.fr\/wp-content\/uploads\/2023\/06\/ProjetLaureat2022-6.jpg\" alt=\"Bouteilles design prim\u00e9 en 2022\" width=\"500\" height=\"500\">\n      <img loading=\"lazy\" decoding=\"async\" class=\"image_rollover\" src=\"https:\/\/design.awards.verallia.fr\/wp-content\/uploads\/2023\/05\/edition-2022-laureat-1.jpg\"  src=\"https:\/\/design.awards.verallia.fr\/wp-content\/uploads\/2023\/05\/edition-2022-laureat-1.jpg\" alt=\"Elise Souchet\" width=\"400\" height=\"413\">      <\/div>\n    <div class=\"uc_classic_carousel_content\" style=\"direction:ltr;\">\n    \n    \n        \n          \t\n      <div  class=\"card_carousel_title\">Mue<\/div>\n          \t\n    \n      \n    <p class=\"card_carousel_text\">Elise Souchet<br>Vins tranquilles et effervescents<br><a href=\"https:\/\/elisesouchet.wixsite.com\/design\" target=\"_blank\"><i class=\"fas fa-globe\"><\/i><\/a><\/p>    \n    \n    \t\n    \n    \n    \t\n  <\/div>\n  <\/div>\n<\/div>\n<div class=\"uc_classic_carousel_container_holder ue-item elementor-repeater-item-990e130\">\n  <div class=\"ue-carousel-item\">\n      <div class=\"uc_classic_carousel_placeholder\">\n          <img loading=\"lazy\" decoding=\"async\"  class=\"image_rollout\" src=\"https:\/\/design.awards.verallia.fr\/wp-content\/uploads\/2023\/06\/ProjetLaureat2022-3.jpg\"  src=\"https:\/\/design.awards.verallia.fr\/wp-content\/uploads\/2023\/06\/ProjetLaureat2022-3.jpg\" alt=\"Bouteille design prim\u00e9 en 2022\" width=\"500\" height=\"500\">\n      <img loading=\"lazy\" decoding=\"async\" class=\"image_rollover\" src=\"https:\/\/design.awards.verallia.fr\/wp-content\/uploads\/2023\/05\/edition-2022-laureat-2.jpg\"  src=\"https:\/\/design.awards.verallia.fr\/wp-content\/uploads\/2023\/05\/edition-2022-laureat-2.jpg\" alt=\"Jeanne Bonaim\u00e9\" width=\"400\" height=\"400\">      <\/div>\n    <div class=\"uc_classic_carousel_content\" style=\"direction:ltr;\">\n    \n    \n        \n          \t\n      <div  class=\"card_carousel_title\">Samy<\/div>\n          \t\n    \n      \n    <p class=\"card_carousel_text\">Jeanne Bonaim\u00e9<br>Bi\u00e8res, eaux et boissons non alcoolis\u00e9es<br><a href=\"https:\/\/bnm-crea.webnode.fr\/\n\" target=\"_blank\"><i class=\"fas fa-globe\"><\/i><\/a><\/p>    \n    \n    \t\n    \n    \n    \t\n  <\/div>\n  <\/div>\n<\/div>\n<div class=\"uc_classic_carousel_container_holder ue-item elementor-repeater-item-e7e3255\">\n  <div class=\"ue-carousel-item\">\n      <div class=\"uc_classic_carousel_placeholder\">\n          <img loading=\"lazy\" decoding=\"async\"  class=\"image_rollout\" src=\"https:\/\/design.awards.verallia.fr\/wp-content\/uploads\/2023\/06\/ProjetLaureat2.jpg\"  src=\"https:\/\/design.awards.verallia.fr\/wp-content\/uploads\/2023\/06\/ProjetLaureat2.jpg\" alt=\"Bouteille design prim\u00e9 en 2022\" width=\"500\" height=\"500\">\n      <img loading=\"lazy\" decoding=\"async\" class=\"image_rollover\" src=\"https:\/\/design.awards.verallia.fr\/wp-content\/uploads\/2023\/05\/edition-2022-laureat-3-1.jpg\"  src=\"https:\/\/design.awards.verallia.fr\/wp-content\/uploads\/2023\/05\/edition-2022-laureat-3-1.jpg\" alt=\"Nicolas Mizzon\" width=\"400\" height=\"395\">      <\/div>\n    <div class=\"uc_classic_carousel_content\" style=\"direction:ltr;\">\n    \n    \n        \n          \t\n      <div  class=\"card_carousel_title\">Genever<\/div>\n          \t\n    \n      \n    <p class=\"card_carousel_text\">Nicolas Mizzon & Stanislas Raba<br>Spiritueux<br><a href=\"https:\/\/www.linkedin.com\/in\/nicolas-mizzon\/\" target=\"_blank\"><i class=\"fab fa-linkedin-in\"><\/i><\/a><a href=\"https:\/\/www.linkedin.com\/in\/stanislas-raba\/\" target=\"_blank\"><i class=\"fab fa-linkedin-in\"><\/i><\/a><\/p>    \n    \n    \t\n    \n    \n    \t\n  <\/div>\n  <\/div>\n<\/div>\n<div class=\"uc_classic_carousel_container_holder ue-item elementor-repeater-item-5f5390c\">\n  <div class=\"ue-carousel-item\">\n      <div class=\"uc_classic_carousel_placeholder\">\n          <img loading=\"lazy\" decoding=\"async\"  class=\"image_rollout\" src=\"https:\/\/design.awards.verallia.fr\/wp-content\/uploads\/2023\/06\/ProjetLaureat2022-4.jpg\"  src=\"https:\/\/design.awards.verallia.fr\/wp-content\/uploads\/2023\/06\/ProjetLaureat2022-4.jpg\" alt=\"Bouteille design prim\u00e9 en 2022\" width=\"500\" height=\"500\">\n      <img loading=\"lazy\" decoding=\"async\" class=\"image_rollover\" src=\"https:\/\/design.awards.verallia.fr\/wp-content\/uploads\/2023\/05\/edition-2022-laureat-5.jpg\"  src=\"https:\/\/design.awards.verallia.fr\/wp-content\/uploads\/2023\/05\/edition-2022-laureat-5.jpg\" alt=\"Lo\u00efc Pellissier\" width=\"400\" height=\"400\">      <\/div>\n    <div class=\"uc_classic_carousel_content\" style=\"direction:ltr;\">\n    \n    \n        \n          \t\n      <div  class=\"card_carousel_title\">La Torche<\/div>\n          \t\n    \n      \n    <p class=\"card_carousel_text\">Lo\u00efc Pellissier<br>Prix Sp\u00e9cial<br>\n<a href=\"https:\/\/www.pellidesign.fr\/\n\" target=\"_blank\"><i class=\"fas fa-globe\"><\/i><\/a><\/p>    \n    \n    \t\n    \n    \n    \t\n  <\/div>\n  <\/div>\n<\/div>\n\n      <\/div>\n<\/div>\n<!-- end Card Carousel -->\t\t\t\t<\/div>\n\t\t\t\t<\/div>\n\t\t\t\t<\/div>\n\t\t<div class=\"elementor-element elementor-element-2561a6c e-flex e-con-boxed e-con e-parent\" data-id=\"2561a6c\" data-element_type=\"container\" data-e-type=\"container\">\n\t\t\t\t\t<div class=\"e-con-inner\">\n\t\t\t\t<div class=\"elementor-element elementor-element-3752691 elementor-widget elementor-widget-heading\" data-id=\"3752691\" data-element_type=\"widget\" data-e-type=\"widget\" data-widget_type=\"heading.default\">\n\t\t\t\t<div class=\"elementor-widget-container\">\n\t\t\t\t\t<h3 class=\"elementor-heading-title elementor-size-default\">Parrainage du concours<\/h3>\t\t\t\t<\/div>\n\t\t\t\t<\/div>\n\t\t\t\t<div class=\"elementor-element elementor-element-b957d45 anim-1 elementor-widget elementor-widget-image\" data-id=\"b957d45\" data-element_type=\"widget\" data-e-type=\"widget\" data-widget_type=\"image.default\">\n\t\t\t\t<div class=\"elementor-widget-container\">\n\t\t\t\t\t\t\t\t\t\t\t\t\t\t\t<img loading=\"lazy\" decoding=\"async\" width=\"2560\" height=\"1895\" src=\"https:\/\/design.awards.verallia.fr\/wp-content\/uploads\/2023\/05\/parrainage-scaled.jpg\" class=\"attachment-full size-full wp-image-22637\" alt=\"Parraine du concours 2022\" srcset=\"https:\/\/design.awards.verallia.fr\/wp-content\/uploads\/2023\/05\/parrainage-scaled.jpg 2560w, https:\/\/design.awards.verallia.fr\/wp-content\/uploads\/2023\/05\/parrainage-300x222.jpg 300w, https:\/\/design.awards.verallia.fr\/wp-content\/uploads\/2023\/05\/parrainage-1024x758.jpg 1024w, https:\/\/design.awards.verallia.fr\/wp-content\/uploads\/2023\/05\/parrainage-768x569.jpg 768w, https:\/\/design.awards.verallia.fr\/wp-content\/uploads\/2023\/05\/parrainage-1536x1137.jpg 1536w, https:\/\/design.awards.verallia.fr\/wp-content\/uploads\/2023\/05\/parrainage-2048x1516.jpg 2048w\" sizes=\"(max-width: 2560px) 100vw, 2560px\" \/>\t\t\t\t\t\t\t\t\t\t\t\t\t\t\t<\/div>\n\t\t\t\t<\/div>\n\t\t<div class=\"elementor-element elementor-element-1fac0c8 e-flex e-con-boxed e-con e-child\" data-id=\"1fac0c8\" data-element_type=\"container\" data-e-type=\"container\" data-settings=\"{&quot;background_background&quot;:&quot;classic&quot;}\">\n\t\t\t\t\t<div class=\"e-con-inner\">\n\t\t\t\t<div class=\"elementor-element elementor-element-9c3168c elementor-widget elementor-widget-heading\" data-id=\"9c3168c\" data-element_type=\"widget\" data-e-type=\"widget\" data-widget_type=\"heading.default\">\n\t\t\t\t<div class=\"elementor-widget-container\">\n\t\t\t\t\t<h3 class=\"elementor-heading-title elementor-size-default\">Lucile VIAUD<br>Cr\u00e9atrice en g\u00e9overrerie<\/h3>\t\t\t\t<\/div>\n\t\t\t\t<\/div>\n\t\t\t\t<div class=\"elementor-element elementor-element-5b8e4fb elementor-widget elementor-widget-text-editor\" data-id=\"5b8e4fb\" data-element_type=\"widget\" data-e-type=\"widget\" data-widget_type=\"text-editor.default\">\n\t\t\t\t<div class=\"elementor-widget-container\">\n\t\t\t\t\t\t\t\t\t<p>Partir de la mati\u00e8re et cr\u00e9er ses propres mat\u00e9riaux pour concevoir des objets en fonction de leurs propri\u00e9t\u00e9s intrins\u00e8ques, tel est l\u2019objectif de l\u2019artiste-chercheure Lucile Viaud. En 2014, elle amorce \u00e0 l\u2019\u00e9cole Boulle ses recherches dans le cadre de son projet de dipl\u00f4me \u00ab Le monde du silence \u00bb, au cours duquel elle exp\u00e9rimente diff\u00e9rentes fa\u00e7ons de valoriser les coproduits marins bretons : coquilles, carapaces, ar\u00eates, algues.<\/p>\t\t\t\t\t\t\t\t<\/div>\n\t\t\t\t<\/div>\n\t\t\t\t<div class=\"elementor-element elementor-element-904ecea elementor-widget elementor-widget-button\" data-id=\"904ecea\" data-element_type=\"widget\" data-e-type=\"widget\" data-widget_type=\"button.default\">\n\t\t\t\t<div class=\"elementor-widget-container\">\n\t\t\t\t\t\t\t\t\t<div class=\"elementor-button-wrapper\">\n\t\t\t\t\t<a class=\"elementor-button elementor-button-link elementor-size-sm\" href=\"https:\/\/atelierlucileviaud.com\/\" target=\"_blank\">\n\t\t\t\t\t\t<span class=\"elementor-button-content-wrapper\">\n\t\t\t\t\t\t\t\t\t<span class=\"elementor-button-text\">En savoir plus<\/span>\n\t\t\t\t\t<\/span>\n\t\t\t\t\t<\/a>\n\t\t\t\t<\/div>\n\t\t\t\t\t\t\t\t<\/div>\n\t\t\t\t<\/div>\n\t\t\t\t\t<\/div>\n\t\t\t\t<\/div>\n\t\t\t\t\t<\/div>\n\t\t\t\t<\/div>\n\t\t<div class=\"elementor-element elementor-element-fb575c9 e-flex e-con-boxed e-con e-parent\" data-id=\"fb575c9\" data-element_type=\"container\" data-e-type=\"container\">\n\t\t\t\t\t<div class=\"e-con-inner\">\n\t\t\t\t<div class=\"elementor-element elementor-element-04b1c9c elementor-widget elementor-widget-html\" data-id=\"04b1c9c\" data-element_type=\"widget\" data-e-type=\"widget\" data-widget_type=\"html.default\">\n\t\t\t\t<div class=\"elementor-widget-container\">\n\t\t\t\t\t<iframe width=\"560\" height=\"630\" src=\"https:\/\/www.youtube-nocookie.com\/embed\/E_KgfWvnVno?si=2pmQ08FZZspQ1amm\" title=\"YouTube video player\" frameborder=\"0\" allow=\"accelerometer; autoplay; clipboard-write; encrypted-media; gyroscope; picture-in-picture; web-share\" allowfullscreen><\/iframe>\t\t\t\t<\/div>\n\t\t\t\t<\/div>\n\t\t\t\t\t<\/div>\n\t\t\t\t<\/div>\n\t\t\t\t<\/div>\n\t\t","protected":false},"excerpt":{"rendered":"<p>\u201cLe verre sans mod\u00e9ration\u201d Retour sur l&#8217;univers de l&#8217;\u00e9dition 2022 du concours A l\u2019heure o\u00f9 tout le monde s\u2019attelle au \u00ab Dry January \u00bb, de plus en plus d\u2019occasions de consommation invitent les consommateurs \u00e0 choisir des boissons ou des produits alimentaire en format individuel : que l\u2019on soit chez soi (\u2026quand les restaurants sont [&hellip;]<\/p>\n","protected":false},"author":1,"featured_media":0,"parent":21,"menu_order":2022,"comment_status":"closed","ping_status":"closed","template":"","meta":{"_acf_changed":false,"footnotes":""},"class_list":["post-47","page","type-page","status-publish","hentry"],"acf":[],"yoast_head":"<!-- This site is optimized with the Yoast SEO plugin v27.3 - https:\/\/yoast.com\/product\/yoast-seo-wordpress\/ -->\n<title>Edition 2022 - Verallia Design Awards<\/title>\n<meta name=\"description\" content=\"Le verre sans mod\u00e9ration, les Verallia Design Awards 2022 sur le th\u00e8me des boissons sans alcool ou peu alcoolis\u00e9es, la tendance \u00ab NoLow \u00bb.\" \/>\n<meta name=\"robots\" content=\"index, follow, max-snippet:-1, max-image-preview:large, max-video-preview:-1\" \/>\n<link rel=\"canonical\" href=\"https:\/\/design.awards.verallia.fr\/fr\/editions-precedentes-du-concours\/edition-2022\/\" \/>\n<meta property=\"og:locale\" content=\"fr_FR\" \/>\n<meta property=\"og:type\" content=\"article\" \/>\n<meta property=\"og:title\" content=\"Edition 2022 - Verallia Design Awards\" \/>\n<meta property=\"og:description\" content=\"Le verre sans mod\u00e9ration, les Verallia Design Awards 2022 sur le th\u00e8me des boissons sans alcool ou peu alcoolis\u00e9es, la tendance \u00ab NoLow \u00bb.\" \/>\n<meta property=\"og:url\" content=\"https:\/\/design.awards.verallia.fr\/fr\/editions-precedentes-du-concours\/edition-2022\/\" \/>\n<meta property=\"og:site_name\" content=\"Verallia Design Awards\" \/>\n<meta property=\"article:modified_time\" content=\"2023-09-05T16:16:12+00:00\" \/>\n<meta property=\"og:image\" content=\"https:\/\/design.awards.verallia.fr\/wp-content\/uploads\/2023\/05\/Taupinprod-MDSC_7916-1024x1024.jpg\" \/>\n<meta name=\"twitter:card\" content=\"summary_large_image\" \/>\n<meta name=\"twitter:label1\" content=\"Dur\u00e9e de lecture estim\u00e9e\" \/>\n\t<meta name=\"twitter:data1\" content=\"5 minutes\" \/>\n<script type=\"application\/ld+json\" class=\"yoast-schema-graph\">{\"@context\":\"https:\\\/\\\/schema.org\",\"@graph\":[{\"@type\":\"WebPage\",\"@id\":\"https:\\\/\\\/design.awards.verallia.fr\\\/fr\\\/editions-precedentes-du-concours\\\/edition-2022\\\/\",\"url\":\"https:\\\/\\\/design.awards.verallia.fr\\\/fr\\\/editions-precedentes-du-concours\\\/edition-2022\\\/\",\"name\":\"Edition 2022 - Verallia Design Awards\",\"isPartOf\":{\"@id\":\"https:\\\/\\\/design.awards.verallia.fr\\\/fr\\\/#website\"},\"primaryImageOfPage\":{\"@id\":\"https:\\\/\\\/design.awards.verallia.fr\\\/fr\\\/editions-precedentes-du-concours\\\/edition-2022\\\/#primaryimage\"},\"image\":{\"@id\":\"https:\\\/\\\/design.awards.verallia.fr\\\/fr\\\/editions-precedentes-du-concours\\\/edition-2022\\\/#primaryimage\"},\"thumbnailUrl\":\"https:\\\/\\\/design.awards.verallia.fr\\\/wp-content\\\/uploads\\\/2023\\\/05\\\/Taupinprod-MDSC_7916-1024x1024.jpg\",\"datePublished\":\"2023-04-11T15:21:14+00:00\",\"dateModified\":\"2023-09-05T16:16:12+00:00\",\"description\":\"Le verre sans mod\u00e9ration, les Verallia Design Awards 2022 sur le th\u00e8me des boissons sans alcool ou peu alcoolis\u00e9es, la tendance \u00ab NoLow \u00bb.\",\"breadcrumb\":{\"@id\":\"https:\\\/\\\/design.awards.verallia.fr\\\/fr\\\/editions-precedentes-du-concours\\\/edition-2022\\\/#breadcrumb\"},\"inLanguage\":\"fr-FR\",\"potentialAction\":[{\"@type\":\"ReadAction\",\"target\":[\"https:\\\/\\\/design.awards.verallia.fr\\\/fr\\\/editions-precedentes-du-concours\\\/edition-2022\\\/\"]}]},{\"@type\":\"ImageObject\",\"inLanguage\":\"fr-FR\",\"@id\":\"https:\\\/\\\/design.awards.verallia.fr\\\/fr\\\/editions-precedentes-du-concours\\\/edition-2022\\\/#primaryimage\",\"url\":\"https:\\\/\\\/design.awards.verallia.fr\\\/wp-content\\\/uploads\\\/2023\\\/05\\\/Taupinprod-MDSC_7916-1024x1024.jpg\",\"contentUrl\":\"https:\\\/\\\/design.awards.verallia.fr\\\/wp-content\\\/uploads\\\/2023\\\/05\\\/Taupinprod-MDSC_7916-1024x1024.jpg\"},{\"@type\":\"BreadcrumbList\",\"@id\":\"https:\\\/\\\/design.awards.verallia.fr\\\/fr\\\/editions-precedentes-du-concours\\\/edition-2022\\\/#breadcrumb\",\"itemListElement\":[{\"@type\":\"ListItem\",\"position\":1,\"name\":\"Accueil\",\"item\":\"https:\\\/\\\/design.awards.verallia.fr\\\/fr\\\/\"},{\"@type\":\"ListItem\",\"position\":2,\"name\":\"Les \u00e9ditions pr\u00e9c\u00e9dentes\",\"item\":\"https:\\\/\\\/design.awards.verallia.fr\\\/fr\\\/editions-precedentes-du-concours\\\/\"},{\"@type\":\"ListItem\",\"position\":3,\"name\":\"2022\"}]},{\"@type\":\"WebSite\",\"@id\":\"https:\\\/\\\/design.awards.verallia.fr\\\/fr\\\/#website\",\"url\":\"https:\\\/\\\/design.awards.verallia.fr\\\/fr\\\/\",\"name\":\"Verallia Design Awards\",\"description\":\"Verallia Design Award, le concours de design du packaging en verre\",\"publisher\":{\"@id\":\"https:\\\/\\\/design.awards.verallia.fr\\\/fr\\\/#organization\"},\"potentialAction\":[{\"@type\":\"SearchAction\",\"target\":{\"@type\":\"EntryPoint\",\"urlTemplate\":\"https:\\\/\\\/design.awards.verallia.fr\\\/fr\\\/?s={search_term_string}\"},\"query-input\":{\"@type\":\"PropertyValueSpecification\",\"valueRequired\":true,\"valueName\":\"search_term_string\"}}],\"inLanguage\":\"fr-FR\"},{\"@type\":\"Organization\",\"@id\":\"https:\\\/\\\/design.awards.verallia.fr\\\/fr\\\/#organization\",\"name\":\"Verallia Design Awards\",\"url\":\"https:\\\/\\\/design.awards.verallia.fr\\\/fr\\\/\",\"logo\":{\"@type\":\"ImageObject\",\"inLanguage\":\"fr-FR\",\"@id\":\"https:\\\/\\\/design.awards.verallia.fr\\\/fr\\\/#\\\/schema\\\/logo\\\/image\\\/\",\"url\":\"https:\\\/\\\/design.awards.verallia.fr\\\/wp-content\\\/uploads\\\/2023\\\/05\\\/logo-small.png\",\"contentUrl\":\"https:\\\/\\\/design.awards.verallia.fr\\\/wp-content\\\/uploads\\\/2023\\\/05\\\/logo-small.png\",\"width\":198,\"height\":117,\"caption\":\"Verallia Design Awards\"},\"image\":{\"@id\":\"https:\\\/\\\/design.awards.verallia.fr\\\/fr\\\/#\\\/schema\\\/logo\\\/image\\\/\"}}]}<\/script>\n<!-- \/ Yoast SEO plugin. -->","yoast_head_json":{"title":"Edition 2022 - Verallia Design Awards","description":"Le verre sans mod\u00e9ration, les Verallia Design Awards 2022 sur le th\u00e8me des boissons sans alcool ou peu alcoolis\u00e9es, la tendance \u00ab NoLow \u00bb.","robots":{"index":"index","follow":"follow","max-snippet":"max-snippet:-1","max-image-preview":"max-image-preview:large","max-video-preview":"max-video-preview:-1"},"canonical":"https:\/\/design.awards.verallia.fr\/fr\/editions-precedentes-du-concours\/edition-2022\/","og_locale":"fr_FR","og_type":"article","og_title":"Edition 2022 - Verallia Design Awards","og_description":"Le verre sans mod\u00e9ration, les Verallia Design Awards 2022 sur le th\u00e8me des boissons sans alcool ou peu alcoolis\u00e9es, la tendance \u00ab NoLow \u00bb.","og_url":"https:\/\/design.awards.verallia.fr\/fr\/editions-precedentes-du-concours\/edition-2022\/","og_site_name":"Verallia Design Awards","article_modified_time":"2023-09-05T16:16:12+00:00","og_image":[{"url":"https:\/\/design.awards.verallia.fr\/wp-content\/uploads\/2023\/05\/Taupinprod-MDSC_7916-1024x1024.jpg","type":"","width":"","height":""}],"twitter_card":"summary_large_image","twitter_misc":{"Dur\u00e9e de lecture estim\u00e9e":"5 minutes"},"schema":{"@context":"https:\/\/schema.org","@graph":[{"@type":"WebPage","@id":"https:\/\/design.awards.verallia.fr\/fr\/editions-precedentes-du-concours\/edition-2022\/","url":"https:\/\/design.awards.verallia.fr\/fr\/editions-precedentes-du-concours\/edition-2022\/","name":"Edition 2022 - Verallia Design Awards","isPartOf":{"@id":"https:\/\/design.awards.verallia.fr\/fr\/#website"},"primaryImageOfPage":{"@id":"https:\/\/design.awards.verallia.fr\/fr\/editions-precedentes-du-concours\/edition-2022\/#primaryimage"},"image":{"@id":"https:\/\/design.awards.verallia.fr\/fr\/editions-precedentes-du-concours\/edition-2022\/#primaryimage"},"thumbnailUrl":"https:\/\/design.awards.verallia.fr\/wp-content\/uploads\/2023\/05\/Taupinprod-MDSC_7916-1024x1024.jpg","datePublished":"2023-04-11T15:21:14+00:00","dateModified":"2023-09-05T16:16:12+00:00","description":"Le verre sans mod\u00e9ration, les Verallia Design Awards 2022 sur le th\u00e8me des boissons sans alcool ou peu alcoolis\u00e9es, la tendance \u00ab NoLow \u00bb.","breadcrumb":{"@id":"https:\/\/design.awards.verallia.fr\/fr\/editions-precedentes-du-concours\/edition-2022\/#breadcrumb"},"inLanguage":"fr-FR","potentialAction":[{"@type":"ReadAction","target":["https:\/\/design.awards.verallia.fr\/fr\/editions-precedentes-du-concours\/edition-2022\/"]}]},{"@type":"ImageObject","inLanguage":"fr-FR","@id":"https:\/\/design.awards.verallia.fr\/fr\/editions-precedentes-du-concours\/edition-2022\/#primaryimage","url":"https:\/\/design.awards.verallia.fr\/wp-content\/uploads\/2023\/05\/Taupinprod-MDSC_7916-1024x1024.jpg","contentUrl":"https:\/\/design.awards.verallia.fr\/wp-content\/uploads\/2023\/05\/Taupinprod-MDSC_7916-1024x1024.jpg"},{"@type":"BreadcrumbList","@id":"https:\/\/design.awards.verallia.fr\/fr\/editions-precedentes-du-concours\/edition-2022\/#breadcrumb","itemListElement":[{"@type":"ListItem","position":1,"name":"Accueil","item":"https:\/\/design.awards.verallia.fr\/fr\/"},{"@type":"ListItem","position":2,"name":"Les \u00e9ditions pr\u00e9c\u00e9dentes","item":"https:\/\/design.awards.verallia.fr\/fr\/editions-precedentes-du-concours\/"},{"@type":"ListItem","position":3,"name":"2022"}]},{"@type":"WebSite","@id":"https:\/\/design.awards.verallia.fr\/fr\/#website","url":"https:\/\/design.awards.verallia.fr\/fr\/","name":"Verallia Design Awards","description":"Verallia Design Award, le concours de design du packaging en verre","publisher":{"@id":"https:\/\/design.awards.verallia.fr\/fr\/#organization"},"potentialAction":[{"@type":"SearchAction","target":{"@type":"EntryPoint","urlTemplate":"https:\/\/design.awards.verallia.fr\/fr\/?s={search_term_string}"},"query-input":{"@type":"PropertyValueSpecification","valueRequired":true,"valueName":"search_term_string"}}],"inLanguage":"fr-FR"},{"@type":"Organization","@id":"https:\/\/design.awards.verallia.fr\/fr\/#organization","name":"Verallia Design Awards","url":"https:\/\/design.awards.verallia.fr\/fr\/","logo":{"@type":"ImageObject","inLanguage":"fr-FR","@id":"https:\/\/design.awards.verallia.fr\/fr\/#\/schema\/logo\/image\/","url":"https:\/\/design.awards.verallia.fr\/wp-content\/uploads\/2023\/05\/logo-small.png","contentUrl":"https:\/\/design.awards.verallia.fr\/wp-content\/uploads\/2023\/05\/logo-small.png","width":198,"height":117,"caption":"Verallia Design Awards"},"image":{"@id":"https:\/\/design.awards.verallia.fr\/fr\/#\/schema\/logo\/image\/"}}]}},"_links":{"self":[{"href":"https:\/\/design.awards.verallia.fr\/fr\/wp-json\/wp\/v2\/pages\/47","targetHints":{"allow":["GET"]}}],"collection":[{"href":"https:\/\/design.awards.verallia.fr\/fr\/wp-json\/wp\/v2\/pages"}],"about":[{"href":"https:\/\/design.awards.verallia.fr\/fr\/wp-json\/wp\/v2\/types\/page"}],"author":[{"embeddable":true,"href":"https:\/\/design.awards.verallia.fr\/fr\/wp-json\/wp\/v2\/users\/1"}],"replies":[{"embeddable":true,"href":"https:\/\/design.awards.verallia.fr\/fr\/wp-json\/wp\/v2\/comments?post=47"}],"version-history":[{"count":5,"href":"https:\/\/design.awards.verallia.fr\/fr\/wp-json\/wp\/v2\/pages\/47\/revisions"}],"predecessor-version":[{"id":30984,"href":"https:\/\/design.awards.verallia.fr\/fr\/wp-json\/wp\/v2\/pages\/47\/revisions\/30984"}],"up":[{"embeddable":true,"href":"https:\/\/design.awards.verallia.fr\/fr\/wp-json\/wp\/v2\/pages\/21"}],"wp:attachment":[{"href":"https:\/\/design.awards.verallia.fr\/fr\/wp-json\/wp\/v2\/media?parent=47"}],"curies":[{"name":"wp","href":"https:\/\/api.w.org\/{rel}","templated":true}]}}