{"id":55,"date":"2023-04-11T17:26:38","date_gmt":"2023-04-11T15:26:38","guid":{"rendered":"https:\/\/design.awards.verallia.fr\/?page_id=55"},"modified":"2025-10-27T15:29:34","modified_gmt":"2025-10-27T14:29:34","slug":"reglement-du-concours","status":"publish","type":"page","link":"https:\/\/design.awards.verallia.fr\/fr\/reglement-du-concours\/","title":{"rendered":"R\u00e8glement du concours"},"content":{"rendered":"\t\t<div data-elementor-type=\"wp-page\" data-elementor-id=\"55\" class=\"elementor elementor-55\" data-elementor-post-type=\"page\">\n\t\t\t\t<div class=\"elementor-element elementor-element-60d92a5 e-flex e-con-boxed e-con e-parent\" data-id=\"60d92a5\" data-element_type=\"container\" data-e-type=\"container\">\n\t\t\t\t\t<div class=\"e-con-inner\">\n\t\t\t\t<div class=\"elementor-element elementor-element-82e0ca1 elementor-widget elementor-widget-heading\" data-id=\"82e0ca1\" data-element_type=\"widget\" data-e-type=\"widget\" data-widget_type=\"heading.default\">\n\t\t\t\t<div class=\"elementor-widget-container\">\n\t\t\t\t\t<h1 class=\"elementor-heading-title elementor-size-default\">R\u00e8glement du concours<\/h1>\t\t\t\t<\/div>\n\t\t\t\t<\/div>\n\t\t\t\t\t<\/div>\n\t\t\t\t<\/div>\n\t\t<div class=\"elementor-element elementor-element-b57b9e4 e-flex e-con-boxed e-con e-parent\" data-id=\"b57b9e4\" data-element_type=\"container\" data-e-type=\"container\">\n\t\t\t\t\t<div class=\"e-con-inner\">\n\t\t\t\t<div class=\"elementor-element elementor-element-db009fb elementor-widget elementor-widget-text-editor\" data-id=\"db009fb\" data-element_type=\"widget\" data-e-type=\"widget\" data-widget_type=\"text-editor.default\">\n\t\t\t\t<div class=\"elementor-widget-container\">\n\t\t\t\t\t\t\t\t\t<p>Verallia, 3\u00e8me leader mondial sur le march\u00e9 des bouteilles et des pots en verre, con\u00e7oit et fabrique des emballages en verre toujours plus respectueux de l\u2019environnement, recyclables \u00e0 l\u2019infini, qui valorisent les contenus, pr\u00e9servent la qualit\u00e9 alimentaire et le bien-\u00eatre des consommateurs.<\/p><p>En France, Verallia est l\u2019acteur de r\u00e9f\u00e9rence sur les march\u00e9s des vins, des spiritueux et des pots alimentaires. Avec 7 sites industriels d\u00e9di\u00e9s \u00e0 la production verri\u00e8re et 2 centres techniques dans l&#8217;Hexagone, Verallia offre \u00e9galement des services de conception sur mesure et de d\u00e9coration sur verre.<\/p><p>Entre cr\u00e9ativit\u00e9 et authenticit\u00e9, le verre r\u00e9unit le beau et l\u2019usuel : il a su cr\u00e9er, au fil des mill\u00e9naires, un lien \u00e9motionnel unique avec le consommateur. Un lien renouvel\u00e9 aujourd\u2019hui dans la cha\u00eene du recyclage et ses avantages \u00e9cologiques.<\/p><h2>Philosophie et th\u00e9matique du concours<\/h2><p>Chaque candidat pourra imaginer une bouteille ou un pot en verre, en exploitant au maximum les possibilit\u00e9s de cr\u00e9ation qu\u2019offre le mat\u00e9riau verre.<\/p><h2>Th\u00e9matique du concours de l\u2019\u00e9dition 2026<\/h2><p><strong>Verre &amp; Vertus<\/strong><\/p><p>\u00ab <strong>Et si le packaging devenait un rituel de bien-\u00eatre \u00e0 part enti\u00e8re ?<\/strong> <br \/>Cette \u00e9dition c\u00e9l\u00e8bre le verre comme un vecteur de bien-\u00eatre, de soin et de conscience. Les designers sont invit\u00e9s \u00e0 imaginer des emballages en verre qui valorisent les vertus naturelles, les ingr\u00e9dients fonctionnels, et les rituels de consommation bienfaisants. Le verre devient un \u00e9crin pour des produits qui font du bien au corps, \u00e0 l\u2019esprit\u2026 et \u00e0 la plan\u00e8te.<\/p><p><strong>Ici, le design se met au service du vivant.<\/strong> <br \/>Textures apaisantes, formes organiques, couleurs inspir\u00e9es de la nature : les cr\u00e9ations doivent \u00e9veiller les sens autant que la conscience. Chaque packaging devient un objet narratif, inspir\u00e9 des herbiers, des fioles d\u2019apothicaires, des plantes m\u00e9dicinales, etc. Elle raconte une histoire, une origine, une vertu.<\/p><p><strong>Plus qu\u2019un contenant, un alli\u00e9 du quotidien.<\/strong> <br \/>Les usages \u00e9voluent, les formats aussi : micro-doses, infusions, shots sant\u00e9, etc. s\u2019invitent dans nos routines. Le verre accompagne ces nouveaux rythmes avec \u00e9l\u00e9gance et responsabilit\u00e9, tout en valorisant la transparence gr\u00e2ce \u00e0 des \u00e9tiquettes informatives sur les bienfaits, les ingr\u00e9dients mais aussi les usages.<\/p><p><strong>Verre &amp; Vertus<\/strong>, c\u2019est donc une invitation \u00e0 concevoir autrement : penser le design comme un acte de soin, un lien entre l\u2019humain, la nature\u2026 et ce que nous choisissons de consommer. \u00bb<\/p><h2>Pr\u00e9sentation du concours<\/h2><p>Le concours est ouvert aux personnes physiques majeures ayant le statut d\u2019\u00ab \u00e9tudiant \u00bb, inscrites pour l\u2019ann\u00e9e universitaire 2025\/2026 dans des \u00e9coles de design, des \u00e9tablissements disposant d\u2019une option packaging et des \u00e9coles des Beaux-Arts et r\u00e9sidant en France ou en Europe. Le concours est \u00e9galement ouvert aux \u00ab jeunes dipl\u00f4m\u00e9s \u00bb (de moins de 2 ans \u00e0 date d\u2019organisation du concours) d\u2019une \u00e9cole de design, d\u2019une \u00e9cole d\u2019art ou d\u2019un \u00e9tablissement proposant des formations design, et r\u00e9sidant en France ou en Europe. Les \u00e9tudiants ou jeunes dipl\u00f4m\u00e9s d\u2019\u00e9coles (de moins de 2 ans \u00e0 date d\u2019organisation du concours) de commerce ou de communication et r\u00e9sidant en France ou en Europe sont \u00e9galement invit\u00e9s \u00e0 participer.<\/p><p>Verallia pourra demander \u00e0 tout moment aux candidats de pr\u00e9senter tout justificatif n\u00e9cessaire \u00e0 la validation de leur participation. Il est entendu que la candidature des Candidats ne r\u00e9pondant pas aux conditions pr\u00e9cit\u00e9es ou refusant de fournir les justificatifs sollicit\u00e9s ne sera pas prise en compte.<\/p><p>Les \u00e9tudiants peuvent se pr\u00e9senter seuls ou bien en \u00e9quipe. Une \u00e9quipe peut \u00eatre constitu\u00e9e de 2, 3 ou 4 personnes maximum. <br \/>L\u2019\u00e9quipe porteuse du projet doit obligatoirement \u00eatre constitu\u00e9e d\u2019un ou plusieurs \u00e9tudiants suivant une formation dans un \u00e9tablissement de ce type.<\/p><p>Les inscriptions se font en ligne sur le site internet d\u00e9di\u00e9 au concours http:\/\/design.awards.verallia.fr\/ avec une cl\u00f4ture fix\u00e9e au 15 mars 2026 \u00e0 18h.<\/p><p><strong>Le concours comporte trois cat\u00e9gories :<\/strong><\/p><ul><li><strong>Le Prix Verre<\/strong><\/li><\/ul><p>Dans cette cat\u00e9gorie, vous avez l&#8217;opportunit\u00e9 de cr\u00e9er une nouvelle bouteille ou un nouveau pot en verre qui incarne parfaitement l&#8217;esprit de la th\u00e9matique &#8220;Verre et Vertus&#8221;. Le design doit se concentrer exclusivement sur la forme de la bouteille ou du pot, qui doit \u00eatre innovante, fonctionnelle et hors du commun.<\/p><p>C\u2019est le moment de donner vie \u00e0 vos id\u00e9es les plus cr\u00e9atives ! Vous avez le choix parmi les bouteilles ou pots suivants :<\/p><ul><li>1 bouteille de Vin Tranquille ou Effervescent Nolow \u2013format 75cl<\/li><li>1 bouteille pour les Boissons fonctionnelles &amp; RTD \u2013 (K\u00e9fir, kombucha, etc.) \u2013 formats 37,5 \/ 33\/ 50 cl<\/li><li>1 packaging Food (bouteille ou pot) pour les sauces<\/li><\/ul><ul><li><strong>Le Prix D\u00e9cor<\/strong><\/li><\/ul><p>Pour la cat\u00e9gorie D\u00e9cor, la bouteille choisie est la Bouteille YS Bague Plate. Votre mission sera de vous baser uniquement sur le d\u00e9cor de cette bouteille, en lien direct avec la th\u00e9matique. Laissez libre cours \u00e0 votre imagination pour transformer la bouteille en une \u0153uvre d&#8217;art de bien-\u00eatre qui attirera tous les regards. Consultez notre bo\u00eete \u00e0 outils, qui d\u00e9taille tous les d\u00e9cors possibles.<\/p><ul><li><strong>Le Prix Sp\u00e9cial R\u00e9my Cointreau<\/strong><\/li><\/ul><p>1 bouteille de spiritueux selon le brief de R\u00e9my Cointreau<\/p><h2>Dossier et livrables :<\/h2><p>Chaque dossier de candidature, pr\u00e9sentant une bouteille ou un pot en verre d\u00e9di\u00e9 \u00e0 la th\u00e9matique, sera compos\u00e9 des livrables suivant :<\/p><h5><strong>1. Un dossier illustr\u00e9 :<\/strong><\/h5><p>Un dossier, pr\u00e9sentant une bouteille ou un pot en verre d\u00e9di\u00e9 \u00e0 la th\u00e9matique, <strong>au format paysage PDF<\/strong> pr\u00e9sentant les informations suivantes sur le projet :<\/p><ul><li>Le concept propos\u00e9 et en quoi il r\u00e9pond aux attentes du public concern\u00e9<\/li><li>La sp\u00e9cificit\u00e9 du projet (valeur esth\u00e9tique, praticit\u00e9\u2026)<\/li><li>Un visuel de la bouteille ou du pot (esquisse ou visuel en 3D)<\/li><li>Un plan technique avec les principales cotes<\/li><\/ul><p>Le poids de ce document ne devra pas exc\u00e9der 30 Mo.<\/p><p>Les pistes d\u2019innovation et de cr\u00e9ation peuvent inclure par exemple (liste non limitative) :<\/p><ul><li>La forme de la bouteille ou du pot<\/li><li>L\u2019aspect de la bouteille ou du pot (teinte, aspect mati\u00e8re, d\u00e9cor \/ parach\u00e8vement\u2026)<\/li><li>L\u2019ergonomie de la bouteille ou du pot<\/li><li>L\u2019utilisation de la bouteille ou du pot (utilisation dans de nouveaux domaines ou sur de nouveaux march\u00e9s)<\/li><\/ul><p>Le dossier inclut au minimum croquis\/visuel et plan technique du projet, accompagn\u00e9s d\u2019une note de pr\u00e9sentation mentionnant dans la mesure du possible :<\/p><ul><li>La valeur ajout\u00e9e apport\u00e9e par la bouteille ou par le pot (esth\u00e9tique, ergonomique, logistique\u2026)<\/li><li>Le \u00ab moment \u00bb de consommation<\/li><li>Le ou les publics auxquels le projet est destin\u00e9<\/li><li>Une estimation de la faisabilit\u00e9 industrielle<\/li><li>De mani\u00e8re g\u00e9n\u00e9rale, toute information susceptible d\u2019\u00e9clairer le jury sur le projet.<\/li><\/ul><p>Il est interdit de recourir \u00e0 l\u2019Intelligence Artificielle et d\u2019utiliser des logiciels tels que Midjourney, DALL-E, NightCaf\u00e9 ou Snowpixel\u2026<\/p><h5><strong>2. Des visuels :<\/strong><\/h5><p>De plus, lors du d\u00e9p\u00f4t de dossier, les candidats pourront soumettre <strong>1 image principale<\/strong> et jusqu\u2019\u00e0 <strong>4 images compl\u00e9mentaires<\/strong> aux formats png, jpeg, jpg ou gif. Les images devront \u00eatre<strong> au format paysage<\/strong>, au maximum 1329 x 768 pixels. <br \/><strong>Le candidat veillera \u00e0 ce que son visuel principal soit repr\u00e9sentatif de son projet.<\/strong><\/p><p><strong>Il appartient au candidat de v\u00e9rifier qu\u2019il n\u2019existe pas d\u2019ant\u00e9riorit\u00e9s identiques ou fortement similaires \u00e0 son projet.<\/strong> S\u2019il en existe, le participant devra justifier que son projet diff\u00e8re de mani\u00e8re significative et suffisante des cr\u00e9ations existantes et ce afin d\u2019\u00e9viter tout risque de contrefa\u00e7on ou concurrence d\u00e9loyale.<br \/><br \/>Les organisateurs se r\u00e9servent le droit de retirer un projet du concours s\u2019ils estiment qu\u2019il existe un risque juridique important du fait de la proximit\u00e9 du projet avec une cr\u00e9ation existante.<\/p><h5><strong>3. Une photographie du candidat :<\/strong><\/h5><p>Enfin, le candidat d\u00e9posera \u00e9galement une photographie de lui-m\u00eame visage d\u00e9gag\u00e9, centr\u00e9 et naturel, format portrait.<\/p><p>Un candidat peut pendant toute la dur\u00e9e du concours annuler sa participation. En cas de participation dans le cadre de son programme p\u00e9dagogique, il devra en informer son \u00e9tablissement le plus rapidement possible.<\/p><h2>Responsabilit\u00e9 de l\u2019organisateur<\/h2><p>Le secr\u00e9tariat du concours est en charge du transfert et de la conservation des maquettes, de l\u2019exposition des maquettes et de l\u2019organisation de la remise des prix. Il ne peut \u00eatre tenu responsable d\u2019une perte ou d\u2019une d\u00e9t\u00e9rioration de maquettes.<\/p><h2>Composition du Jury<\/h2><p>La composition du jury du concours refl\u00e8te l\u2019approche multidimensionnelle adopt\u00e9e. Le jury se compose en effet au minimum :<\/p><ul><li>D\u2019un designer<\/li><li>D\u2019un journaliste du domaine de l\u2019emballage<\/li><li>D\u2019un ou plusieurs clients de Verallia<\/li><li>D\u2019un ou deux salari\u00e9s de Verallia (un membre du bureau d\u2019\u00e9tudes et un responsable marketing\/commercial)<\/li><\/ul><p>Le jury pourra \u00e9ventuellement inclure un ou plusieurs membres suppl\u00e9mentaires, dont l\u2019exp\u00e9rience professionnelle garantit une expertise dans les domaines du design et\/ou du packaging.<\/p><h2>Calendrier<\/h2><ul><li>Ouverture des inscriptions et du d\u00e9p\u00f4t des projets : 27 octobre 2025*<\/li><li>Cl\u00f4ture des inscriptions et du d\u00e9p\u00f4ts des projets : 15 mars 2026 \u00e0 18h*<\/li><li>Remise des prix : 25 juin 2026*<\/li><\/ul><p><em>* Le calendrier peut \u00eatre amen\u00e9 \u00e0 \u00e9voluer<\/em><\/p><p>Une pr\u00e9-s\u00e9lection des projets sera effectu\u00e9e par un jury interne compos\u00e9 de personnes du bureau d\u2019\u00e9tudes, du marketing, de la production et du commerce, avant que les projets soient soumis au vote en ligne du jury.<\/p><p>Un jury de professionnels (salari\u00e9s de l\u2019Industrie alimentaire, journalistes, designers\u2026) se r\u00e9unira enfin pour s\u00e9lectionner les laur\u00e9ats.<\/p><h2>Crit\u00e8res de s\u00e9lection<\/h2><p>Les objets pr\u00e9sent\u00e9s seront \u00e9valu\u00e9s sur les crit\u00e8res suivants (liste indicative et non exhaustive) :<\/p><ul><li>Valeur ajout\u00e9e apport\u00e9e aux diff\u00e9rents utilisateurs de la bouteille ou du pot<\/li><li>Valorisation esth\u00e9tique du mat\u00e9riau verre<\/li><li>Estimation par le jury de la faisabilit\u00e9 industrielle du projet et\/ou de sa viabilit\u00e9<\/li><li>Mise en valeur du contenu de la bouteille ou du pot<\/li><li>Nouvelles perspectives ouvertes pour le mat\u00e9riau (le projet permet au verre d\u2019adresser de nouveaux segments)<\/li><li>Caract\u00e8re innovant du design \/ du concept<\/li><li>Valeur ajout\u00e9e du ou des parach\u00e8vements envisag\u00e9s (par exemple, interaction avec la forme de la bouteille ou du pot)<\/li><li>Qualit\u00e9 du dossier (dossier complet, argument\u00e9 et proposant une vision d\u2019ensemble du projet)<\/li><\/ul><h2>Utilisation promotionnelle du concours<\/h2><p>La participation au concours entra\u00eene l\u2019accord du candidat pour la diffusion de ses cr\u00e9ations, de son nom, de sa photographie et des informations qu\u2019il fournit.<\/p><p>Les candidats autorisent les organisateurs \u00e0 utiliser leurs noms, photographie et projets \u00e0 des fins de publicit\u00e9, de promotion ou d\u2019une campagne de relations presse nationale.<\/p><h2>Confidentialit\u00e9<\/h2><p><br \/>Pendant la dur\u00e9e du concours, les candidats s\u2019engagent \u00e0 ne pas divulguer et \u00e0 ne pas laisser divulguer leurs projets sans une autorisation pr\u00e9alable \u00e9crite de Verallia. Cette obligation de confidentialit\u00e9 survivra \u00e0 la fin du concours, pendant une dur\u00e9e de 2 ans suivant la date de remise des prix. Les candidats s\u2019abstiendront ainsi de toute divulgation de leur projet ou de toute communication sur celui-ci, notamment sur les r\u00e9seaux sociaux, sans l\u2019autorisation pr\u00e9alable \u00e9crite de Verallia.<\/p><p>Il est express\u00e9ment convenu que la confidentialit\u00e9 ne concerne pas la communication au sein de leur \u00e9tablissement de rattachement des projets par les candidats, et plus particuli\u00e8rement dans le cadre des pr\u00e9sentations d\u2019ordre p\u00e9dagogique au sein de leur \u00e9tablissement.<\/p><p>Toutes les informations qui seraient transmises par Verallia aux candidats (i) concernant le Prix R\u00e9my Cointreau du pr\u00e9sent concours, en particulier le brief de Remy Cointreau, et (ii) dans le cadre du d\u00e9veloppement \u00e9ventuel ult\u00e9rieur de leur projet (notamment les plans verriers, prototypes, analyses, \u00e9tudes et informations techniques, noms des clients \u00e9ventuellement int\u00e9ress\u00e9s, etc.) sont strictement confidentielles pendant la dur\u00e9e du concours et pendant une dur\u00e9e de 10 ans \u00e0 compter de la date de remise des prix, sauf si elles venaient \u00e0 tomber dans le domaine public sans que cela soit du fait des candidats.<\/p><h2>Prix, dotations et droits<\/h2><ul><li>Prix verre : Vin Tranquille ou Effervescent Nolow \u2013 en format 75cl : 2 000 \u20ac<\/li><li>Prix verre : Boissons fonctionnelles &amp; RTD \u2013 (K\u00e9fir, kombucha, etc.) \u2013 37,5 \/ 50 cl : 2 000 \u20ac<\/li><li>Prix verre : Packaging Food pour les sauces : 2 000 \u20ac<\/li><li>Prix d\u00e9cor : YS : 1 000 \u20ac<\/li><li>Prix Sp\u00e9cial R\u00e9my Cointreau : 1 000 \u20ac<\/li><li>Coup de c\u0153ur Salari\u00e9s Verallia : 500 \u20ac <\/li><\/ul><p>Chaque dotation correspond \u00e0 une r\u00e9compense pour un projet.<\/p><p>En cons\u00e9quence, m\u00eame si une \u00e9quipe projet est compos\u00e9e de plusieurs \u00e9tudiants, la dotation restera identique, et sera \u00e0 partager entre les membres de l\u2019\u00e9quipe.<\/p><p>Verallia ne pourra \u00eatre tenu responsable d\u2019un \u00e9ventuel litige entre les membres de l\u2019\u00e9quipe.<\/p><h2>Remise des prix<\/h2><p>Les prix seront remis \u00e0 l\u2019occasion d\u2019une manifestation organis\u00e9e le 25 juin 2026*.<\/p><p><em>* Le calendrier peut \u00eatre amen\u00e9 \u00e0 \u00e9voluer<\/em><\/p><p>Les participants s\u00e9lectionn\u00e9s par le Jury, ainsi que l\u2019\u00e9tablissement dans lequel les \u00e9tudiants sont inscrits, seront avis\u00e9s individuellement de leur pr\u00e9s\u00e9lection par t\u00e9l\u00e9phone ou par courrier \u00e9lectronique \u00e0 l\u2019adresse email figurant dans le dossier remis.<\/p><p>Dans le m\u00eame temps, leurs seront communiqu\u00e9s le lieu, la date et l\u2019heure de la manifestation au cours de laquelle le Jury attribuera les prix.<\/p><p>Le candidat s\u2019engage \u00e0 participer \u00e0 la remise des prix s\u2019il est laur\u00e9at, ou \u00e0 se faire repr\u00e9senter au lieu et date qui lui seront confirm\u00e9s. Les frais de d\u00e9placements engag\u00e9s par le candidat pour se rendre \u00e0 la c\u00e9r\u00e9monie de remise des prix seront pris en charge par Verallia sous r\u00e9serve de remettre des justificatifs de transport et dans la limite de 200\u20ac. Le tarif qui sera rembours\u00e9 devra correspondre \u00e0 un voyage, en train, en seconde classe, ou en avion (uniquement si le train n\u2019est pas possible) au tarif \u00e9conomique. Le train devra \u00eatre privil\u00e9gi\u00e9.<\/p><p>Les prix seront vers\u00e9s uniquement sous forme de virement. Un RIB sera alors demand\u00e9 aux laur\u00e9ats. Les laur\u00e9ats ne pourront demander le versement sous une autre forme.<\/p><h2>Prospection<\/h2><p>Verallia prospectera sa client\u00e8le en lui soumettant tout ou partie des projets des participants au concours, prim\u00e9s ou non, en vue le cas \u00e9ch\u00e9ant du d\u00e9veloppement d\u2019un ou plusieurs projets.<\/p><p>De ce fait, pendant une dur\u00e9e de 2 ans suivant la date de remise des prix, les participants, r\u00e9compens\u00e9s ou non par le jury du concours, s\u2019engagent \u00e0 ne pas soumettre leurs cr\u00e9ations \u00e0 d\u2019autres concours et \u00e0 ne pas faire de d\u00e9marches aupr\u00e8s de soci\u00e9t\u00e9 tierces visant au d\u00e9veloppement de leur projet, sauf \u00e0 solliciter l\u2019accord pr\u00e9alable \u00e9crit de Verallia.<\/p><p>Au-del\u00e0 de cette dur\u00e9e de 2 ans, pour les participants pour lesquels aucun projet de d\u00e9veloppement n\u2019aurait \u00e9t\u00e9 identifi\u00e9 par Verallia et qui envisageraient de travailler avec une soci\u00e9t\u00e9 tierce sur un projet d\u2019exploitation de leur cr\u00e9ation, nous vous demandons en amont de votre d\u00e9marche de vous rapprocher de Verallia pour discuter des conditions dans lesquelles Verallia pourrait \u00eatre amen\u00e9e \u00e0 vous aider dans le d\u00e9veloppement verrier de ce projet. Verallia s\u2019engageant bien \u00e9videmment \u00e0 respecter la plus stricte confidentialit\u00e9 sur les d\u00e9tails de ces \u00e9ventuels projets.<\/p><p>En cas de d\u00e9veloppement par Verallia d\u2019un projet d\u2019un Candidat, Verallia pourra proposer audit Candidat de participer aux diff\u00e9rentes phases de son d\u00e9veloppement. Il est important de rappeler aux Candidats qu\u2019un projet ne peut \u00eatre d\u00e9velopp\u00e9 sur la seule base des \u00e9l\u00e9ments remis dans le cadre du concours. Des travaux d\u2019analyse, d\u2019\u00e9tude et d\u2019essai sont indispensables afin d\u2019adapter un projet aux r\u00e9alit\u00e9s industrielles du monde verrier. <\/p><h2>Propri\u00e9t\u00e9 intellectuelle<\/h2><p>Le candidat conf\u00e8re \u00e0 Verallia une option exclusive sur le(s) cr\u00e9ation(s) propos\u00e9e(s) dans le cadre du concours afin de lui permettre de les d\u00e9velopper et le cas \u00e9ch\u00e9ant de les soumettre \u00e0 tout client de son choix qui serait int\u00e9ress\u00e9.<\/p><p>En participant au Concours, les candidats promettent fermement et irr\u00e9vocablement de c\u00e9der \u00e0 Verallia, \u00e0 titre exclusif, pour le monde entier et pour toute la dur\u00e9e de protection des droits de propri\u00e9t\u00e9 intellectuelle telle que pr\u00e9vue par les lois et conventions internationales applicables, la propri\u00e9t\u00e9 pleine et enti\u00e8re de l\u2019ensemble des droits patrimoniaux d\u2019auteur sur leur(s) cr\u00e9ation(s) propos\u00e9e(s) dans le cadre du concours, que ces cr\u00e9ations aient \u00e9t\u00e9 prim\u00e9es ou non, en contrepartie d\u2019une r\u00e9mun\u00e9ration forfaitaire de 8.000 \u20ac hors taxes.<\/p><p>Verallia aura la facult\u00e9 de demander la r\u00e9alisation de la promesse de vente de tout candidat \u00e0 tout moment pendant une dur\u00e9e de 2 ans \u00e0 compter de la date de remise des prix.<\/p><p>Si Verallia d\u00e9cide de lever l&#8217;option, elle le notifiera \u00e0 tout moment avant l&#8217;expiration de la p\u00e9riode d\u00e9finie ci-dessus, par courrier ou par courrier \u00e9lectronique \u00e0 l\u2019adresse ou \u00e0 l\u2019adresse email figurant dans le dossier remis par le candidat. Les candidats s\u2019engagent au besoin \u00e0 signer tout acte confirmatif n\u00e9cessaire et \u00e0 fournir \u00e0 Verallia les \u00e9l\u00e9ments lui permettant de proc\u00e9der au r\u00e8glement de la r\u00e9mun\u00e9ration fix\u00e9e ci-avant.<\/p><p>En cas de lev\u00e9e d\u2019option, les droits patrimoniaux ainsi c\u00e9d\u00e9s par les candidats \u00e0 Verallia comprennent notamment :<\/p><ul><li>Le droit de reproduction, \u00e0 savoir reproduire tout ou partie des \u00e9l\u00e9ments des cr\u00e9ations en toute quantit\u00e9 et par tous proc\u00e9d\u00e9s et notamment par imprimerie, dessin, photographie, vid\u00e9o, support informatique et \/ ou plus g\u00e9n\u00e9ralement, tout proc\u00e9d\u00e9 m\u00e9canique et\/ ou tout proc\u00e9d\u00e9 des arts graphiques ou plastiques ou autres ;<\/li><li>Le droit de repr\u00e9sentation, \u00e0 savoir repr\u00e9senter et communiquer au public, directement ou indirectement, tout ou partie des \u00e9l\u00e9ments des cr\u00e9ations de quelque mani\u00e8re et par quelque proc\u00e9d\u00e9 que ce soit, et notamment par pr\u00e9sentation et transmission publiques, presse et catalogues, affichages et expositions publiques, t\u00e9l\u00e9diffusion et diffusion de films publicitaires et \/ ou plus g\u00e9n\u00e9ralement, tout proc\u00e9d\u00e9 de communication d\u2019images, de documents de donn\u00e9es, et de message de toute nature (tels que t\u00e9l\u00e9vision, r\u00e9seaux informatiques, t\u00e9l\u00e9matique ou internet) ;<\/li><li>Le droit d\u2019accorder toute licence ou sous-licence ou de c\u00e9der tout ou partie des \u00e9l\u00e9ments des cr\u00e9ations \u00e0 toutes fins \u00e9num\u00e9r\u00e9es ci-dessus ;<\/li><li>Les droits d\u2019adaptation de tout ou partie des \u00e9l\u00e9ments des cr\u00e9ations (comprenant notamment le droit d\u2019adapter les mod\u00e8les de bouteilles ou de pots \u00e0 toutes les contenances et \u00e0 toutes les mati\u00e8res) \u00e0 toutes fins \u00e9num\u00e9r\u00e9es ci-dessus.<\/li><\/ul><p>Le candidat renonce express\u00e9ment \u00e0 ce que sa qualit\u00e9 de cr\u00e9ateur du projet ou de tout ou partie de ses \u00e9l\u00e9ments figure sur les reproductions industrielles ou sur les documents commerciaux, catalogues ou prospectus de Verallia.<\/p><p>Le candidat s&#8217;engage \u00e9galement \u00e0 ne pas c\u00e9der, ni grever de quelque mani\u00e8re que ce soit, les droits pendant toute la dur\u00e9e d\u2019exercice de l\u2019option.<\/p><p>Dans l&#8217;hypoth\u00e8se o\u00f9 Verallia n&#8217;a pas lev\u00e9 l&#8217;option \u00e0 l&#8217;expiration du d\u00e9lai de 2 ans ci-avant, celle-ci tombe et la promesse est caduque. Le candidat recouvre en cons\u00e9quence ses droits et est libre de les c\u00e9der \u00e0 tout tiers de son choix.<\/p><h2>Divers<\/h2><p>La participation \u00e0 ce concours implique l\u2019acceptation sans restriction ni r\u00e9serve des conditions de participation par les candidats et leur \u00e9tablissement de rattachement (pour les \u00e9tudiants).<\/p><p>Verallia se r\u00e9serve le droit d\u2019\u00e9courter, de proroger, de modifier ou d\u2019annuler le pr\u00e9sent concours si les circonstances l\u2019exigent.<\/p><p>Sa responsabilit\u00e9 ne saurait \u00eatre engag\u00e9e de ce fait. <\/p>\t\t\t\t\t\t\t\t<\/div>\n\t\t\t\t<\/div>\n\t\t\t\t\t<\/div>\n\t\t\t\t<\/div>\n\t\t\t\t<\/div>\n\t\t","protected":false},"excerpt":{"rendered":"<p>R\u00e8glement du concours Verallia, 3\u00e8me leader mondial sur le march\u00e9 des bouteilles et des pots en verre, con\u00e7oit et fabrique des emballages en verre toujours plus respectueux de l\u2019environnement, recyclables \u00e0 l\u2019infini, qui valorisent les contenus, pr\u00e9servent la qualit\u00e9 alimentaire et le bien-\u00eatre des consommateurs. En France, Verallia est l\u2019acteur de r\u00e9f\u00e9rence sur les march\u00e9s [&hellip;]<\/p>\n","protected":false},"author":1,"featured_media":0,"parent":0,"menu_order":0,"comment_status":"closed","ping_status":"closed","template":"","meta":{"_acf_changed":false,"footnotes":""},"class_list":["post-55","page","type-page","status-publish","hentry"],"acf":[],"yoast_head":"<!-- This site is optimized with the Yoast SEO plugin v27.3 - https:\/\/yoast.com\/product\/yoast-seo-wordpress\/ -->\n<title>R\u00e8glement du concours - Verallia Design Awards<\/title>\n<meta name=\"robots\" content=\"index, follow, max-snippet:-1, max-image-preview:large, max-video-preview:-1\" \/>\n<link rel=\"canonical\" href=\"https:\/\/design.awards.verallia.fr\/fr\/reglement-du-concours\/\" \/>\n<meta property=\"og:locale\" content=\"fr_FR\" \/>\n<meta property=\"og:type\" content=\"article\" \/>\n<meta property=\"og:title\" content=\"R\u00e8glement du concours - Verallia Design Awards\" \/>\n<meta property=\"og:description\" content=\"R\u00e8glement du concours Verallia, 3\u00e8me leader mondial sur le march\u00e9 des bouteilles et des pots en verre, con\u00e7oit et fabrique des emballages en verre toujours plus respectueux de l\u2019environnement, recyclables \u00e0 l\u2019infini, qui valorisent les contenus, pr\u00e9servent la qualit\u00e9 alimentaire et le bien-\u00eatre des consommateurs. En France, Verallia est l\u2019acteur de r\u00e9f\u00e9rence sur les march\u00e9s [&hellip;]\" \/>\n<meta property=\"og:url\" content=\"https:\/\/design.awards.verallia.fr\/fr\/reglement-du-concours\/\" \/>\n<meta property=\"og:site_name\" content=\"Verallia Design Awards\" \/>\n<meta property=\"article:modified_time\" content=\"2025-10-27T14:29:34+00:00\" \/>\n<meta name=\"twitter:card\" content=\"summary_large_image\" \/>\n<meta name=\"twitter:label1\" content=\"Dur\u00e9e de lecture estim\u00e9e\" \/>\n\t<meta name=\"twitter:data1\" content=\"16 minutes\" \/>\n<script type=\"application\/ld+json\" class=\"yoast-schema-graph\">{\"@context\":\"https:\\\/\\\/schema.org\",\"@graph\":[{\"@type\":\"WebPage\",\"@id\":\"https:\\\/\\\/design.awards.verallia.fr\\\/fr\\\/reglement-du-concours\\\/\",\"url\":\"https:\\\/\\\/design.awards.verallia.fr\\\/fr\\\/reglement-du-concours\\\/\",\"name\":\"R\u00e8glement du concours - Verallia Design Awards\",\"isPartOf\":{\"@id\":\"https:\\\/\\\/design.awards.verallia.fr\\\/fr\\\/#website\"},\"datePublished\":\"2023-04-11T15:26:38+00:00\",\"dateModified\":\"2025-10-27T14:29:34+00:00\",\"breadcrumb\":{\"@id\":\"https:\\\/\\\/design.awards.verallia.fr\\\/fr\\\/reglement-du-concours\\\/#breadcrumb\"},\"inLanguage\":\"fr-FR\",\"potentialAction\":[{\"@type\":\"ReadAction\",\"target\":[\"https:\\\/\\\/design.awards.verallia.fr\\\/fr\\\/reglement-du-concours\\\/\"]}]},{\"@type\":\"BreadcrumbList\",\"@id\":\"https:\\\/\\\/design.awards.verallia.fr\\\/fr\\\/reglement-du-concours\\\/#breadcrumb\",\"itemListElement\":[{\"@type\":\"ListItem\",\"position\":1,\"name\":\"Accueil\",\"item\":\"https:\\\/\\\/design.awards.verallia.fr\\\/fr\\\/\"},{\"@type\":\"ListItem\",\"position\":2,\"name\":\"R\u00e8glement du concours\"}]},{\"@type\":\"WebSite\",\"@id\":\"https:\\\/\\\/design.awards.verallia.fr\\\/fr\\\/#website\",\"url\":\"https:\\\/\\\/design.awards.verallia.fr\\\/fr\\\/\",\"name\":\"Verallia Design Awards\",\"description\":\"Verallia Design Award, le concours de design du packaging en verre\",\"publisher\":{\"@id\":\"https:\\\/\\\/design.awards.verallia.fr\\\/fr\\\/#organization\"},\"potentialAction\":[{\"@type\":\"SearchAction\",\"target\":{\"@type\":\"EntryPoint\",\"urlTemplate\":\"https:\\\/\\\/design.awards.verallia.fr\\\/fr\\\/?s={search_term_string}\"},\"query-input\":{\"@type\":\"PropertyValueSpecification\",\"valueRequired\":true,\"valueName\":\"search_term_string\"}}],\"inLanguage\":\"fr-FR\"},{\"@type\":\"Organization\",\"@id\":\"https:\\\/\\\/design.awards.verallia.fr\\\/fr\\\/#organization\",\"name\":\"Verallia Design Awards\",\"url\":\"https:\\\/\\\/design.awards.verallia.fr\\\/fr\\\/\",\"logo\":{\"@type\":\"ImageObject\",\"inLanguage\":\"fr-FR\",\"@id\":\"https:\\\/\\\/design.awards.verallia.fr\\\/fr\\\/#\\\/schema\\\/logo\\\/image\\\/\",\"url\":\"https:\\\/\\\/design.awards.verallia.fr\\\/wp-content\\\/uploads\\\/2023\\\/05\\\/logo-small.png\",\"contentUrl\":\"https:\\\/\\\/design.awards.verallia.fr\\\/wp-content\\\/uploads\\\/2023\\\/05\\\/logo-small.png\",\"width\":198,\"height\":117,\"caption\":\"Verallia Design Awards\"},\"image\":{\"@id\":\"https:\\\/\\\/design.awards.verallia.fr\\\/fr\\\/#\\\/schema\\\/logo\\\/image\\\/\"}}]}<\/script>\n<!-- \/ Yoast SEO plugin. -->","yoast_head_json":{"title":"R\u00e8glement du concours - Verallia Design Awards","robots":{"index":"index","follow":"follow","max-snippet":"max-snippet:-1","max-image-preview":"max-image-preview:large","max-video-preview":"max-video-preview:-1"},"canonical":"https:\/\/design.awards.verallia.fr\/fr\/reglement-du-concours\/","og_locale":"fr_FR","og_type":"article","og_title":"R\u00e8glement du concours - Verallia Design Awards","og_description":"R\u00e8glement du concours Verallia, 3\u00e8me leader mondial sur le march\u00e9 des bouteilles et des pots en verre, con\u00e7oit et fabrique des emballages en verre toujours plus respectueux de l\u2019environnement, recyclables \u00e0 l\u2019infini, qui valorisent les contenus, pr\u00e9servent la qualit\u00e9 alimentaire et le bien-\u00eatre des consommateurs. En France, Verallia est l\u2019acteur de r\u00e9f\u00e9rence sur les march\u00e9s [&hellip;]","og_url":"https:\/\/design.awards.verallia.fr\/fr\/reglement-du-concours\/","og_site_name":"Verallia Design Awards","article_modified_time":"2025-10-27T14:29:34+00:00","twitter_card":"summary_large_image","twitter_misc":{"Dur\u00e9e de lecture estim\u00e9e":"16 minutes"},"schema":{"@context":"https:\/\/schema.org","@graph":[{"@type":"WebPage","@id":"https:\/\/design.awards.verallia.fr\/fr\/reglement-du-concours\/","url":"https:\/\/design.awards.verallia.fr\/fr\/reglement-du-concours\/","name":"R\u00e8glement du concours - Verallia Design Awards","isPartOf":{"@id":"https:\/\/design.awards.verallia.fr\/fr\/#website"},"datePublished":"2023-04-11T15:26:38+00:00","dateModified":"2025-10-27T14:29:34+00:00","breadcrumb":{"@id":"https:\/\/design.awards.verallia.fr\/fr\/reglement-du-concours\/#breadcrumb"},"inLanguage":"fr-FR","potentialAction":[{"@type":"ReadAction","target":["https:\/\/design.awards.verallia.fr\/fr\/reglement-du-concours\/"]}]},{"@type":"BreadcrumbList","@id":"https:\/\/design.awards.verallia.fr\/fr\/reglement-du-concours\/#breadcrumb","itemListElement":[{"@type":"ListItem","position":1,"name":"Accueil","item":"https:\/\/design.awards.verallia.fr\/fr\/"},{"@type":"ListItem","position":2,"name":"R\u00e8glement du concours"}]},{"@type":"WebSite","@id":"https:\/\/design.awards.verallia.fr\/fr\/#website","url":"https:\/\/design.awards.verallia.fr\/fr\/","name":"Verallia Design Awards","description":"Verallia Design Award, le concours de design du packaging en verre","publisher":{"@id":"https:\/\/design.awards.verallia.fr\/fr\/#organization"},"potentialAction":[{"@type":"SearchAction","target":{"@type":"EntryPoint","urlTemplate":"https:\/\/design.awards.verallia.fr\/fr\/?s={search_term_string}"},"query-input":{"@type":"PropertyValueSpecification","valueRequired":true,"valueName":"search_term_string"}}],"inLanguage":"fr-FR"},{"@type":"Organization","@id":"https:\/\/design.awards.verallia.fr\/fr\/#organization","name":"Verallia Design Awards","url":"https:\/\/design.awards.verallia.fr\/fr\/","logo":{"@type":"ImageObject","inLanguage":"fr-FR","@id":"https:\/\/design.awards.verallia.fr\/fr\/#\/schema\/logo\/image\/","url":"https:\/\/design.awards.verallia.fr\/wp-content\/uploads\/2023\/05\/logo-small.png","contentUrl":"https:\/\/design.awards.verallia.fr\/wp-content\/uploads\/2023\/05\/logo-small.png","width":198,"height":117,"caption":"Verallia Design Awards"},"image":{"@id":"https:\/\/design.awards.verallia.fr\/fr\/#\/schema\/logo\/image\/"}}]}},"_links":{"self":[{"href":"https:\/\/design.awards.verallia.fr\/fr\/wp-json\/wp\/v2\/pages\/55","targetHints":{"allow":["GET"]}}],"collection":[{"href":"https:\/\/design.awards.verallia.fr\/fr\/wp-json\/wp\/v2\/pages"}],"about":[{"href":"https:\/\/design.awards.verallia.fr\/fr\/wp-json\/wp\/v2\/types\/page"}],"author":[{"embeddable":true,"href":"https:\/\/design.awards.verallia.fr\/fr\/wp-json\/wp\/v2\/users\/1"}],"replies":[{"embeddable":true,"href":"https:\/\/design.awards.verallia.fr\/fr\/wp-json\/wp\/v2\/comments?post=55"}],"version-history":[{"count":4,"href":"https:\/\/design.awards.verallia.fr\/fr\/wp-json\/wp\/v2\/pages\/55\/revisions"}],"predecessor-version":[{"id":98393,"href":"https:\/\/design.awards.verallia.fr\/fr\/wp-json\/wp\/v2\/pages\/55\/revisions\/98393"}],"wp:attachment":[{"href":"https:\/\/design.awards.verallia.fr\/fr\/wp-json\/wp\/v2\/media?parent=55"}],"curies":[{"name":"wp","href":"https:\/\/api.w.org\/{rel}","templated":true}]}}