{"id":57,"date":"2023-04-11T17:27:17","date_gmt":"2023-04-11T15:27:17","guid":{"rendered":"https:\/\/design.awards.verallia.fr\/?page_id=57"},"modified":"2026-03-03T16:42:50","modified_gmt":"2026-03-03T15:42:50","slug":"faq","status":"publish","type":"page","link":"https:\/\/design.awards.verallia.fr\/fr\/faq\/","title":{"rendered":"FAQ"},"content":{"rendered":"\t\t<div data-elementor-type=\"wp-page\" data-elementor-id=\"57\" class=\"elementor elementor-57\" data-elementor-post-type=\"page\">\n\t\t\t\t<div class=\"elementor-element elementor-element-3b02c17 e-con-full e-flex e-con e-parent\" data-id=\"3b02c17\" data-element_type=\"container\" data-e-type=\"container\" data-settings=\"{&quot;background_background&quot;:&quot;classic&quot;}\">\n\t\t\t\t<\/div>\n\t\t<div class=\"elementor-element elementor-element-c511229 e-flex e-con-boxed e-con e-parent\" data-id=\"c511229\" data-element_type=\"container\" data-e-type=\"container\">\n\t\t\t\t\t<div class=\"e-con-inner\">\n\t\t\t\t<div class=\"elementor-element elementor-element-e02c0e7 elementor-widget elementor-widget-heading\" data-id=\"e02c0e7\" data-element_type=\"widget\" data-e-type=\"widget\" data-widget_type=\"heading.default\">\n\t\t\t\t<div class=\"elementor-widget-container\">\n\t\t\t\t\t<h1 class=\"elementor-heading-title elementor-size-default\">FAQ<\/h1>\t\t\t\t<\/div>\n\t\t\t\t<\/div>\n\t\t\t\t<div class=\"elementor-element elementor-element-854f2e3 elementor-widget elementor-widget-text-editor\" data-id=\"854f2e3\" data-element_type=\"widget\" data-e-type=\"widget\" data-widget_type=\"text-editor.default\">\n\t\t\t\t<div class=\"elementor-widget-container\">\n\t\t\t\t\t\t\t\t\t<p>Envie d\u2019en savoir plus sur le concours, gagnez du temps en trouvant une r\u00e9ponse en quelques clics :<\/p>\t\t\t\t\t\t\t\t<\/div>\n\t\t\t\t<\/div>\n\t\t<div class=\"elementor-element elementor-element-ebee121 e-flex e-con-boxed e-con e-child\" data-id=\"ebee121\" data-element_type=\"container\" data-e-type=\"container\" id=\"faq-choix\">\n\t\t\t\t\t<div class=\"e-con-inner\">\n\t\t\t\t<div class=\"elementor-element elementor-element-31ea684 theme elementor-widget elementor-widget-button\" data-id=\"31ea684\" data-element_type=\"widget\" data-e-type=\"widget\" id=\"bt_la-thematique-du-concours\" data-widget_type=\"button.default\">\n\t\t\t\t<div class=\"elementor-widget-container\">\n\t\t\t\t\t\t\t\t\t<div class=\"elementor-button-wrapper\">\n\t\t\t\t\t<a class=\"elementor-button elementor-button-link elementor-size-sm\" href=\"#\">\n\t\t\t\t\t\t<span class=\"elementor-button-content-wrapper\">\n\t\t\t\t\t\t\t\t\t<span class=\"elementor-button-text\">La th\u00e9matique du concours<\/span>\n\t\t\t\t\t<\/span>\n\t\t\t\t\t<\/a>\n\t\t\t\t<\/div>\n\t\t\t\t\t\t\t\t<\/div>\n\t\t\t\t<\/div>\n\t\t\t\t<div class=\"elementor-element elementor-element-4976ed6 theme elementor-widget elementor-widget-button\" data-id=\"4976ed6\" data-element_type=\"widget\" data-e-type=\"widget\" id=\"bt_les-attentes\" data-widget_type=\"button.default\">\n\t\t\t\t<div class=\"elementor-widget-container\">\n\t\t\t\t\t\t\t\t\t<div class=\"elementor-button-wrapper\">\n\t\t\t\t\t<a class=\"elementor-button elementor-button-link elementor-size-sm\" href=\"#\">\n\t\t\t\t\t\t<span class=\"elementor-button-content-wrapper\">\n\t\t\t\t\t\t\t\t\t<span class=\"elementor-button-text\">Les attentes de mon projet<\/span>\n\t\t\t\t\t<\/span>\n\t\t\t\t\t<\/a>\n\t\t\t\t<\/div>\n\t\t\t\t\t\t\t\t<\/div>\n\t\t\t\t<\/div>\n\t\t\t\t<div class=\"elementor-element elementor-element-907675c theme elementor-widget elementor-widget-button\" data-id=\"907675c\" data-element_type=\"widget\" data-e-type=\"widget\" id=\"bt_inscription\" data-widget_type=\"button.default\">\n\t\t\t\t<div class=\"elementor-widget-container\">\n\t\t\t\t\t\t\t\t\t<div class=\"elementor-button-wrapper\">\n\t\t\t\t\t<a class=\"elementor-button elementor-button-link elementor-size-sm\" href=\"#\">\n\t\t\t\t\t\t<span class=\"elementor-button-content-wrapper\">\n\t\t\t\t\t\t\t\t\t<span class=\"elementor-button-text\">Inscription<\/span>\n\t\t\t\t\t<\/span>\n\t\t\t\t\t<\/a>\n\t\t\t\t<\/div>\n\t\t\t\t\t\t\t\t<\/div>\n\t\t\t\t<\/div>\n\t\t\t\t<div class=\"elementor-element elementor-element-70ea20c theme elementor-widget elementor-widget-button\" data-id=\"70ea20c\" data-element_type=\"widget\" data-e-type=\"widget\" id=\"bt_depot-de-dossier\" data-widget_type=\"button.default\">\n\t\t\t\t<div class=\"elementor-widget-container\">\n\t\t\t\t\t\t\t\t\t<div class=\"elementor-button-wrapper\">\n\t\t\t\t\t<a class=\"elementor-button elementor-button-link elementor-size-sm\" href=\"#\">\n\t\t\t\t\t\t<span class=\"elementor-button-content-wrapper\">\n\t\t\t\t\t\t\t\t\t<span class=\"elementor-button-text\">D\u00e9p\u00f4t de dossier<\/span>\n\t\t\t\t\t<\/span>\n\t\t\t\t\t<\/a>\n\t\t\t\t<\/div>\n\t\t\t\t\t\t\t\t<\/div>\n\t\t\t\t<\/div>\n\t\t\t\t<div class=\"elementor-element elementor-element-37fbfc2 theme elementor-widget elementor-widget-button\" data-id=\"37fbfc2\" data-element_type=\"widget\" data-e-type=\"widget\" id=\"bt_votes-et-deliberations\" data-widget_type=\"button.default\">\n\t\t\t\t<div class=\"elementor-widget-container\">\n\t\t\t\t\t\t\t\t\t<div class=\"elementor-button-wrapper\">\n\t\t\t\t\t<a class=\"elementor-button elementor-button-link elementor-size-sm\" href=\"#\">\n\t\t\t\t\t\t<span class=\"elementor-button-content-wrapper\">\n\t\t\t\t\t\t\t\t\t<span class=\"elementor-button-text\">Votes et d\u00e9lib\u00e9rations<\/span>\n\t\t\t\t\t<\/span>\n\t\t\t\t\t<\/a>\n\t\t\t\t<\/div>\n\t\t\t\t\t\t\t\t<\/div>\n\t\t\t\t<\/div>\n\t\t\t\t<div class=\"elementor-element elementor-element-c5f46fc theme elementor-widget elementor-widget-button\" data-id=\"c5f46fc\" data-element_type=\"widget\" data-e-type=\"widget\" id=\"bt_remise-de-prix\" data-widget_type=\"button.default\">\n\t\t\t\t<div class=\"elementor-widget-container\">\n\t\t\t\t\t\t\t\t\t<div class=\"elementor-button-wrapper\">\n\t\t\t\t\t<a class=\"elementor-button elementor-button-link elementor-size-sm\" href=\"#\">\n\t\t\t\t\t\t<span class=\"elementor-button-content-wrapper\">\n\t\t\t\t\t\t\t\t\t<span class=\"elementor-button-text\">Remise de prix et annonce des laur\u00e9ats<\/span>\n\t\t\t\t\t<\/span>\n\t\t\t\t\t<\/a>\n\t\t\t\t<\/div>\n\t\t\t\t\t\t\t\t<\/div>\n\t\t\t\t<\/div>\n\t\t\t\t<div class=\"elementor-element elementor-element-ec8439c theme elementor-widget elementor-widget-button\" data-id=\"ec8439c\" data-element_type=\"widget\" data-e-type=\"widget\" id=\"bt_visite-des-usines\" data-widget_type=\"button.default\">\n\t\t\t\t<div class=\"elementor-widget-container\">\n\t\t\t\t\t\t\t\t\t<div class=\"elementor-button-wrapper\">\n\t\t\t\t\t<a class=\"elementor-button elementor-button-link elementor-size-sm\" href=\"#\">\n\t\t\t\t\t\t<span class=\"elementor-button-content-wrapper\">\n\t\t\t\t\t\t\t\t\t<span class=\"elementor-button-text\">Visite des usines<\/span>\n\t\t\t\t\t<\/span>\n\t\t\t\t\t<\/a>\n\t\t\t\t<\/div>\n\t\t\t\t\t\t\t\t<\/div>\n\t\t\t\t<\/div>\n\t\t\t\t<div class=\"elementor-element elementor-element-13ef946 theme elementor-widget elementor-widget-button\" data-id=\"13ef946\" data-element_type=\"widget\" data-e-type=\"widget\" id=\"bt_questions-techniques\" data-widget_type=\"button.default\">\n\t\t\t\t<div class=\"elementor-widget-container\">\n\t\t\t\t\t\t\t\t\t<div class=\"elementor-button-wrapper\">\n\t\t\t\t\t<a class=\"elementor-button elementor-button-link elementor-size-sm\" href=\"#\">\n\t\t\t\t\t\t<span class=\"elementor-button-content-wrapper\">\n\t\t\t\t\t\t\t\t\t<span class=\"elementor-button-text\">Questions techniques li\u00e9es \u00e0 l'emballage verre<\/span>\n\t\t\t\t\t<\/span>\n\t\t\t\t\t<\/a>\n\t\t\t\t<\/div>\n\t\t\t\t\t\t\t\t<\/div>\n\t\t\t\t<\/div>\n\t\t\t\t<div class=\"elementor-element elementor-element-6d9e2d2 elementor-widget elementor-widget-button\" data-id=\"6d9e2d2\" data-element_type=\"widget\" data-e-type=\"widget\" data-widget_type=\"button.default\">\n\t\t\t\t<div class=\"elementor-widget-container\">\n\t\t\t\t\t\t\t\t\t<div class=\"elementor-button-wrapper\">\n\t\t\t\t\t<a class=\"elementor-button elementor-button-link elementor-size-sm\" href=\"https:\/\/design.awards.verallia.fr\/fr\/contact\/\">\n\t\t\t\t\t\t<span class=\"elementor-button-content-wrapper\">\n\t\t\t\t\t\t\t\t\t<span class=\"elementor-button-text\">Nous contacter<\/span>\n\t\t\t\t\t<\/span>\n\t\t\t\t\t<\/a>\n\t\t\t\t<\/div>\n\t\t\t\t\t\t\t\t<\/div>\n\t\t\t\t<\/div>\n\t\t\t\t\t<\/div>\n\t\t\t\t<\/div>\n\t\t\t\t\t<\/div>\n\t\t\t\t<\/div>\n\t\t<div class=\"elementor-element elementor-element-75794f4 faq-bloc e-flex e-con-boxed e-con e-parent\" data-id=\"75794f4\" data-element_type=\"container\" data-e-type=\"container\" id=\"la-thematique-du-concours\">\n\t\t\t\t\t<div class=\"e-con-inner\">\n\t\t\t\t<div class=\"elementor-element elementor-element-8e6c573 elementor-widget elementor-widget-heading\" data-id=\"8e6c573\" data-element_type=\"widget\" data-e-type=\"widget\" data-widget_type=\"heading.default\">\n\t\t\t\t<div class=\"elementor-widget-container\">\n\t\t\t\t\t<h2 class=\"elementor-heading-title elementor-size-default\">La th\u00e9matique du concours<\/h2>\t\t\t\t<\/div>\n\t\t\t\t<\/div>\n\t\t\t\t<div class=\"elementor-element elementor-element-e552094 elementor-widget elementor-widget-ucaddon_content_accordion\" data-id=\"e552094\" data-element_type=\"widget\" data-e-type=\"widget\" data-widget_type=\"ucaddon_content_accordion.default\">\n\t\t\t\t<div class=\"elementor-widget-container\">\n\t\t\t\t\t\n<!-- start Content Accordion -->\n\t\t<link id='font-awesome-css' href='https:\/\/design.awards.verallia.fr\/wp-content\/plugins\/unlimited-elements-for-elementor-premium\/assets_libraries\/font-awesome6\/fontawesome-all.min.css' type='text\/css' rel='stylesheet' >\n\t\t<link id='font-awesome-4-shim-css' href='https:\/\/design.awards.verallia.fr\/wp-content\/plugins\/unlimited-elements-for-elementor-premium\/assets_libraries\/font-awesome6\/fontawesome-v4-shims.min.css' type='text\/css' rel='stylesheet' >\n\n<style>\/* widget: Content Accordion *\/\n\n#uc_content_accordion_elementor_e552094 *{\n  box-sizing: border-box;\n}\n\n#uc_content_accordion_elementor_e552094 .uc_ac_box\n{\n  overflow:hidden;\n}\n\n\n#uc_content_accordion_elementor_e552094 em\n{\n  font-style: normal;\n}\n\n#uc_content_accordion_elementor_e552094 .ue_heading_title\n{\n  margin:0;\n  flex-grow:1;\n}\n\n#uc_content_accordion_elementor_e552094 .uc_container .uc-heading\n{\n\tdisplay:flex;\n    align-items:center;\n\toverflow:hidden;\n\tcursor:pointer;\n  \n}\n#uc_content_accordion_elementor_e552094 .uc_container .uc_content\n{\n    display:none;\n}\n\n#uc_content_accordion_elementor_e552094 .uc_container .uc-heading span.ue_accordion_icon\n{\n\tdisplay:flex;\n    align-items:center;\n   \tjustify-content:center;\n    flex-grow:0;\n    flex-shrink:0;\n}\n#uc_content_accordion_elementor_e552094 .uc_ac_box.uc-item-active span.uc_dactive\n{\n\tdisplay:none;\n}\n#uc_content_accordion_elementor_e552094 .uc_ac_box:not(.uc-item-active) span.uc_active\n{\n\tdisplay:none;\n}\n#uc_content_accordion_elementor_e552094 span.ue_accordion_icon svg\n{\n  height:1em;\n  width:1em;\n}\n\n#uc_content_accordion_elementor_e552094 .uc_container .uc_btn {\n\n    text-align: center;\n    display: inline-block;\n    text-decoration: none;\n    transition: ease-in-out all 0.25s;\n}\n\n#uc_content_accordion_elementor_e552094 .ue-item-image img\n{\n  width:100%;\n  display:block;\n  object-fit:cover;\n}\n\n<\/style>\n\n<div class=\"uc_material_accordion  \"  id=\"uc_content_accordion_elementor_e552094\"  data-name=\"\" data-scroll=\"off\" data-offset=\"0\" data-closeothers=\"true\" data-set-hash=\"false\" >\n  <div class=\"uc_container uc-items-wrapper\">\n    \n\n\n<div id=\"#ue-tab1\" class=\"uc_ac_box elementor-repeater-item-95bf678 \" style=\"background-color:;\">\n  <div class=\"uc-heading uc_trigger\">\n    <span class=\"uc_dactive bbb ue_accordion_icon\"><i class='fas fa-plus'><\/i><\/span> \n    <span class=\"uc_active bbb ue_accordion_icon\"><i class='fas fa-minus'><\/i><\/span>\n    <div class=\"ue_heading_title\">Quelle est la th\u00e9matique du concours de cette \u00e9dition ?<\/div>\n  <\/div>\n  \n  <div class=\"uc_content\" >\n        \n      \n         \n                      \n      \n              <div class=\"ue-item-text\"><div class=\"elementor-element elementor-element-9374e02 elementor-widget elementor-widget-spacer\" data-id=\"9374e02\" data-element_type=\"widget\" data-widget_type=\"spacer.default\"><div class=\"elementor-widget-container\"><div class=\"elementor-spacer\"><div><strong>\u201cVerre &amp; Vertus\"<\/strong><\/div><\/div><\/div><\/div><div class=\"elementor-element elementor-element-8d27ac0 elementor-widget elementor-widget-text-editor\" data-id=\"8d27ac0\" data-element_type=\"widget\" data-widget_type=\"text-editor.default\"><div class=\"elementor-widget-container\"><p><strong>Et si le packaging devenait un rituel de bien-\u00eatre \u00e0 part enti\u00e8re ?<\/strong><br \/>Cette \u00e9dition c\u00e9l\u00e8bre le verre comme un vecteur de bien-\u00eatre, de soin et de conscience. Les designers sont invit\u00e9s \u00e0 imaginer des emballages en verre qui valorisent les vertus naturelles, les ingr\u00e9dients fonctionnels, et les rituels de consommation bienfaisants. Le verre devient un \u00e9crin pour des produits qui font du bien au corps, \u00e0 l\u2019esprit\u2026 et \u00e0 la plan\u00e8te.<\/p><p><strong>Ici, le design se met au service du vivant.<\/strong><br \/>Textures apaisantes, formes organiques, couleurs inspir\u00e9es de la nature : les cr\u00e9ations doivent \u00e9veiller les sens autant que la conscience. Chaque packaging devient un objet narratif, inspir\u00e9 des herbiers, des fioles d\u2019apothicaires, des plantes m\u00e9dicinales, etc. Elle raconte une histoire, une origine, une vertu.<\/p><p><strong>Plus qu\u2019un contenant, un alli\u00e9 du quotidien.<\/strong><br \/>Les usages \u00e9voluent, les formats aussi : micro-doses, infusions, shots sant\u00e9, etc. s\u2019invitent dans nos routines. Le verre accompagne ces nouveaux rythmes avec \u00e9l\u00e9gance et responsabilit\u00e9, tout en valorisant la transparence gr\u00e2ce \u00e0 des \u00e9tiquettes informatives sur les bienfaits, les ingr\u00e9dients mais aussi les usages.<\/p><p><strong>Verre &amp; Vertus<\/strong>, c\u2019est donc une invitation \u00e0 concevoir autrement : penser le design comme un acte de soin, un lien entre l\u2019humain, la nature\u2026 et ce que nous choisissons de consommer.<\/p><\/div><\/div><\/div>\n      \n              \n      <\/div> \n<\/div>\n\n\n\n<div id=\"#ue-tab2\" class=\"uc_ac_box elementor-repeater-item-d039b83 \" style=\"background-color:;\">\n  <div class=\"uc-heading uc_trigger\">\n    <span class=\"uc_dactive bbb ue_accordion_icon\"><i class='fas fa-plus'><\/i><\/span> \n    <span class=\"uc_active bbb ue_accordion_icon\"><i class='fas fa-minus'><\/i><\/span>\n    <div class=\"ue_heading_title\">Comment en savoir plus sur la th\u00e9matique ?<\/div>\n  <\/div>\n  \n  <div class=\"uc_content\" >\n        \n      \n         \n                      \n      \n              <div class=\"ue-item-text\"><p>Pour plus d'information sur le th\u00e8me, veuillez vous rendre dans la Boite \u00e0 outil de votre espace candidat <a href=\"https:\/\/design.awards.verallia.fr\/fr\/boite-a-outils\/\">https:\/\/design.awards.verallia.fr\/fr\/boite-a-outils\/<\/a><\/p><\/div>\n      \n              \n      <\/div> \n<\/div>\n\n\n\n<div id=\"#ue-tab3\" class=\"uc_ac_box elementor-repeater-item-82656e8 \" style=\"background-color:;\">\n  <div class=\"uc-heading uc_trigger\">\n    <span class=\"uc_dactive bbb ue_accordion_icon\"><i class='fas fa-plus'><\/i><\/span> \n    <span class=\"uc_active bbb ue_accordion_icon\"><i class='fas fa-minus'><\/i><\/span>\n    <div class=\"ue_heading_title\">Quelles sont les cat\u00e9gories en comp\u00e9tition ?<\/div>\n  <\/div>\n  \n  <div class=\"uc_content\" >\n        \n      \n         \n                      \n      \n              <div class=\"ue-item-text\"><p>Cette 17\u00e8me \u00e9dition invite les candidats \u00e0 proposer un projet parmi les cat\u00e9gories suivantes :<\/p><p><strong>Prix Verre :\u00a0<\/strong><\/p><p class=\"cvGsUA direction-ltr align-justify para-style-body\"><span class=\"a_GcMg font-feature-liga-off font-feature-clig-off font-feature-calt-off text-decoration-none text-strikethrough-none\">Dans cette cat\u00e9gorie, vous avez l'opportunit\u00e9 de cr\u00e9er <\/span><span class=\"a_GcMg font-feature-liga-off font-feature-clig-off font-feature-calt-off text-decoration-none text-strikethrough-none\">une nouvelle bouteille ou un nouveau pot en verre<\/span><span class=\"a_GcMg font-feature-liga-off font-feature-clig-off font-feature-calt-off text-decoration-none text-strikethrough-none\"> qui incarne parfaitement l'esprit de la th\u00e9matique \"<\/span><span class=\"a_GcMg font-feature-liga-off font-feature-clig-off font-feature-calt-off text-decoration-none text-strikethrough-none\">Verre et Vertus<\/span><span class=\"a_GcMg font-feature-liga-off font-feature-clig-off font-feature-calt-off text-decoration-none text-strikethrough-none\">\". Le design doit se concentrer exclusivement sur <\/span><span class=\"a_GcMg font-feature-liga-off font-feature-clig-off font-feature-calt-off text-decoration-none text-strikethrough-none\">la forme de la bouteille ou du pot<\/span><span class=\"a_GcMg font-feature-liga-off font-feature-clig-off font-feature-calt-off text-decoration-none text-strikethrough-none\">, qui doit \u00eatre innovante, fonctionnelle et hors du commun. Il est possible d\u2019explorer les diff\u00e9rentes teintes de verre propos\u00e9es par Verallia France.<\/span><\/p><p class=\"cvGsUA direction-ltr align-justify para-style-body\"><span class=\"a_GcMg font-feature-liga-off font-feature-clig-off font-feature-calt-off text-decoration-none text-strikethrough-none\">C\u2019est le moment de donner vie \u00e0 vos id\u00e9es les plus cr\u00e9atives ! Vous avez le choix parmi les bouteilles ou pots suivants :<\/span><\/p><ul><li><span class=\"a_GcMg font-feature-liga-off font-feature-clig-off font-feature-calt-off text-decoration-none text-strikethrough-none\">1 bouteille de Vin Tranquille ou Effervescent Nolow (faible en alcool ou sans alcool) \u2013 format 75cl<\/span><\/li><li><span class=\"a_GcMg font-feature-liga-off font-feature-clig-off font-feature-calt-off text-decoration-none text-strikethrough-none\">1 bouteille pour les Boissons fonctionnelles &amp; RTD \u2013 (k\u00e9fir, kombucha, etc.) \u2013 formats 33 \/ 37,5 \/ 50 cl<\/span><\/li><li><span class=\"a_GcMg font-feature-liga-off font-feature-clig-off font-feature-calt-off text-decoration-none text-strikethrough-none\">1 packaging Food (bouteille ou pot) pour les sauces<\/span><\/li><\/ul><p><strong>Prix D\u00e9cor :<\/strong><\/p><p><span class=\"OYPEnA font-feature-liga-off font-feature-clig-off font-feature-calt-off text-decoration-none text-strikethrough-none\"><span class=\"a_GcMg font-feature-liga-off font-feature-clig-off font-feature-calt-off text-decoration-none text-strikethrough-none\">Pour la cat\u00e9gorie D\u00e9cor, la bouteille choisie est la <\/span><span class=\"a_GcMg font-feature-liga-off font-feature-clig-off font-feature-calt-off text-decoration-none text-strikethrough-none\">Bouteille YS Bague Plate<\/span><span class=\"a_GcMg font-feature-liga-off font-feature-clig-off font-feature-calt-off text-decoration-none text-strikethrough-none\">. Votre mission sera de vous baser uniquement sur <\/span><span class=\"a_GcMg font-feature-liga-off font-feature-clig-off font-feature-calt-off text-decoration-none text-strikethrough-none\">le d\u00e9cor de cette bouteille<\/span><span class=\"a_GcMg font-feature-liga-off font-feature-clig-off font-feature-calt-off text-decoration-none text-strikethrough-none\">, en lien direct avec la th\u00e9matique. Laissez libre cours \u00e0 votre imagination pour <\/span><span class=\"a_GcMg font-feature-liga-off font-feature-clig-off font-feature-calt-off text-decoration-none text-strikethrough-none\">transformer la bouteille en une \u0153uvre d'art de bien-\u00eatre qui attirera tous les regards<\/span><span class=\"a_GcMg font-feature-liga-off font-feature-clig-off font-feature-calt-off text-decoration-none text-strikethrough-none\">. Consultez notre bo\u00eete \u00e0 outils, qui d\u00e9taille tous les d\u00e9cors possibles et les<\/span><span class=\"a_GcMg font-feature-liga-off font-feature-clig-off font-feature-calt-off text-decoration-none text-strikethrough-none\"> zones d\u00e9corables<\/span><span class=\"a_GcMg font-feature-liga-off font-feature-clig-off font-feature-calt-off text-decoration-none text-strikethrough-none\">.<\/span><\/span><\/p><p><strong>Prix Sp\u00e9cial R\u00e9my Cointreau :<\/strong><\/p><p class=\"cvGsUA direction-ltr align-justify para-style-body\"><span class=\"a_GcMg font-feature-liga-off font-feature-clig-off font-feature-calt-off text-decoration-none text-strikethrough-none\">Cette ann\u00e9e, nous avons le plaisir d\u2019introduire un <\/span><span class=\"a_GcMg font-feature-liga-off font-feature-clig-off font-feature-calt-off text-decoration-none text-strikethrough-none\">prix sp\u00e9cial R\u00e9my Cointreau<\/span><span class=\"a_GcMg font-feature-liga-off font-feature-clig-off font-feature-calt-off text-decoration-none text-strikethrough-none\"> !<\/span><\/p><p class=\"cvGsUA direction-ltr align-justify para-style-body\"><span class=\"a_GcMg font-feature-liga-off font-feature-clig-off font-feature-calt-off text-decoration-none text-strikethrough-none\">Dans cette cat\u00e9gorie, vous avez l\u2019opportunit\u00e9 de proposer <\/span><span class=\"a_GcMg font-feature-liga-off font-feature-clig-off font-feature-calt-off text-decoration-none text-strikethrough-none\">une bouteille de spiritueux<\/span><span class=\"a_GcMg font-feature-liga-off font-feature-clig-off font-feature-calt-off text-decoration-none text-strikethrough-none\"> r\u00e9pondant au <\/span><span class=\"a_GcMg font-feature-liga-off font-feature-clig-off font-feature-calt-off text-decoration-none text-strikethrough-none\">brief exclusif de R\u00e9my Cointreau<\/span><span class=\"a_GcMg font-feature-liga-off font-feature-clig-off font-feature-calt-off text-decoration-none text-strikethrough-none\">.<\/span><\/p><p class=\"cvGsUA direction-ltr align-justify para-style-body\"><span class=\"a_GcMg font-feature-liga-off font-feature-clig-off font-feature-calt-off text-decoration-none text-strikethrough-none\">Le <\/span><span class=\"a_GcMg font-feature-liga-off font-feature-clig-off font-feature-calt-off text-decoration-none text-strikethrough-none\">brief <\/span><span class=\"a_GcMg font-feature-liga-off font-feature-clig-off font-feature-calt-off text-decoration-none text-strikethrough-none\">est disponible dans la <\/span><span class=\"a_GcMg font-feature-liga-off font-feature-clig-off font-feature-calt-off text-decoration-none text-strikethrough-none\">bo\u00eete \u00e0 outils<\/span><span class=\"a_GcMg font-feature-liga-off font-feature-clig-off font-feature-calt-off text-decoration-none text-strikethrough-none\"> : n\u2019h\u00e9sitez pas \u00e0 le consulter pour bien comprendre les crit\u00e8res attendus.<\/span><\/p><\/div>\n      \n              \n      <\/div> \n<\/div>\n\n\n\n<div id=\"#ue-tab4\" class=\"uc_ac_box elementor-repeater-item-2462f2c \" style=\"background-color:;\">\n  <div class=\"uc-heading uc_trigger\">\n    <span class=\"uc_dactive bbb ue_accordion_icon\"><i class='fas fa-plus'><\/i><\/span> \n    <span class=\"uc_active bbb ue_accordion_icon\"><i class='fas fa-minus'><\/i><\/span>\n    <div class=\"ue_heading_title\">Puis-je prendre l'exemple d'une marque dans mon projet ?<\/div>\n  <\/div>\n  \n  <div class=\"uc_content\" >\n        \n      \n         \n                      \n      \n              <div class=\"ue-item-text\"><p>Nous vous prions de prendre une marque fictive que vous aurez cr\u00e9\u00e9e ou de proposer une cr\u00e9ation neutre.<\/p><\/div>\n      \n              \n      <\/div> \n<\/div>\n\n  <\/div>\n<\/div>\n\n\n<!-- end Content Accordion -->\t\t\t\t<\/div>\n\t\t\t\t<\/div>\n\t\t\t\t\t<\/div>\n\t\t\t\t<\/div>\n\t\t<div class=\"elementor-element elementor-element-7e5b731 faq-bloc e-flex e-con-boxed e-con e-parent\" data-id=\"7e5b731\" data-element_type=\"container\" data-e-type=\"container\" id=\"les-attentes\">\n\t\t\t\t\t<div class=\"e-con-inner\">\n\t\t\t\t<div class=\"elementor-element elementor-element-c214564 elementor-widget elementor-widget-heading\" data-id=\"c214564\" data-element_type=\"widget\" data-e-type=\"widget\" data-widget_type=\"heading.default\">\n\t\t\t\t<div class=\"elementor-widget-container\">\n\t\t\t\t\t<h2 class=\"elementor-heading-title elementor-size-default\">Les attentes de mon projet<\/h2>\t\t\t\t<\/div>\n\t\t\t\t<\/div>\n\t\t\t\t<div class=\"elementor-element elementor-element-639ea33 elementor-widget elementor-widget-ucaddon_content_accordion\" data-id=\"639ea33\" data-element_type=\"widget\" data-e-type=\"widget\" data-widget_type=\"ucaddon_content_accordion.default\">\n\t\t\t\t<div class=\"elementor-widget-container\">\n\t\t\t\t\t\n<!-- start Content Accordion -->\n\n<style>\/* widget: Content Accordion *\/\n\n#uc_content_accordion_elementor_639ea33 *{\n  box-sizing: border-box;\n}\n\n#uc_content_accordion_elementor_639ea33 .uc_ac_box\n{\n  overflow:hidden;\n}\n\n\n#uc_content_accordion_elementor_639ea33 em\n{\n  font-style: normal;\n}\n\n#uc_content_accordion_elementor_639ea33 .ue_heading_title\n{\n  margin:0;\n  flex-grow:1;\n}\n\n#uc_content_accordion_elementor_639ea33 .uc_container .uc-heading\n{\n\tdisplay:flex;\n    align-items:center;\n\toverflow:hidden;\n\tcursor:pointer;\n  \n}\n#uc_content_accordion_elementor_639ea33 .uc_container .uc_content\n{\n    display:none;\n}\n\n#uc_content_accordion_elementor_639ea33 .uc_container .uc-heading span.ue_accordion_icon\n{\n\tdisplay:flex;\n    align-items:center;\n   \tjustify-content:center;\n    flex-grow:0;\n    flex-shrink:0;\n}\n#uc_content_accordion_elementor_639ea33 .uc_ac_box.uc-item-active span.uc_dactive\n{\n\tdisplay:none;\n}\n#uc_content_accordion_elementor_639ea33 .uc_ac_box:not(.uc-item-active) span.uc_active\n{\n\tdisplay:none;\n}\n#uc_content_accordion_elementor_639ea33 span.ue_accordion_icon svg\n{\n  height:1em;\n  width:1em;\n}\n\n#uc_content_accordion_elementor_639ea33 .uc_container .uc_btn {\n\n    text-align: center;\n    display: inline-block;\n    text-decoration: none;\n    transition: ease-in-out all 0.25s;\n}\n\n#uc_content_accordion_elementor_639ea33 .ue-item-image img\n{\n  width:100%;\n  display:block;\n  object-fit:cover;\n}\n\n<\/style>\n\n<div class=\"uc_material_accordion  \"  id=\"uc_content_accordion_elementor_639ea33\"  data-name=\"\" data-scroll=\"off\" data-offset=\"0\" data-closeothers=\"true\" data-set-hash=\"false\" >\n  <div class=\"uc_container uc-items-wrapper\">\n    \n\n\n<div id=\"#ue-tab1\" class=\"uc_ac_box elementor-repeater-item-95bf678 \" style=\"background-color:;\">\n  <div class=\"uc-heading uc_trigger\">\n    <span class=\"uc_dactive bbb ue_accordion_icon\"><i class='fas fa-plus'><\/i><\/span> \n    <span class=\"uc_active bbb ue_accordion_icon\"><i class='fas fa-minus'><\/i><\/span>\n    <div class=\"ue_heading_title\">Quels \u00e9l\u00e9ments sont attendus pour mon projet ?<\/div>\n  <\/div>\n  \n  <div class=\"uc_content\" >\n        \n      \n         \n                      \n      \n              <div class=\"ue-item-text\"><p><span style=\"text-decoration: underline;\"><strong>Votre projet devra proposer :<\/strong><\/span><\/p><ul><li><strong>1 document PDF au format paysage\u00a0<\/strong>pr\u00e9sentant les principales informations sur le projet :<ul><li>le concept propos\u00e9, et en quoi il r\u00e9pond aux attentes du public concern\u00e9<\/li><li>la sp\u00e9cificit\u00e9 du projet (valeur esth\u00e9tique, praticit\u00e9\u2026)<\/li><li>un visuel de la bouteille ou du pot (esquisse ou visuel en 3D)<\/li><li>un plan technique avec les principales cotes<\/li><li><span data-contrast=\"none\">un argumentaire qui d\u00e9taillera les raisons du choix de ce produit en particulier et les b\u00e9n\u00e9fices procur\u00e9s par le nouvel emballage (\u00e9tude consommateur, \u00e9tude\u00a0<\/span><span data-contrast=\"none\">\u00e9conomique,\u2026<\/span><span data-contrast=\"none\">).<\/span><span data-ccp-props=\"{&quot;201341983&quot;:0,&quot;335551550&quot;:6,&quot;335551620&quot;:6,&quot;335559739&quot;:160,&quot;335559740&quot;:259}\">\u00a0<\/span><\/li><li>La valeur ajout\u00e9e apport\u00e9e par la bouteille ou le pot (esth\u00e9tique, ergonomique, logistique\u2026)<\/li><li>Le \u00ab moment \u00bb de consommation<\/li><li>Le ou les publics auxquels le projet est destin\u00e9<\/li><li>Une estimation de la faisabilit\u00e9 industrielle<\/li><\/ul><\/li><li><strong>1 image principale et jusqu\u2019\u00e0 3 images secondaires\u00a0<\/strong>(au format paysage):<ul><li>Un visuel de mise en sc\u00e8ne dans un rayon ou de consommation du produit final sera appr\u00e9ci\u00e9<\/li><li>Le candidat veillera \u00e0 ce que son visuel principal soit repr\u00e9sentatif de son projet.<\/li><\/ul><\/li><li><strong>1 titre du projet<\/strong><\/li><li><strong>1<\/strong><strong>\u00a0description<\/strong><\/li><li><strong>Si je participe en groupe :<\/strong> rajouter jusqu\u2019\u00e0 3 personnes au projet (4 personnes au total)<\/li><\/ul><\/div>\n      \n              \n      <\/div> \n<\/div>\n\n\n\n<div id=\"#ue-tab2\" class=\"uc_ac_box elementor-repeater-item-d039b83 \" style=\"background-color:;\">\n  <div class=\"uc-heading uc_trigger\">\n    <span class=\"uc_dactive bbb ue_accordion_icon\"><i class='fas fa-plus'><\/i><\/span> \n    <span class=\"uc_active bbb ue_accordion_icon\"><i class='fas fa-minus'><\/i><\/span>\n    <div class=\"ue_heading_title\">Puis-je prendre l'exemple d'une marque pour mon projet ?<\/div>\n  <\/div>\n  \n  <div class=\"uc_content\" >\n        \n      \n         \n                      \n      \n              <div class=\"ue-item-text\"><p>Nous vous prions de prendre une marque fictive que vous aurez cr\u00e9\u00e9e ou de proposer une cr\u00e9ation neutre.<\/p><\/div>\n      \n              \n      <\/div> \n<\/div>\n\n  <\/div>\n<\/div>\n\n\n<!-- end Content Accordion -->\t\t\t\t<\/div>\n\t\t\t\t<\/div>\n\t\t\t\t\t<\/div>\n\t\t\t\t<\/div>\n\t\t<div class=\"elementor-element elementor-element-f93e0ab faq-bloc e-flex e-con-boxed e-con e-parent\" data-id=\"f93e0ab\" data-element_type=\"container\" data-e-type=\"container\" id=\"inscription\">\n\t\t\t\t\t<div class=\"e-con-inner\">\n\t\t\t\t<div class=\"elementor-element elementor-element-cf89c57 elementor-widget elementor-widget-heading\" data-id=\"cf89c57\" data-element_type=\"widget\" data-e-type=\"widget\" data-widget_type=\"heading.default\">\n\t\t\t\t<div class=\"elementor-widget-container\">\n\t\t\t\t\t<h2 class=\"elementor-heading-title elementor-size-default\">Inscription<\/h2>\t\t\t\t<\/div>\n\t\t\t\t<\/div>\n\t\t\t\t<div class=\"elementor-element elementor-element-abc5333 elementor-widget elementor-widget-ucaddon_content_accordion\" data-id=\"abc5333\" data-element_type=\"widget\" data-e-type=\"widget\" data-widget_type=\"ucaddon_content_accordion.default\">\n\t\t\t\t<div class=\"elementor-widget-container\">\n\t\t\t\t\t\n<!-- start Content Accordion -->\n\n<style>\/* widget: Content Accordion *\/\n\n#uc_content_accordion_elementor_abc5333 *{\n  box-sizing: border-box;\n}\n\n#uc_content_accordion_elementor_abc5333 .uc_ac_box\n{\n  overflow:hidden;\n}\n\n\n#uc_content_accordion_elementor_abc5333 em\n{\n  font-style: normal;\n}\n\n#uc_content_accordion_elementor_abc5333 .ue_heading_title\n{\n  margin:0;\n  flex-grow:1;\n}\n\n#uc_content_accordion_elementor_abc5333 .uc_container .uc-heading\n{\n\tdisplay:flex;\n    align-items:center;\n\toverflow:hidden;\n\tcursor:pointer;\n  \n}\n#uc_content_accordion_elementor_abc5333 .uc_container .uc_content\n{\n    display:none;\n}\n\n#uc_content_accordion_elementor_abc5333 .uc_container .uc-heading span.ue_accordion_icon\n{\n\tdisplay:flex;\n    align-items:center;\n   \tjustify-content:center;\n    flex-grow:0;\n    flex-shrink:0;\n}\n#uc_content_accordion_elementor_abc5333 .uc_ac_box.uc-item-active span.uc_dactive\n{\n\tdisplay:none;\n}\n#uc_content_accordion_elementor_abc5333 .uc_ac_box:not(.uc-item-active) span.uc_active\n{\n\tdisplay:none;\n}\n#uc_content_accordion_elementor_abc5333 span.ue_accordion_icon svg\n{\n  height:1em;\n  width:1em;\n}\n\n#uc_content_accordion_elementor_abc5333 .uc_container .uc_btn {\n\n    text-align: center;\n    display: inline-block;\n    text-decoration: none;\n    transition: ease-in-out all 0.25s;\n}\n\n#uc_content_accordion_elementor_abc5333 .ue-item-image img\n{\n  width:100%;\n  display:block;\n  object-fit:cover;\n}\n\n<\/style>\n\n<div class=\"uc_material_accordion  \"  id=\"uc_content_accordion_elementor_abc5333\"  data-name=\"\" data-scroll=\"off\" data-offset=\"0\" data-closeothers=\"true\" data-set-hash=\"false\" >\n  <div class=\"uc_container uc-items-wrapper\">\n    \n\n\n<div id=\"#ue-tab1\" class=\"uc_ac_box elementor-repeater-item-d039b83 \" style=\"background-color:;\">\n  <div class=\"uc-heading uc_trigger\">\n    <span class=\"uc_dactive bbb ue_accordion_icon\"><i class='fas fa-plus'><\/i><\/span> \n    <span class=\"uc_active bbb ue_accordion_icon\"><i class='fas fa-minus'><\/i><\/span>\n    <div class=\"ue_heading_title\">Je suis jeune dipl\u00f4m\u00e9, est-ce que je peux m\u2019inscrire ?<\/div>\n  <\/div>\n  \n  <div class=\"uc_content\" >\n        \n      \n         \n                      \n      \n              <div class=\"ue-item-text\"><p>Oui, le concours est <strong>ouvert aux \u00e9tudiants en design, packaging, Beaux-Arts ainsi qu'aux jeunes dipl\u00f4m\u00e9s<\/strong> pouvant se pr\u00e9valoir d\u2019un cursus de design ou de communication (sortis depuis moins de 2ans).<\/p><p><em>Exemple : je suis dipl\u00f4m\u00e9 d'une \u00e9cole de design en 2022 (ou plus r\u00e9cemment) =&gt; <strong>je peux concourir<\/strong><\/em><\/p><p>Le concours n\u2019est pas destin\u00e9 aux professionnels et aux entreprises, mais plut\u00f4t \u00e0 un public de jeunes designers et communicants.<\/p><p>Le cas \u00e9ch\u00e9ant, une copie de votre carte d'\u00e9tudiant peut vous \u00eatre demand\u00e9e.<\/p><\/div>\n      \n              \n      <\/div> \n<\/div>\n\n\n\n<div id=\"#ue-tab2\" class=\"uc_ac_box elementor-repeater-item-17b7ed1 \" style=\"background-color:;\">\n  <div class=\"uc-heading uc_trigger\">\n    <span class=\"uc_dactive bbb ue_accordion_icon\"><i class='fas fa-plus'><\/i><\/span> \n    <span class=\"uc_active bbb ue_accordion_icon\"><i class='fas fa-minus'><\/i><\/span>\n    <div class=\"ue_heading_title\">Qu\u2019est-ce qui me sera demand\u00e9 lors de l\u2019inscription ?<\/div>\n  <\/div>\n  \n  <div class=\"uc_content\" >\n        \n      \n         \n                      \n      \n              <div class=\"ue-item-text\"><p>Vous pouvez vous inscrire en remplissant le formulaire d\u2019inscription.<\/p><p>Dans le formulaire, vous seront demand\u00e9s votre nom, votre pr\u00e9nom, un num\u00e9ro de t\u00e9l\u00e9phone et une adresse email pour vous joindre, votre \u00e9cole et\/ou le biais par lequel vous avez connu le concours, ainsi qu'une photo. Pas besoin de pr\u00e9ciser la cat\u00e9gorie qui vous int\u00e9resse, ce point-l\u00e0 sera seulement \u00e0 renseigner lors du d\u00e9p\u00f4t de dossier.<\/p><p>Les inscriptions sont ouvertes jusqu'au 16 mars 2025 \u00e0 18h.<\/p><\/div>\n      \n              \n      <\/div> \n<\/div>\n\n\n\n<div id=\"#ue-tab3\" class=\"uc_ac_box elementor-repeater-item-6834d33 \" style=\"background-color:;\">\n  <div class=\"uc-heading uc_trigger\">\n    <span class=\"uc_dactive bbb ue_accordion_icon\"><i class='fas fa-plus'><\/i><\/span> \n    <span class=\"uc_active bbb ue_accordion_icon\"><i class='fas fa-minus'><\/i><\/span>\n    <div class=\"ue_heading_title\">Je n'arrive pas \u00e0 cr\u00e9er mon mot de passe, que faire ?<\/div>\n  <\/div>\n  \n  <div class=\"uc_content\" >\n        \n      \n         \n                      \n      \n              <div class=\"ue-item-text\"><p>Lors de votre inscription, il vous sera demand\u00e9 de cr\u00e9er un mot de passe avec :<\/p><ul><li>au minimum 7 caract\u00e8res<\/li><li>au moins 1 majuscule<\/li><li>au moins 1 chiffre<\/li><li><strong>pas de caract\u00e8res sp\u00e9ciaux<\/strong> ($ @ # * ...)<\/li><\/ul><p>\u00c9vitez d'utiliser votre nom ou\/et pr\u00e9nom car votre mot de passe sera alors jug\u00e9 trop \u00ab facile \u00bb.<\/p><\/div>\n      \n              \n      <\/div> \n<\/div>\n\n\n\n<div id=\"#ue-tab4\" class=\"uc_ac_box elementor-repeater-item-aff99c7 \" style=\"background-color:;\">\n  <div class=\"uc-heading uc_trigger\">\n    <span class=\"uc_dactive bbb ue_accordion_icon\"><i class='fas fa-plus'><\/i><\/span> \n    <span class=\"uc_active bbb ue_accordion_icon\"><i class='fas fa-minus'><\/i><\/span>\n    <div class=\"ue_heading_title\">Puis-je concourir en \u00e9quipe ?<\/div>\n  <\/div>\n  \n  <div class=\"uc_content\" >\n        \n      \n         \n                      \n      \n              <div class=\"ue-item-text\"><p>Vous pouvez concourir seuls ou bien en \u00e9quipe. Une \u00e9quipe peut \u00eatre constitu\u00e9e de 2,3 ou 4 personnes maximum.<\/p><p>L\u2019\u00e9quipe porteuse du projet doit obligatoirement \u00eatre constitu\u00e9e d\u2019un ou plusieurs \u00e9tudiants suivant une formation dans un \u00e9tablissement de ce type.<\/p><p>Lors du d\u00e9p\u00f4t du projet sur le site <a href=\"https:\/\/design.awards.verallia.fr\/fr\/depot-de-dossier\">https:\/\/design.awards.verallia.fr\/fr\/depot-de-dossier<\/a>, vous pourrez indiquer si vous concourrez seul ou en \u00e9quipe, et pr\u00e9senter les membres de votre \u00e9quipe (pr\u00e9nom, nom, email, t\u00e9l\u00e9phone).<\/p><p>Chaque \u00e9quipe doit choisir un membre qui aura en charge d\u00e9poser le projet au nom de son \u00e9quipe. Merci d'\u00e9viter de d\u00e9poser le m\u00eame projet par tous les membres de l'\u00e9quipe.<\/p><\/div>\n      \n              \n      <\/div> \n<\/div>\n\n\n\n<div id=\"#ue-tab5\" class=\"uc_ac_box elementor-repeater-item-6ba9417 \" style=\"background-color:;\">\n  <div class=\"uc-heading uc_trigger\">\n    <span class=\"uc_dactive bbb ue_accordion_icon\"><i class='fas fa-plus'><\/i><\/span> \n    <span class=\"uc_active bbb ue_accordion_icon\"><i class='fas fa-minus'><\/i><\/span>\n    <div class=\"ue_heading_title\">Dans le cas d\u2019un projet r\u00e9alis\u00e9 en \u00e9quipe, tous les participants doivent-ils s\u2019inscrire ?<\/div>\n  <\/div>\n  \n  <div class=\"uc_content\" >\n        \n      \n         \n                      \n      \n              <div class=\"ue-item-text\"><p>Oui, de cette mani\u00e8re tous les participants seront inform\u00e9s au m\u00eame moment de l\u2019actualit\u00e9 du concours et tout le monde aura l'acc\u00e8s \u00e0 la bo\u00eete \u00e0 outils. En revanche un seul d\u00e9p\u00f4t de dossier sera demand\u00e9, avec un r\u00e9f\u00e9rent par dossier \u00e0 contacter en cas de victoire. Il vous suffira de suivre les champs des formulaires.<\/p><\/div>\n      \n              \n      <\/div> \n<\/div>\n\n\n\n<div id=\"#ue-tab6\" class=\"uc_ac_box elementor-repeater-item-e5372a7 \" style=\"background-color:;\">\n  <div class=\"uc-heading uc_trigger\">\n    <span class=\"uc_dactive bbb ue_accordion_icon\"><i class='fas fa-plus'><\/i><\/span> \n    <span class=\"uc_active bbb ue_accordion_icon\"><i class='fas fa-minus'><\/i><\/span>\n    <div class=\"ue_heading_title\">Puis-je concourir dans plusieurs cat\u00e9gories ?<\/div>\n  <\/div>\n  \n  <div class=\"uc_content\" >\n        \n      \n         \n                      \n      \n              <div class=\"ue-item-text\"><p>Non, vous avez la possibilit\u00e9 de participer uniquement dans une des cat\u00e9gories du concours<\/p><\/div>\n      \n              \n      <\/div> \n<\/div>\n\n\n\n<div id=\"#ue-tab7\" class=\"uc_ac_box elementor-repeater-item-0447a62 \" style=\"background-color:;\">\n  <div class=\"uc-heading uc_trigger\">\n    <span class=\"uc_dactive bbb ue_accordion_icon\"><i class='fas fa-plus'><\/i><\/span> \n    <span class=\"uc_active bbb ue_accordion_icon\"><i class='fas fa-minus'><\/i><\/span>\n    <div class=\"ue_heading_title\">J\u2019ai perdu mon identifiant, comment le r\u00e9cup\u00e9rer ?<\/div>\n  <\/div>\n  \n  <div class=\"uc_content\" >\n        \n      \n         \n                      \n      \n              <div class=\"ue-item-text\"><p>Votre identifiant correspond \u00e0 votre adresse email renseign\u00e9e lors de l\u2019inscription. Si vous \u00eates vraiment bloqu\u00e9, n\u2019h\u00e9sitez pas \u00e0 nous contacter gr\u00e2ce \u00e0 l'onglet 'contact'.<\/p><\/div>\n      \n              \n      <\/div> \n<\/div>\n\n\n\n<div id=\"#ue-tab8\" class=\"uc_ac_box elementor-repeater-item-3bedc88 \" style=\"background-color:;\">\n  <div class=\"uc-heading uc_trigger\">\n    <span class=\"uc_dactive bbb ue_accordion_icon\"><i class='fas fa-plus'><\/i><\/span> \n    <span class=\"uc_active bbb ue_accordion_icon\"><i class='fas fa-minus'><\/i><\/span>\n    <div class=\"ue_heading_title\">J\u2019ai perdu mon mot de passe, comment le r\u00e9cup\u00e9rer ?<\/div>\n  <\/div>\n  \n  <div class=\"uc_content\" >\n        \n      \n         \n                      \n      \n              <div class=\"ue-item-text\"><p>Cliquez tout simplement sur \u00ab mot de passe oubli\u00e9 \u00bb \u00e0 droite des champs de connexion ou sur le lien suivant <a href=\"https:\/\/design.awards.verallia.fr\/fr\/password-reset\/\">https:\/\/design.awards.verallia.fr\/fr\/password-reset\/<\/a><\/p><p>Un nouveau mot de passe vous sera envoy\u00e9 sur votre adresse email. Si vous \u00eates vraiment bloqu\u00e9, n\u2019h\u00e9sitez pas \u00e0 nous contacter gr\u00e2ce \u00e0 l'onglet 'contact'.<\/p><\/div>\n      \n              \n      <\/div> \n<\/div>\n\n  <\/div>\n<\/div>\n\n\n<!-- end Content Accordion -->\t\t\t\t<\/div>\n\t\t\t\t<\/div>\n\t\t\t\t\t<\/div>\n\t\t\t\t<\/div>\n\t\t<div class=\"elementor-element elementor-element-4f929d0 faq-bloc e-flex e-con-boxed e-con e-parent\" data-id=\"4f929d0\" data-element_type=\"container\" data-e-type=\"container\" id=\"depot-de-dossier\">\n\t\t\t\t\t<div class=\"e-con-inner\">\n\t\t\t\t<div class=\"elementor-element elementor-element-e30de82 elementor-widget elementor-widget-heading\" data-id=\"e30de82\" data-element_type=\"widget\" data-e-type=\"widget\" data-widget_type=\"heading.default\">\n\t\t\t\t<div class=\"elementor-widget-container\">\n\t\t\t\t\t<h2 class=\"elementor-heading-title elementor-size-default\">D\u00e9p\u00f4t de dossier<\/h2>\t\t\t\t<\/div>\n\t\t\t\t<\/div>\n\t\t\t\t<div class=\"elementor-element elementor-element-f719e8b elementor-widget elementor-widget-ucaddon_content_accordion\" data-id=\"f719e8b\" data-element_type=\"widget\" data-e-type=\"widget\" data-widget_type=\"ucaddon_content_accordion.default\">\n\t\t\t\t<div class=\"elementor-widget-container\">\n\t\t\t\t\t\n<!-- start Content Accordion -->\n\n<style>\/* widget: Content Accordion *\/\n\n#uc_content_accordion_elementor_f719e8b *{\n  box-sizing: border-box;\n}\n\n#uc_content_accordion_elementor_f719e8b .uc_ac_box\n{\n  overflow:hidden;\n}\n\n\n#uc_content_accordion_elementor_f719e8b em\n{\n  font-style: normal;\n}\n\n#uc_content_accordion_elementor_f719e8b .ue_heading_title\n{\n  margin:0;\n  flex-grow:1;\n}\n\n#uc_content_accordion_elementor_f719e8b .uc_container .uc-heading\n{\n\tdisplay:flex;\n    align-items:center;\n\toverflow:hidden;\n\tcursor:pointer;\n  \n}\n#uc_content_accordion_elementor_f719e8b .uc_container .uc_content\n{\n    display:none;\n}\n\n#uc_content_accordion_elementor_f719e8b .uc_container .uc-heading span.ue_accordion_icon\n{\n\tdisplay:flex;\n    align-items:center;\n   \tjustify-content:center;\n    flex-grow:0;\n    flex-shrink:0;\n}\n#uc_content_accordion_elementor_f719e8b .uc_ac_box.uc-item-active span.uc_dactive\n{\n\tdisplay:none;\n}\n#uc_content_accordion_elementor_f719e8b .uc_ac_box:not(.uc-item-active) span.uc_active\n{\n\tdisplay:none;\n}\n#uc_content_accordion_elementor_f719e8b span.ue_accordion_icon svg\n{\n  height:1em;\n  width:1em;\n}\n\n#uc_content_accordion_elementor_f719e8b .uc_container .uc_btn {\n\n    text-align: center;\n    display: inline-block;\n    text-decoration: none;\n    transition: ease-in-out all 0.25s;\n}\n\n#uc_content_accordion_elementor_f719e8b .ue-item-image img\n{\n  width:100%;\n  display:block;\n  object-fit:cover;\n}\n\n<\/style>\n\n<div class=\"uc_material_accordion  \"  id=\"uc_content_accordion_elementor_f719e8b\"  data-name=\"\" data-scroll=\"off\" data-offset=\"0\" data-closeothers=\"true\" data-set-hash=\"false\" >\n  <div class=\"uc_container uc-items-wrapper\">\n    \n\n\n<div id=\"#ue-tab1\" class=\"uc_ac_box elementor-repeater-item-95bf678 \" style=\"background-color:;\">\n  <div class=\"uc-heading uc_trigger\">\n    <span class=\"uc_dactive bbb ue_accordion_icon\"><i class='fas fa-plus'><\/i><\/span> \n    <span class=\"uc_active bbb ue_accordion_icon\"><i class='fas fa-minus'><\/i><\/span>\n    <div class=\"ue_heading_title\">Quand est-ce que je peux d\u00e9poser mon dossier ?<\/div>\n  <\/div>\n  \n  <div class=\"uc_content\" >\n        \n      \n         \n                      \n      \n              <div class=\"ue-item-text\"><p>Le d\u00e9p\u00f4t des dossiers est ouvert jusqu'au\u00a0au <strong>15 mars 2026<\/strong> \u00e0 18h. Au-del\u00e0 de cette date, aucun dossier ne pourra \u00eatre accept\u00e9. En revanche, vous pouvez \u00e0 tout moment, jusqu\u2019au 15 mars, revenir sur votre dossier et le modifier. Le dernier enregistrement effectu\u00e9 aura valeur de dossier final.<\/p><\/div>\n      \n              \n      <\/div> \n<\/div>\n\n\n\n<div id=\"#ue-tab2\" class=\"uc_ac_box elementor-repeater-item-d039b83 \" style=\"background-color:;\">\n  <div class=\"uc-heading uc_trigger\">\n    <span class=\"uc_dactive bbb ue_accordion_icon\"><i class='fas fa-plus'><\/i><\/span> \n    <span class=\"uc_active bbb ue_accordion_icon\"><i class='fas fa-minus'><\/i><\/span>\n    <div class=\"ue_heading_title\">Comment d\u00e9poser mon projet ?<\/div>\n  <\/div>\n  \n  <div class=\"uc_content\" >\n        \n      \n         \n                      \n      \n              <div class=\"ue-item-text\"><p>Pour d\u00e9poser votre projet, vous devez au pr\u00e9alable vous inscrire au concours :\u00a0<a href=\"https:\/\/design.awards.verallia.fr\/fr\/inscription\/\">https:\/\/design.awards.verallia.fr\/fr\/inscription\/\u00a0<\/a><\/p><\/div>\n      \n              \n      <\/div> \n<\/div>\n\n\n\n<div id=\"#ue-tab3\" class=\"uc_ac_box elementor-repeater-item-2b789cc \" style=\"background-color:;\">\n  <div class=\"uc-heading uc_trigger\">\n    <span class=\"uc_dactive bbb ue_accordion_icon\"><i class='fas fa-plus'><\/i><\/span> \n    <span class=\"uc_active bbb ue_accordion_icon\"><i class='fas fa-minus'><\/i><\/span>\n    <div class=\"ue_heading_title\">Que dois-je mettre dans mon dossier ?<\/div>\n  <\/div>\n  \n  <div class=\"uc_content\" >\n        \n      \n         \n                      \n      \n              <div class=\"ue-item-text\"><p><strong>Votre projet devra proposer :<\/strong><\/p><ul><li><strong>1 document PDF au format paysage\u00a0<\/strong>pr\u00e9sentant les principales informations sur le projet :<ul><li>le concept propos\u00e9, et en quoi il r\u00e9pond aux attentes du public concern\u00e9<\/li><li>la sp\u00e9cificit\u00e9 du projet (valeur esth\u00e9tique, praticit\u00e9\u2026)<\/li><li>un visuel de la bouteille ou du pot (esquisse ou visuel en 3D)<\/li><li>un plan technique avec les principales cotes<\/li><li><span data-contrast=\"none\">un argumentaire qui d\u00e9taillera les raisons du choix de ce produit en particulier et les b\u00e9n\u00e9fices procur\u00e9s par le nouvel emballage (\u00e9tude consommateur, \u00e9tude\u00a0<\/span><span data-contrast=\"none\">\u00e9conomique,\u2026<\/span><span data-contrast=\"none\">).<\/span><span data-ccp-props=\"{&quot;201341983&quot;:0,&quot;335551550&quot;:6,&quot;335551620&quot;:6,&quot;335559739&quot;:160,&quot;335559740&quot;:259}\">\u00a0<\/span><\/li><li>La valeur ajout\u00e9e apport\u00e9e par la bouteille ou le pot (esth\u00e9tique, ergonomique, logistique\u2026)<\/li><li>Le \u00ab moment \u00bb de consommation<\/li><li>Le ou les publics auxquels le projet est destin\u00e9<\/li><li>Une estimation de la faisabilit\u00e9 industrielle<\/li><\/ul><\/li><li><strong>1 image principale et jusqu\u2019\u00e0 3 images secondaires\u00a0<\/strong>(au format paysage):<ul><li>Un visuel de mise en sc\u00e8ne dans un rayon ou de consommation du produit final sera appr\u00e9ci\u00e9<\/li><li>Le candidat veillera \u00e0 ce que son visuel principal soit repr\u00e9sentatif de son projet.<\/li><\/ul><\/li><li><strong>1 court extrait descriptif<\/strong>\u00a0et une\u00a0<strong>longue description<\/strong><\/li><\/ul><p>Il appartient au candidat de v\u00e9rifier qu\u2019il n\u2019existe pas d\u2019ant\u00e9riorit\u00e9s identiques ou fortement similaires \u00e0 son projet. S\u2019il en existe, le participant devra justifier que son projet diff\u00e8re de mani\u00e8re significative et suffisante des cr\u00e9ations existantes et ce afin d\u2019\u00e9viter tout risque de contrefa\u00e7on ou concurrence d\u00e9loyale.<\/p><p>Les organisateurs se r\u00e9servent le droit de retirer un projet du concours s\u2019ils estiment qu\u2019il existe un risque juridique important du fait de la proximit\u00e9 du projet avec une cr\u00e9ation existante. Un candidat peut pendant toute la dur\u00e9e du concours annuler sa participation. Il devra en informer son \u00e9tablissement le plus rapidement possible.<\/p><\/div>\n      \n              \n      <\/div> \n<\/div>\n\n\n\n<div id=\"#ue-tab4\" class=\"uc_ac_box elementor-repeater-item-1884378 \" style=\"background-color:;\">\n  <div class=\"uc-heading uc_trigger\">\n    <span class=\"uc_dactive bbb ue_accordion_icon\"><i class='fas fa-plus'><\/i><\/span> \n    <span class=\"uc_active bbb ue_accordion_icon\"><i class='fas fa-minus'><\/i><\/span>\n    <div class=\"ue_heading_title\">J'ai r\u00e9alis\u00e9 mon projet en groupe, comment le d\u00e9poser ?<\/div>\n  <\/div>\n  \n  <div class=\"uc_content\" >\n        \n      \n         \n                      \n      \n              <div class=\"ue-item-text\"><p>Les \u00e9tudiants peuvent se pr\u00e9senter seuls ou bien en \u00e9quipe. Une \u00e9quipe peut \u00eatre constitu\u00e9e de 2, 3 ou 4 personnes maximum. L\u2019\u00e9quipe porteuse du projet doit obligatoirement \u00eatre constitu\u00e9e d\u2019un ou plusieurs \u00e9tudiants suivant une formation dans un \u00e9tablissement de ce type.<\/p><p>Le projet doit \u00eatre d\u00e9pos\u00e9 par un seul des candidats constituant l'\u00e9quipe via le formulaire de d\u00e9p\u00f4t de projet de son espace candidat https:\/\/design.awards.verallia.fr\/fr\/depot-de-dossier\/<\/p><p>Il sera alors demand\u00e9 au candidat d'indiquer s'il a r\u00e9alis\u00e9 son projet en \u00e9quipe &gt; r\u00e9pondre \"OUI\"<br \/>Puis indiquer les pr\u00e9nom, nom, email, n\u00b0 de tel mobile<\/p><\/div>\n      \n              \n      <\/div> \n<\/div>\n\n\n\n<div id=\"#ue-tab5\" class=\"uc_ac_box elementor-repeater-item-c28aeb5 \" style=\"background-color:;\">\n  <div class=\"uc-heading uc_trigger\">\n    <span class=\"uc_dactive bbb ue_accordion_icon\"><i class='fas fa-plus'><\/i><\/span> \n    <span class=\"uc_active bbb ue_accordion_icon\"><i class='fas fa-minus'><\/i><\/span>\n    <div class=\"ue_heading_title\">Dois-je inscrire mon nom et mon pr\u00e9nom mon dossier ?<\/div>\n  <\/div>\n  \n  <div class=\"uc_content\" >\n        \n      \n         \n                      \n      \n              <div class=\"ue-item-text\"><p>Non les dossiers doivent rester anonymes pour \u00e9viter d\u2019influencer le jury. Dans un souci d\u2019\u00e9quit\u00e9, Verallia se r\u00e9serve le droit de flouter les noms apparents dans le cas o\u00f9 la consigne ne serait pas respect\u00e9e.<\/p><\/div>\n      \n              \n      <\/div> \n<\/div>\n\n\n\n<div id=\"#ue-tab6\" class=\"uc_ac_box elementor-repeater-item-a9942f5 \" style=\"background-color:;\">\n  <div class=\"uc-heading uc_trigger\">\n    <span class=\"uc_dactive bbb ue_accordion_icon\"><i class='fas fa-plus'><\/i><\/span> \n    <span class=\"uc_active bbb ue_accordion_icon\"><i class='fas fa-minus'><\/i><\/span>\n    <div class=\"ue_heading_title\">Puis-je soumettre un projet qui a d\u00e9j\u00e0 gagn\u00e9 un prix ?<\/div>\n  <\/div>\n  \n  <div class=\"uc_content\" >\n        \n      \n         \n                      \n      \n              <div class=\"ue-item-text\"><p>Oui, mais il vous appartient de v\u00e9rifier l\u2019ant\u00e9riorit\u00e9 du produit que vous proposez ainsi que les droits d\u2019exploitation attenants. Si votre projet n\u2019est pas exploitable par Verallia et l\u2019un de ses clients imm\u00e9diatement apr\u00e8s le concours, alors vous ne pourrez pas le d\u00e9poser.<\/p><\/div>\n      \n              \n      <\/div> \n<\/div>\n\n\n\n<div id=\"#ue-tab7\" class=\"uc_ac_box elementor-repeater-item-1f8615d \" style=\"background-color:;\">\n  <div class=\"uc-heading uc_trigger\">\n    <span class=\"uc_dactive bbb ue_accordion_icon\"><i class='fas fa-plus'><\/i><\/span> \n    <span class=\"uc_active bbb ue_accordion_icon\"><i class='fas fa-minus'><\/i><\/span>\n    <div class=\"ue_heading_title\">Je souhaite modifier une image ou un autre \u00e9l\u00e9ment de mon dossier, est-ce que c\u2019est possible ?<\/div>\n  <\/div>\n  \n  <div class=\"uc_content\" >\n        \n      \n         \n                      \n      \n              <div class=\"ue-item-text\"><p>Tout \u00e0 fait : jusqu\u2019au 15 mars 2026 \u00e0 18h vous pouvez modifier le dossier que vous avez sauvegard\u00e9. En vous connectant \u00e0 votre espace candidat vous aurez acc\u00e8s aux \u00e9l\u00e9ments d\u00e9j\u00e0 sauvegard\u00e9s par vos soins, que vous pourrez faire \u00e9voluer. Vous devez d\u00e9poser votre dossier gr\u00e2ce au bouton \"d\u00e9poser\" le soir du 15 mars 2026 maximum.<\/p><\/div>\n      \n              \n      <\/div> \n<\/div>\n\n  <\/div>\n<\/div>\n\n\n<!-- end Content Accordion -->\t\t\t\t<\/div>\n\t\t\t\t<\/div>\n\t\t\t\t\t<\/div>\n\t\t\t\t<\/div>\n\t\t<div class=\"elementor-element elementor-element-da73c24 faq-bloc e-flex e-con-boxed e-con e-parent\" data-id=\"da73c24\" data-element_type=\"container\" data-e-type=\"container\" id=\"votes-et-deliberations\">\n\t\t\t\t\t<div class=\"e-con-inner\">\n\t\t\t\t<div class=\"elementor-element elementor-element-f143801 elementor-widget elementor-widget-heading\" data-id=\"f143801\" data-element_type=\"widget\" data-e-type=\"widget\" data-widget_type=\"heading.default\">\n\t\t\t\t<div class=\"elementor-widget-container\">\n\t\t\t\t\t<h2 class=\"elementor-heading-title elementor-size-default\">Votes et d\u00e9lib\u00e9rations<\/h2>\t\t\t\t<\/div>\n\t\t\t\t<\/div>\n\t\t\t\t<div class=\"elementor-element elementor-element-f4a42fb elementor-widget elementor-widget-ucaddon_content_accordion\" data-id=\"f4a42fb\" data-element_type=\"widget\" data-e-type=\"widget\" data-widget_type=\"ucaddon_content_accordion.default\">\n\t\t\t\t<div class=\"elementor-widget-container\">\n\t\t\t\t\t\n<!-- start Content Accordion -->\n\n<style>\/* widget: Content Accordion *\/\n\n#uc_content_accordion_elementor_f4a42fb *{\n  box-sizing: border-box;\n}\n\n#uc_content_accordion_elementor_f4a42fb .uc_ac_box\n{\n  overflow:hidden;\n}\n\n\n#uc_content_accordion_elementor_f4a42fb em\n{\n  font-style: normal;\n}\n\n#uc_content_accordion_elementor_f4a42fb .ue_heading_title\n{\n  margin:0;\n  flex-grow:1;\n}\n\n#uc_content_accordion_elementor_f4a42fb .uc_container .uc-heading\n{\n\tdisplay:flex;\n    align-items:center;\n\toverflow:hidden;\n\tcursor:pointer;\n  \n}\n#uc_content_accordion_elementor_f4a42fb .uc_container .uc_content\n{\n    display:none;\n}\n\n#uc_content_accordion_elementor_f4a42fb .uc_container .uc-heading span.ue_accordion_icon\n{\n\tdisplay:flex;\n    align-items:center;\n   \tjustify-content:center;\n    flex-grow:0;\n    flex-shrink:0;\n}\n#uc_content_accordion_elementor_f4a42fb .uc_ac_box.uc-item-active span.uc_dactive\n{\n\tdisplay:none;\n}\n#uc_content_accordion_elementor_f4a42fb .uc_ac_box:not(.uc-item-active) span.uc_active\n{\n\tdisplay:none;\n}\n#uc_content_accordion_elementor_f4a42fb span.ue_accordion_icon svg\n{\n  height:1em;\n  width:1em;\n}\n\n#uc_content_accordion_elementor_f4a42fb .uc_container .uc_btn {\n\n    text-align: center;\n    display: inline-block;\n    text-decoration: none;\n    transition: ease-in-out all 0.25s;\n}\n\n#uc_content_accordion_elementor_f4a42fb .ue-item-image img\n{\n  width:100%;\n  display:block;\n  object-fit:cover;\n}\n\n<\/style>\n\n<div class=\"uc_material_accordion  \"  id=\"uc_content_accordion_elementor_f4a42fb\"  data-name=\"\" data-scroll=\"off\" data-offset=\"0\" data-closeothers=\"true\" data-set-hash=\"false\" >\n  <div class=\"uc_container uc-items-wrapper\">\n    \n\n\n<div id=\"#ue-tab1\" class=\"uc_ac_box elementor-repeater-item-95bf678 \" style=\"background-color:;\">\n  <div class=\"uc-heading uc_trigger\">\n    <span class=\"uc_dactive bbb ue_accordion_icon\"><i class='fas fa-plus'><\/i><\/span> \n    <span class=\"uc_active bbb ue_accordion_icon\"><i class='fas fa-minus'><\/i><\/span>\n    <div class=\"ue_heading_title\">Comment se passe le vote ?<\/div>\n  <\/div>\n  \n  <div class=\"uc_content\" >\n        \n      \n         \n                      \n      \n              <div class=\"ue-item-text\"><p>1. Les projets d\u00e9pos\u00e9s sont soumis \u00e0 une pr\u00e9-s\u00e9lection afin de proposer au vote les projets qui\u00a0:<\/p><ul><li>r\u00e9pondent \u00e0 la th\u00e9matique du concours<\/li><li>respectent les contraintes de faisabilit\u00e9 industrielle<\/li><li>mettent en valeur le mat\u00e9riau verre (l'innovation ne doit reposer uniquement sur un autre mat\u00e9riau)<\/li><\/ul><p>2. Le vote est ouvert en ligne aux clients de Verallia France, aux salari\u00e9s\u00a0de Verallia France ainsi qu'au jury.<\/p><p>3. Les meilleurs projets de chaque cat\u00e9gorie seront pr\u00e9sent\u00e9s au comit\u00e9 de jury qui, a l'issue des d\u00e9lib\u00e9rations, \u00e9liront les laur\u00e9ats de chaque cat\u00e9gorie.<\/p><p><strong>Inutile de nous contacter pour conna\u00eetre les r\u00e9sultats ni ce qu'\u00e0 pens\u00e9 le jury de votre projet, nous ne communiquerons rien avant la remise des prix qui se tiendra fin juin.\u00a0<\/strong><\/p><\/div>\n      \n              \n      <\/div> \n<\/div>\n\n\n\n<div id=\"#ue-tab2\" class=\"uc_ac_box elementor-repeater-item-848f6a1 \" style=\"background-color:;\">\n  <div class=\"uc-heading uc_trigger\">\n    <span class=\"uc_dactive bbb ue_accordion_icon\"><i class='fas fa-plus'><\/i><\/span> \n    <span class=\"uc_active bbb ue_accordion_icon\"><i class='fas fa-minus'><\/i><\/span>\n    <div class=\"ue_heading_title\">Comment se passe le choix des laur\u00e9ats ?<\/div>\n  <\/div>\n  \n  <div class=\"uc_content\" >\n        \n      \n         \n                      \n      \n              <div class=\"ue-item-text\"><p>Pour les cat\u00e9gories, un comit\u00e9 interne Verallia compos\u00e9 de personnes du bureau d\u2019\u00e9tudes, de la production, du commerce et du marketing fera une 1\u00e8re s\u00e9lection des projets fin mars. Les projets pr\u00e9s\u00e9lectionn\u00e9s feront ensuite l\u2019objet d\u2019un vote en ligne, ouvert en mai aux clients et collaborateurs de Verallia, ainsi qu\u2019aux agences de design pack et aux journalistes de l\u2019emballage, qui sera enfin suivi d\u2019une d\u00e9lib\u00e9ration avec un jury physique.<\/p><p><strong>Inutile de nous contacter pour conna\u00eetre les r\u00e9sultats ni ce qu'\u00e0 pens\u00e9 le jury de votre projet, nous ne communiquerons rien avant la remise des prix qui se tiendra fin juin.\u00a0<\/strong><\/p><\/div>\n      \n              \n      <\/div> \n<\/div>\n\n\n\n<div id=\"#ue-tab3\" class=\"uc_ac_box elementor-repeater-item-d600402 \" style=\"background-color:;\">\n  <div class=\"uc-heading uc_trigger\">\n    <span class=\"uc_dactive bbb ue_accordion_icon\"><i class='fas fa-plus'><\/i><\/span> \n    <span class=\"uc_active bbb ue_accordion_icon\"><i class='fas fa-minus'><\/i><\/span>\n    <div class=\"ue_heading_title\">Qui seront les membres du jury cette ann\u00e9e ?<\/div>\n  <\/div>\n  \n  <div class=\"uc_content\" >\n        \n      \n         \n                      \n      \n              <div class=\"ue-item-text\"><p>Chaque ann\u00e9e Verallia mobilise son r\u00e9seau de clients pour avoir \u00e0 ses c\u00f4t\u00e9s dans le comit\u00e9 de jury des professionnels de l\u2019industrie agro-alimentaire et boissons. Tous les march\u00e9s et diff\u00e9rentes fonctions sont repr\u00e9sent\u00e9s (Direction Achat, Marketing, D\u00e9veloppement\u2026). Lors des pr\u00e9c\u00e9dentes \u00e9ditions les laur\u00e9ats ont eu l\u2019honneur d\u2019\u00eatre \u00e9lus par des experts de Vignobles Jeanjean et Maison Jeanjean, R\u00e9my Cointreau, Le Petit Beret, Danone, Ravoire, Gobilab...<\/p><p>En plus de ces professionnels, des designers de renom (les parrains a minima) sont pr\u00e9sents pour \u00e9lire les meilleurs projets. En 2020 par exemple, Eve GEORGE, marraine du concours, \u00e9tait parmi nous.<\/p><p>Des journalistes et agences de design compl\u00e8tent le panel pour garantir l\u2019aspect innovant des produits et faire b\u00e9n\u00e9ficier le comit\u00e9 d\u2019un regard riche d\u2019actualit\u00e9s. En 2021, IDEAT, Intramuros, V&amp;S News, Emballage Magazine, Liquides &amp; Conditionnement, Luxe Packaging Insight, Emballage Digest ont accompagn\u00e9 le comit\u00e9. La composition exacte du jury de cette ann\u00e9e sera d\u00e9voil\u00e9e au cours de l'ann\u00e9e.<\/p><\/div>\n      \n              \n      <\/div> \n<\/div>\n\n\n\n<div id=\"#ue-tab4\" class=\"uc_ac_box elementor-repeater-item-9420d4e \" style=\"background-color:;\">\n  <div class=\"uc-heading uc_trigger\">\n    <span class=\"uc_dactive bbb ue_accordion_icon\"><i class='fas fa-plus'><\/i><\/span> \n    <span class=\"uc_active bbb ue_accordion_icon\"><i class='fas fa-minus'><\/i><\/span>\n    <div class=\"ue_heading_title\">Quand aura lieu le vote et la d\u00e9lib\u00e9ration du jury ?<\/div>\n  <\/div>\n  \n  <div class=\"uc_content\" >\n        \n      \n         \n                      \n      \n              <div class=\"ue-item-text\"><p>Le vote sera ouvert aux membres du jury, aux clients Verallia et \u00e0 l'ensemble des collaborateurs Verallia France jusqu'\u00e0 fin avril 2026.<\/p><p>La r\u00e9union de d\u00e9lib\u00e9ration du jury aura lieu le 19 mai 2026.<\/p><p>Inutile de nous contacter pour conna\u00eetre les r\u00e9sultats ni ce qu'\u00e0 pens\u00e9 le jury de votre projet, nous ne communiquerons rien avant la remise des prix qui se tiendra fin juin.<\/p><\/div>\n      \n              \n      <\/div> \n<\/div>\n\n\n\n<div id=\"#ue-tab5\" class=\"uc_ac_box elementor-repeater-item-19e2110 \" style=\"background-color:;\">\n  <div class=\"uc-heading uc_trigger\">\n    <span class=\"uc_dactive bbb ue_accordion_icon\"><i class='fas fa-plus'><\/i><\/span> \n    <span class=\"uc_active bbb ue_accordion_icon\"><i class='fas fa-minus'><\/i><\/span>\n    <div class=\"ue_heading_title\">Quand seront annonc\u00e9s les gagnants des Verallia Design Awards 2024 ?<\/div>\n  <\/div>\n  \n  <div class=\"uc_content\" >\n        \n      \n         \n                      \n      \n              <div class=\"ue-item-text\"><p>Les laur\u00e9ats seront pr\u00e9venus apr\u00e8s la d\u00e9lib\u00e9ration du jury fin mai, en amont de la remise des prix de fa\u00e7on \u00e0 ce que Verallia ait le temps de r\u00e9aliser une maquette r\u00e9aliste de leurs projets. Pour r\u00e9aliser cette maquette, un plan 3D est n\u00e9cessaire ; elle pourra \u00eatre r\u00e9alis\u00e9e en verre dans le meilleur des cas, ou bien en plexi ou en pyrex ou autrement. La r\u00e9alisation des maquettes fait l\u2019objet d\u2019un \u00e9change suivi entre le laur\u00e9at et le Bureau d\u2019Etudes.<\/p><p>L'annonce officielle des laur\u00e9ats des Verallia Design Awards sera faite lors de la remise des prix, fin juin.<\/p><p>Chaque candidat recevra par email avec un retour personnalis\u00e9 sur son projet.<\/p><p>Inutile de nous contacter pour conna\u00eetre les r\u00e9sultats ni ce qu'\u00e0 pens\u00e9 le jury de votre projet, nous ne communiquerons rien avant la remise des prix qui se tiendra fin juin.<\/p><\/div>\n      \n              \n      <\/div> \n<\/div>\n\n\n\n<div id=\"#ue-tab6\" class=\"uc_ac_box elementor-repeater-item-d1e3fde \" style=\"background-color:;\">\n  <div class=\"uc-heading uc_trigger\">\n    <span class=\"uc_dactive bbb ue_accordion_icon\"><i class='fas fa-plus'><\/i><\/span> \n    <span class=\"uc_active bbb ue_accordion_icon\"><i class='fas fa-minus'><\/i><\/span>\n    <div class=\"ue_heading_title\">Si je suis laur\u00e9at(e), qu'en serais-je inform\u00e9(e) ? <\/div>\n  <\/div>\n  \n  <div class=\"uc_content\" >\n        \n      \n         \n                      \n      \n              <div class=\"ue-item-text\"><p>Les laur\u00e9ats seront contact\u00e9s dans les jours suivants la r\u00e9union de d\u00e9lib\u00e9ration du jury. Juste le temps de v\u00e9rifier que les projets laur\u00e9ats sont bien une cr\u00e9ation unique et originale et qu'ils ne font pas l'objet d'un d\u00e9p\u00f4t de droit d'auteur.<\/p><p>En suite tout se passe tr\u00e8s vite car il faut pr\u00e9parer les maquettes (cr\u00e9\u00e9es par des fournisseurs sp\u00e9cialit\u00e9s). Pour cela, notre Bureau d'Etudes se rapproche de chaque candidat pour obtenir le maximum d'\u00e9l\u00e9ments sur le projet pour permettre la r\u00e9alisation de la maquette (en pirex, plexi, ... en fonction de temps \/ de la faisabilit\u00e9 et du co\u00fbt de r\u00e9alisation).<\/p><p>Les candidats qui n'auront pas \u00e9t\u00e9 contact\u00e9s pourront l\u00e9gitimement conclure qu'ils ne feront pas partie des laur\u00e9ats de cette \u00e9dition. En revanche ils recevront le jour de la remise des prix un email contenant un retour personnalis\u00e9 sur leur projet.<\/p><p>M\u00eame si le projet d'un candidat n'est pas laur\u00e9at, \u00e0 partir du moment o\u00f9 il a \u00e9t\u00e9 jug\u00e9 int\u00e9ressant et prometteur, il sera pr\u00e9sent\u00e9 aux clients Verallia. En cas de coup de c\u0153ur d'un client, le projet pourra faire l'objet d'un d\u00e9veloppement industriel et commercial. Dans ce contexte, le candidat y sera \u00e9videment associ\u00e9 et il se verra proposer un contrat de cession de droits par Verallia (cf R\u00e8glement du concours https:\/\/design.awards.verallia.fr\/fr\/reglement-du-concours\/)<\/p><p><strong>Inutile de nous contacter pour conna\u00eetre les r\u00e9sultats ni ce qu'\u00e0 pens\u00e9 le jury de votre projet, nous ne communiquerons rien avant la remise des prix qui se tiendra fin juin.\u00a0<\/strong><\/p><\/div>\n      \n              \n      <\/div> \n<\/div>\n\n  <\/div>\n<\/div>\n\n\n<!-- end Content Accordion -->\t\t\t\t<\/div>\n\t\t\t\t<\/div>\n\t\t\t\t\t<\/div>\n\t\t\t\t<\/div>\n\t\t<div class=\"elementor-element elementor-element-9831c76 faq-bloc e-flex e-con-boxed e-con e-parent\" data-id=\"9831c76\" data-element_type=\"container\" data-e-type=\"container\" id=\"remise-de-prix\">\n\t\t\t\t\t<div class=\"e-con-inner\">\n\t\t\t\t<div class=\"elementor-element elementor-element-b8baf57 elementor-widget elementor-widget-heading\" data-id=\"b8baf57\" data-element_type=\"widget\" data-e-type=\"widget\" data-widget_type=\"heading.default\">\n\t\t\t\t<div class=\"elementor-widget-container\">\n\t\t\t\t\t<h2 class=\"elementor-heading-title elementor-size-default\">Remise de prix et annonce des laur\u00e9ats<\/h2>\t\t\t\t<\/div>\n\t\t\t\t<\/div>\n\t\t\t\t<div class=\"elementor-element elementor-element-872b234 elementor-widget elementor-widget-ucaddon_content_accordion\" data-id=\"872b234\" data-element_type=\"widget\" data-e-type=\"widget\" data-widget_type=\"ucaddon_content_accordion.default\">\n\t\t\t\t<div class=\"elementor-widget-container\">\n\t\t\t\t\t\n<!-- start Content Accordion -->\n\n<style>\/* widget: Content Accordion *\/\n\n#uc_content_accordion_elementor_872b234 *{\n  box-sizing: border-box;\n}\n\n#uc_content_accordion_elementor_872b234 .uc_ac_box\n{\n  overflow:hidden;\n}\n\n\n#uc_content_accordion_elementor_872b234 em\n{\n  font-style: normal;\n}\n\n#uc_content_accordion_elementor_872b234 .ue_heading_title\n{\n  margin:0;\n  flex-grow:1;\n}\n\n#uc_content_accordion_elementor_872b234 .uc_container .uc-heading\n{\n\tdisplay:flex;\n    align-items:center;\n\toverflow:hidden;\n\tcursor:pointer;\n  \n}\n#uc_content_accordion_elementor_872b234 .uc_container .uc_content\n{\n    display:none;\n}\n\n#uc_content_accordion_elementor_872b234 .uc_container .uc-heading span.ue_accordion_icon\n{\n\tdisplay:flex;\n    align-items:center;\n   \tjustify-content:center;\n    flex-grow:0;\n    flex-shrink:0;\n}\n#uc_content_accordion_elementor_872b234 .uc_ac_box.uc-item-active span.uc_dactive\n{\n\tdisplay:none;\n}\n#uc_content_accordion_elementor_872b234 .uc_ac_box:not(.uc-item-active) span.uc_active\n{\n\tdisplay:none;\n}\n#uc_content_accordion_elementor_872b234 span.ue_accordion_icon svg\n{\n  height:1em;\n  width:1em;\n}\n\n#uc_content_accordion_elementor_872b234 .uc_container .uc_btn {\n\n    text-align: center;\n    display: inline-block;\n    text-decoration: none;\n    transition: ease-in-out all 0.25s;\n}\n\n#uc_content_accordion_elementor_872b234 .ue-item-image img\n{\n  width:100%;\n  display:block;\n  object-fit:cover;\n}\n\n<\/style>\n\n<div class=\"uc_material_accordion  \"  id=\"uc_content_accordion_elementor_872b234\"  data-name=\"\" data-scroll=\"off\" data-offset=\"0\" data-closeothers=\"true\" data-set-hash=\"false\" >\n  <div class=\"uc_container uc-items-wrapper\">\n    \n\n\n<div id=\"#ue-tab1\" class=\"uc_ac_box elementor-repeater-item-95bf678 \" style=\"background-color:;\">\n  <div class=\"uc-heading uc_trigger\">\n    <span class=\"uc_dactive bbb ue_accordion_icon\"><i class='fas fa-plus'><\/i><\/span> \n    <span class=\"uc_active bbb ue_accordion_icon\"><i class='fas fa-minus'><\/i><\/span>\n    <div class=\"ue_heading_title\">Quand et o\u00f9 aura lieu la remise des Prix ?<\/div>\n  <\/div>\n  \n  <div class=\"uc_content\" >\n        \n      \n         \n                      \n      \n              <div class=\"ue-item-text\"><p>La remise des Prix pour les six prix Verallia Design Awards aura lieu fin juin. Le lieu sera annonc\u00e9 en cours d'\u00e9dition. Elle sera suivie cocktail d\u00e9jeunatoire.<\/p><p>Inutile de nous contacter pour conna\u00eetre les r\u00e9sultats ni ce qu'\u00e0 pens\u00e9 le jury de votre projet, nous ne communiquerons rien avant la remise des prix qui se tiendra fin juin.<\/p><\/div>\n      \n              \n      <\/div> \n<\/div>\n\n\n\n<div id=\"#ue-tab2\" class=\"uc_ac_box elementor-repeater-item-f4575ed \" style=\"background-color:;\">\n  <div class=\"uc-heading uc_trigger\">\n    <span class=\"uc_dactive bbb ue_accordion_icon\"><i class='fas fa-plus'><\/i><\/span> \n    <span class=\"uc_active bbb ue_accordion_icon\"><i class='fas fa-minus'><\/i><\/span>\n    <div class=\"ue_heading_title\">Quand seront annonc\u00e9s les gagnants des Verallia Design Awards de cette ann\u00e9e ?<\/div>\n  <\/div>\n  \n  <div class=\"uc_content\" >\n        \n      \n         \n                      \n      \n              <div class=\"ue-item-text\"><p>Les laur\u00e9ats seront pr\u00e9venus apr\u00e8s la d\u00e9lib\u00e9ration du jury fin mai, en amont de la remise des prix de fa\u00e7on \u00e0 ce que Verallia ait le temps de r\u00e9aliser une maquette r\u00e9aliste de leurs projets. Pour r\u00e9aliser cette maquette, un plan 3D est n\u00e9cessaire ; elle pourra \u00eatre r\u00e9alis\u00e9e en verre dans le meilleur des cas, ou bien en plexi ou en pyrex ou autrement. La r\u00e9alisation des maquettes fait l\u2019objet d\u2019un \u00e9change suivi entre le laur\u00e9at et le Bureau d\u2019Etudes.<\/p><p>L'annonce officielle des laur\u00e9ats des Verallia Design Awards sera faite lors de la remise des prix fin juin.<\/p><p>Chaque candidat recevra par email avec un retour personnalis\u00e9 sur son projet.<\/p><p>Inutile de nous contacter pour conna\u00eetre les r\u00e9sultats ni ce qu'\u00e0 pens\u00e9 le jury de votre projet, nous ne communiquerons rien avant la remise des prix qui se tiendra fin juin 2026.<\/p><\/div>\n      \n              \n      <\/div> \n<\/div>\n\n  <\/div>\n<\/div>\n\n\n<!-- end Content Accordion -->\t\t\t\t<\/div>\n\t\t\t\t<\/div>\n\t\t\t\t\t<\/div>\n\t\t\t\t<\/div>\n\t\t<div class=\"elementor-element elementor-element-fc00720 faq-bloc e-flex e-con-boxed e-con e-parent\" data-id=\"fc00720\" data-element_type=\"container\" data-e-type=\"container\" id=\"visite-des-usines\">\n\t\t\t\t\t<div class=\"e-con-inner\">\n\t\t\t\t<div class=\"elementor-element elementor-element-c485db1 elementor-widget elementor-widget-heading\" data-id=\"c485db1\" data-element_type=\"widget\" data-e-type=\"widget\" data-widget_type=\"heading.default\">\n\t\t\t\t<div class=\"elementor-widget-container\">\n\t\t\t\t\t<h2 class=\"elementor-heading-title elementor-size-default\">Visite des usines<\/h2>\t\t\t\t<\/div>\n\t\t\t\t<\/div>\n\t\t\t\t<div class=\"elementor-element elementor-element-266ac23 elementor-widget elementor-widget-ucaddon_content_accordion\" data-id=\"266ac23\" data-element_type=\"widget\" data-e-type=\"widget\" data-widget_type=\"ucaddon_content_accordion.default\">\n\t\t\t\t<div class=\"elementor-widget-container\">\n\t\t\t\t\t\n<!-- start Content Accordion -->\n\n<style>\/* widget: Content Accordion *\/\n\n#uc_content_accordion_elementor_266ac23 *{\n  box-sizing: border-box;\n}\n\n#uc_content_accordion_elementor_266ac23 .uc_ac_box\n{\n  overflow:hidden;\n}\n\n\n#uc_content_accordion_elementor_266ac23 em\n{\n  font-style: normal;\n}\n\n#uc_content_accordion_elementor_266ac23 .ue_heading_title\n{\n  margin:0;\n  flex-grow:1;\n}\n\n#uc_content_accordion_elementor_266ac23 .uc_container .uc-heading\n{\n\tdisplay:flex;\n    align-items:center;\n\toverflow:hidden;\n\tcursor:pointer;\n  \n}\n#uc_content_accordion_elementor_266ac23 .uc_container .uc_content\n{\n    display:none;\n}\n\n#uc_content_accordion_elementor_266ac23 .uc_container .uc-heading span.ue_accordion_icon\n{\n\tdisplay:flex;\n    align-items:center;\n   \tjustify-content:center;\n    flex-grow:0;\n    flex-shrink:0;\n}\n#uc_content_accordion_elementor_266ac23 .uc_ac_box.uc-item-active span.uc_dactive\n{\n\tdisplay:none;\n}\n#uc_content_accordion_elementor_266ac23 .uc_ac_box:not(.uc-item-active) span.uc_active\n{\n\tdisplay:none;\n}\n#uc_content_accordion_elementor_266ac23 span.ue_accordion_icon svg\n{\n  height:1em;\n  width:1em;\n}\n\n#uc_content_accordion_elementor_266ac23 .uc_container .uc_btn {\n\n    text-align: center;\n    display: inline-block;\n    text-decoration: none;\n    transition: ease-in-out all 0.25s;\n}\n\n#uc_content_accordion_elementor_266ac23 .ue-item-image img\n{\n  width:100%;\n  display:block;\n  object-fit:cover;\n}\n\n<\/style>\n\n<div class=\"uc_material_accordion  \"  id=\"uc_content_accordion_elementor_266ac23\"  data-name=\"\" data-scroll=\"off\" data-offset=\"0\" data-closeothers=\"true\" data-set-hash=\"false\" >\n  <div class=\"uc_container uc-items-wrapper\">\n    \n\n\n<div id=\"#ue-tab1\" class=\"uc_ac_box elementor-repeater-item-95bf678 \" style=\"background-color:;\">\n  <div class=\"uc-heading uc_trigger\">\n    <span class=\"uc_dactive bbb ue_accordion_icon\"><i class='fas fa-plus'><\/i><\/span> \n    <span class=\"uc_active bbb ue_accordion_icon\"><i class='fas fa-minus'><\/i><\/span>\n    <div class=\"ue_heading_title\">J\u2019aimerais visiter une usine verri\u00e8re, c\u2019est possible ?<\/div>\n  <\/div>\n  \n  <div class=\"uc_content\" >\n        \n      \n         \n                      \n      \n              <div class=\"ue-item-text\"><p>Si vous \u00eates inscrits avec votre classe, votre responsable p\u00e9dagogique peut bien \u00e9videmment se rapprocher de nous (voir le formulaire de contact) pour mettre en place une visite de site. Notre usine de Chalon ou celle de Vauxrot ouvrent r\u00e9guli\u00e8rement leurs portes aux \u00e9tudiants.<\/p><\/div>\n      \n              \n      <\/div> \n<\/div>\n\n\n\n<div id=\"#ue-tab2\" class=\"uc_ac_box elementor-repeater-item-f4575ed \" style=\"background-color:;\">\n  <div class=\"uc-heading uc_trigger\">\n    <span class=\"uc_dactive bbb ue_accordion_icon\"><i class='fas fa-plus'><\/i><\/span> \n    <span class=\"uc_active bbb ue_accordion_icon\"><i class='fas fa-minus'><\/i><\/span>\n    <div class=\"ue_heading_title\">A quoi ressemble une visite d\u2019usine ?<\/div>\n  <\/div>\n  \n  <div class=\"uc_content\" >\n        \n      \n         \n                      \n      \n              <div class=\"ue-item-text\"><p>Une visite d\u2019usine commence traditionnellement \u00e0 10h et finit vers 15h \u2013 15h30. Elle se compose d\u2019une introduction au mat\u00e9riau verre et au proc\u00e9d\u00e9 de fabrication, g\u00e9n\u00e9ralement par le directeur de l\u2019usine ou un responsable technique. Elle est suivie d\u2019une visite des fours, bout chaud et bout froid. Au cours de la journ\u00e9e, le directeur du Bureau d\u2019Etudes et Cr\u00e9ations pr\u00e9sente \u00e9galement son r\u00f4le et les \u00e9tapes de d\u00e9veloppement d\u2019un produit, maquette et visite du BEC \u00e0 l\u2019appui (seulement \u00e0 Chalon). Un dernier mot \u00e0 propos du concours conclut souvent la journ\u00e9e.<\/p><\/div>\n      \n              \n      <\/div> \n<\/div>\n\n  <\/div>\n<\/div>\n\n\n<!-- end Content Accordion -->\t\t\t\t<\/div>\n\t\t\t\t<\/div>\n\t\t\t\t\t<\/div>\n\t\t\t\t<\/div>\n\t\t<div class=\"elementor-element elementor-element-092cb96 faq-bloc e-flex e-con-boxed e-con e-parent\" data-id=\"092cb96\" data-element_type=\"container\" data-e-type=\"container\" id=\"questions-techniques\">\n\t\t\t\t\t<div class=\"e-con-inner\">\n\t\t\t\t<div class=\"elementor-element elementor-element-0f6e5ca elementor-widget elementor-widget-heading\" data-id=\"0f6e5ca\" data-element_type=\"widget\" data-e-type=\"widget\" data-widget_type=\"heading.default\">\n\t\t\t\t<div class=\"elementor-widget-container\">\n\t\t\t\t\t<h2 class=\"elementor-heading-title elementor-size-default\">Questions techniques li\u00e9es \u00e0 l'emballage verre<\/h2>\t\t\t\t<\/div>\n\t\t\t\t<\/div>\n\t\t\t\t<div class=\"elementor-element elementor-element-a339634 elementor-widget elementor-widget-ucaddon_content_accordion\" data-id=\"a339634\" data-element_type=\"widget\" data-e-type=\"widget\" data-widget_type=\"ucaddon_content_accordion.default\">\n\t\t\t\t<div class=\"elementor-widget-container\">\n\t\t\t\t\t\n<!-- start Content Accordion -->\n\n<style>\/* widget: Content Accordion *\/\n\n#uc_content_accordion_elementor_a339634 *{\n  box-sizing: border-box;\n}\n\n#uc_content_accordion_elementor_a339634 .uc_ac_box\n{\n  overflow:hidden;\n}\n\n\n#uc_content_accordion_elementor_a339634 em\n{\n  font-style: normal;\n}\n\n#uc_content_accordion_elementor_a339634 .ue_heading_title\n{\n  margin:0;\n  flex-grow:1;\n}\n\n#uc_content_accordion_elementor_a339634 .uc_container .uc-heading\n{\n\tdisplay:flex;\n    align-items:center;\n\toverflow:hidden;\n\tcursor:pointer;\n  \n}\n#uc_content_accordion_elementor_a339634 .uc_container .uc_content\n{\n    display:none;\n}\n\n#uc_content_accordion_elementor_a339634 .uc_container .uc-heading span.ue_accordion_icon\n{\n\tdisplay:flex;\n    align-items:center;\n   \tjustify-content:center;\n    flex-grow:0;\n    flex-shrink:0;\n}\n#uc_content_accordion_elementor_a339634 .uc_ac_box.uc-item-active span.uc_dactive\n{\n\tdisplay:none;\n}\n#uc_content_accordion_elementor_a339634 .uc_ac_box:not(.uc-item-active) span.uc_active\n{\n\tdisplay:none;\n}\n#uc_content_accordion_elementor_a339634 span.ue_accordion_icon svg\n{\n  height:1em;\n  width:1em;\n}\n\n#uc_content_accordion_elementor_a339634 .uc_container .uc_btn {\n\n    text-align: center;\n    display: inline-block;\n    text-decoration: none;\n    transition: ease-in-out all 0.25s;\n}\n\n#uc_content_accordion_elementor_a339634 .ue-item-image img\n{\n  width:100%;\n  display:block;\n  object-fit:cover;\n}\n\n<\/style>\n\n<div class=\"uc_material_accordion  \"  id=\"uc_content_accordion_elementor_a339634\"  data-name=\"\" data-scroll=\"off\" data-offset=\"0\" data-closeothers=\"true\" data-set-hash=\"false\" >\n  <div class=\"uc_container uc-items-wrapper\">\n    \n\n\n<div id=\"#ue-tab1\" class=\"uc_ac_box elementor-repeater-item-95bf678 \" style=\"background-color:;\">\n  <div class=\"uc-heading uc_trigger\">\n    <span class=\"uc_dactive bbb ue_accordion_icon\"><i class='fas fa-plus'><\/i><\/span> \n    <span class=\"uc_active bbb ue_accordion_icon\"><i class='fas fa-minus'><\/i><\/span>\n    <div class=\"ue_heading_title\">Qu\u2019est-ce que le verre ? Quelles sont ses propri\u00e9t\u00e9s ? J'aimerais avoir plus d'information sur un type de mod\u00e8le ou sur une technique, qui peut m'aider ?<\/div>\n  <\/div>\n  \n  <div class=\"uc_content\" >\n        \n      \n         \n                      \n      \n              <div class=\"ue-item-text\"><p>Toutes ces informations sont disponibles dans la boite \u00e0 outil de votre espace candidat <a href=\"https:\/\/design.awards.verallia.fr\/fr\/boite-a-outils\/\">https:\/\/design.awards.verallia.fr\/fr\/boite-a-outils\/<\/a><\/p><p>Si l\u2019information que vous recherchez n\u2019appara\u00eet pas dans la boite \u00e0 outil, contactez-nous via notre formulaire de contact : onglet contact, question technique.<\/p><\/div>\n      \n              \n      <\/div> \n<\/div>\n\n\n\n<div id=\"#ue-tab2\" class=\"uc_ac_box elementor-repeater-item-f4575ed \" style=\"background-color:;\">\n  <div class=\"uc-heading uc_trigger\">\n    <span class=\"uc_dactive bbb ue_accordion_icon\"><i class='fas fa-plus'><\/i><\/span> \n    <span class=\"uc_active bbb ue_accordion_icon\"><i class='fas fa-minus'><\/i><\/span>\n    <div class=\"ue_heading_title\">Comment est fabriqu\u00e9e une gravure interne ?<\/div>\n  <\/div>\n  \n  <div class=\"uc_content\" >\n        \n      \n         \n                      \n      \n              <div class=\"ue-item-text\"><p>Toutes les informations concernant le secret de fabrication d'une gravure internet sont disponibles dans la boite \u00e0 outil de votre espace candidat <a href=\"https:\/\/design.awards.verallia.fr\/fr\/boite-a-outils\/\">https:\/\/design.awards.verallia.fr\/fr\/boite-a-outils\/<\/a><\/p><\/div>\n      \n              \n      <\/div> \n<\/div>\n\n  <\/div>\n<\/div>\n\n\n<!-- end Content Accordion -->\t\t\t\t<\/div>\n\t\t\t\t<\/div>\n\t\t\t\t\t<\/div>\n\t\t\t\t<\/div>\n\t\t\t\t<\/div>\n\t\t","protected":false},"excerpt":{"rendered":"<p>FAQ Envie d\u2019en savoir plus sur le concours, gagnez du temps en trouvant une r\u00e9ponse en quelques clics : La th\u00e9matique du concours Les attentes de mon projet Inscription D\u00e9p\u00f4t de dossier Votes et d\u00e9lib\u00e9rations Remise de prix et annonce des laur\u00e9ats Visite des usines Questions techniques li\u00e9es \u00e0 l&#8217;emballage verre Nous contacter La th\u00e9matique [&hellip;]<\/p>\n","protected":false},"author":1,"featured_media":0,"parent":0,"menu_order":0,"comment_status":"closed","ping_status":"closed","template":"","meta":{"_acf_changed":false,"footnotes":""},"class_list":["post-57","page","type-page","status-publish","hentry"],"acf":[],"yoast_head":"<!-- This site is optimized with the Yoast SEO plugin v27.3 - https:\/\/yoast.com\/product\/yoast-seo-wordpress\/ -->\n<title>FAQ - Verallia Design Awards<\/title>\n<meta name=\"description\" content=\"Trouvez les r\u00e9ponses \u00e0 toutes vos questions sur les Verallia Design Awards gr\u00e2ce \u00e0 notre page foire aux questions\" \/>\n<meta name=\"robots\" content=\"index, follow, max-snippet:-1, max-image-preview:large, max-video-preview:-1\" \/>\n<link rel=\"canonical\" href=\"https:\/\/design.awards.verallia.fr\/fr\/faq\/\" \/>\n<meta property=\"og:locale\" content=\"fr_FR\" \/>\n<meta property=\"og:type\" content=\"article\" \/>\n<meta property=\"og:title\" content=\"FAQ - Verallia Design Awards\" \/>\n<meta property=\"og:description\" content=\"Trouvez les r\u00e9ponses \u00e0 toutes vos questions sur les Verallia Design Awards gr\u00e2ce \u00e0 notre page foire aux questions\" \/>\n<meta property=\"og:url\" content=\"https:\/\/design.awards.verallia.fr\/fr\/faq\/\" \/>\n<meta property=\"og:site_name\" content=\"Verallia Design Awards\" \/>\n<meta property=\"article:modified_time\" content=\"2026-03-03T15:42:50+00:00\" \/>\n<meta name=\"twitter:card\" content=\"summary_large_image\" \/>\n<meta name=\"twitter:label1\" content=\"Dur\u00e9e de lecture estim\u00e9e\" \/>\n\t<meta name=\"twitter:data1\" content=\"18 minutes\" \/>\n<script type=\"application\/ld+json\" class=\"yoast-schema-graph\">{\"@context\":\"https:\\\/\\\/schema.org\",\"@graph\":[{\"@type\":\"WebPage\",\"@id\":\"https:\\\/\\\/design.awards.verallia.fr\\\/fr\\\/faq\\\/\",\"url\":\"https:\\\/\\\/design.awards.verallia.fr\\\/fr\\\/faq\\\/\",\"name\":\"FAQ - Verallia Design Awards\",\"isPartOf\":{\"@id\":\"https:\\\/\\\/design.awards.verallia.fr\\\/fr\\\/#website\"},\"datePublished\":\"2023-04-11T15:27:17+00:00\",\"dateModified\":\"2026-03-03T15:42:50+00:00\",\"description\":\"Trouvez les r\u00e9ponses \u00e0 toutes vos questions sur les Verallia Design Awards gr\u00e2ce \u00e0 notre page foire aux questions\",\"breadcrumb\":{\"@id\":\"https:\\\/\\\/design.awards.verallia.fr\\\/fr\\\/faq\\\/#breadcrumb\"},\"inLanguage\":\"fr-FR\",\"potentialAction\":[{\"@type\":\"ReadAction\",\"target\":[\"https:\\\/\\\/design.awards.verallia.fr\\\/fr\\\/faq\\\/\"]}]},{\"@type\":\"BreadcrumbList\",\"@id\":\"https:\\\/\\\/design.awards.verallia.fr\\\/fr\\\/faq\\\/#breadcrumb\",\"itemListElement\":[{\"@type\":\"ListItem\",\"position\":1,\"name\":\"Accueil\",\"item\":\"https:\\\/\\\/design.awards.verallia.fr\\\/fr\\\/\"},{\"@type\":\"ListItem\",\"position\":2,\"name\":\"FAQ\"}]},{\"@type\":\"WebSite\",\"@id\":\"https:\\\/\\\/design.awards.verallia.fr\\\/fr\\\/#website\",\"url\":\"https:\\\/\\\/design.awards.verallia.fr\\\/fr\\\/\",\"name\":\"Verallia Design Awards\",\"description\":\"Verallia Design Award, le concours de design du packaging en verre\",\"publisher\":{\"@id\":\"https:\\\/\\\/design.awards.verallia.fr\\\/fr\\\/#organization\"},\"potentialAction\":[{\"@type\":\"SearchAction\",\"target\":{\"@type\":\"EntryPoint\",\"urlTemplate\":\"https:\\\/\\\/design.awards.verallia.fr\\\/fr\\\/?s={search_term_string}\"},\"query-input\":{\"@type\":\"PropertyValueSpecification\",\"valueRequired\":true,\"valueName\":\"search_term_string\"}}],\"inLanguage\":\"fr-FR\"},{\"@type\":\"Organization\",\"@id\":\"https:\\\/\\\/design.awards.verallia.fr\\\/fr\\\/#organization\",\"name\":\"Verallia Design Awards\",\"url\":\"https:\\\/\\\/design.awards.verallia.fr\\\/fr\\\/\",\"logo\":{\"@type\":\"ImageObject\",\"inLanguage\":\"fr-FR\",\"@id\":\"https:\\\/\\\/design.awards.verallia.fr\\\/fr\\\/#\\\/schema\\\/logo\\\/image\\\/\",\"url\":\"https:\\\/\\\/design.awards.verallia.fr\\\/wp-content\\\/uploads\\\/2023\\\/05\\\/logo-small.png\",\"contentUrl\":\"https:\\\/\\\/design.awards.verallia.fr\\\/wp-content\\\/uploads\\\/2023\\\/05\\\/logo-small.png\",\"width\":198,\"height\":117,\"caption\":\"Verallia Design Awards\"},\"image\":{\"@id\":\"https:\\\/\\\/design.awards.verallia.fr\\\/fr\\\/#\\\/schema\\\/logo\\\/image\\\/\"}}]}<\/script>\n<!-- \/ Yoast SEO plugin. -->","yoast_head_json":{"title":"FAQ - Verallia Design Awards","description":"Trouvez les r\u00e9ponses \u00e0 toutes vos questions sur les Verallia Design Awards gr\u00e2ce \u00e0 notre page foire aux questions","robots":{"index":"index","follow":"follow","max-snippet":"max-snippet:-1","max-image-preview":"max-image-preview:large","max-video-preview":"max-video-preview:-1"},"canonical":"https:\/\/design.awards.verallia.fr\/fr\/faq\/","og_locale":"fr_FR","og_type":"article","og_title":"FAQ - Verallia Design Awards","og_description":"Trouvez les r\u00e9ponses \u00e0 toutes vos questions sur les Verallia Design Awards gr\u00e2ce \u00e0 notre page foire aux questions","og_url":"https:\/\/design.awards.verallia.fr\/fr\/faq\/","og_site_name":"Verallia Design Awards","article_modified_time":"2026-03-03T15:42:50+00:00","twitter_card":"summary_large_image","twitter_misc":{"Dur\u00e9e de lecture estim\u00e9e":"18 minutes"},"schema":{"@context":"https:\/\/schema.org","@graph":[{"@type":"WebPage","@id":"https:\/\/design.awards.verallia.fr\/fr\/faq\/","url":"https:\/\/design.awards.verallia.fr\/fr\/faq\/","name":"FAQ - Verallia Design Awards","isPartOf":{"@id":"https:\/\/design.awards.verallia.fr\/fr\/#website"},"datePublished":"2023-04-11T15:27:17+00:00","dateModified":"2026-03-03T15:42:50+00:00","description":"Trouvez les r\u00e9ponses \u00e0 toutes vos questions sur les Verallia Design Awards gr\u00e2ce \u00e0 notre page foire aux questions","breadcrumb":{"@id":"https:\/\/design.awards.verallia.fr\/fr\/faq\/#breadcrumb"},"inLanguage":"fr-FR","potentialAction":[{"@type":"ReadAction","target":["https:\/\/design.awards.verallia.fr\/fr\/faq\/"]}]},{"@type":"BreadcrumbList","@id":"https:\/\/design.awards.verallia.fr\/fr\/faq\/#breadcrumb","itemListElement":[{"@type":"ListItem","position":1,"name":"Accueil","item":"https:\/\/design.awards.verallia.fr\/fr\/"},{"@type":"ListItem","position":2,"name":"FAQ"}]},{"@type":"WebSite","@id":"https:\/\/design.awards.verallia.fr\/fr\/#website","url":"https:\/\/design.awards.verallia.fr\/fr\/","name":"Verallia Design Awards","description":"Verallia Design Award, le concours de design du packaging en verre","publisher":{"@id":"https:\/\/design.awards.verallia.fr\/fr\/#organization"},"potentialAction":[{"@type":"SearchAction","target":{"@type":"EntryPoint","urlTemplate":"https:\/\/design.awards.verallia.fr\/fr\/?s={search_term_string}"},"query-input":{"@type":"PropertyValueSpecification","valueRequired":true,"valueName":"search_term_string"}}],"inLanguage":"fr-FR"},{"@type":"Organization","@id":"https:\/\/design.awards.verallia.fr\/fr\/#organization","name":"Verallia Design Awards","url":"https:\/\/design.awards.verallia.fr\/fr\/","logo":{"@type":"ImageObject","inLanguage":"fr-FR","@id":"https:\/\/design.awards.verallia.fr\/fr\/#\/schema\/logo\/image\/","url":"https:\/\/design.awards.verallia.fr\/wp-content\/uploads\/2023\/05\/logo-small.png","contentUrl":"https:\/\/design.awards.verallia.fr\/wp-content\/uploads\/2023\/05\/logo-small.png","width":198,"height":117,"caption":"Verallia Design Awards"},"image":{"@id":"https:\/\/design.awards.verallia.fr\/fr\/#\/schema\/logo\/image\/"}}]}},"_links":{"self":[{"href":"https:\/\/design.awards.verallia.fr\/fr\/wp-json\/wp\/v2\/pages\/57","targetHints":{"allow":["GET"]}}],"collection":[{"href":"https:\/\/design.awards.verallia.fr\/fr\/wp-json\/wp\/v2\/pages"}],"about":[{"href":"https:\/\/design.awards.verallia.fr\/fr\/wp-json\/wp\/v2\/types\/page"}],"author":[{"embeddable":true,"href":"https:\/\/design.awards.verallia.fr\/fr\/wp-json\/wp\/v2\/users\/1"}],"replies":[{"embeddable":true,"href":"https:\/\/design.awards.verallia.fr\/fr\/wp-json\/wp\/v2\/comments?post=57"}],"version-history":[{"count":5,"href":"https:\/\/design.awards.verallia.fr\/fr\/wp-json\/wp\/v2\/pages\/57\/revisions"}],"predecessor-version":[{"id":100148,"href":"https:\/\/design.awards.verallia.fr\/fr\/wp-json\/wp\/v2\/pages\/57\/revisions\/100148"}],"wp:attachment":[{"href":"https:\/\/design.awards.verallia.fr\/fr\/wp-json\/wp\/v2\/media?parent=57"}],"curies":[{"name":"wp","href":"https:\/\/api.w.org\/{rel}","templated":true}]}}